{"id":134,"date":"2018-02-26T04:30:47","date_gmt":"2018-02-26T04:30:47","guid":{"rendered":"http:\/\/elobservatorio.com.mx\/home"},"modified":"2026-04-14T21:54:07","modified_gmt":"2026-04-15T03:54:07","slug":"home","status":"publish","type":"page","link":"http:\/\/elobservatorio.com.mx\/","title":{"rendered":"Inicio"},"content":{"rendered":"<div id=\"pl-134\"  class=\"panel-layout\" ><div id=\"pg-134-0\"  class=\"panel-grid panel-has-style\" ><div class=\"siteorigin-panels-stretch panel-row-style panel-row-style-for-134-0\" data-stretch-type=\"full-width-stretch\" ><div id=\"pgc-134-0-0\"  class=\"panel-grid-cell\" ><div id=\"panel-134-0-0-0\" class=\"so-panel widget widget_vmagazine_tab_posts_list vmagazine_tab_posts_list panel-first-child panel-last-child\" data-index=\"0\">        <div class=\"vmagazine-fullwid-slider block-post-wrapper block_layout_1\" data-count=\"7\">\r\n            <div class=\"slick-wrap sl-before-load\">\r\n                                    <div class=\"single-post clearfix\">\r\n                            \r\n                                <div class=\"post-thumb\">\r\n                                            <img class=\"lazy\" data-src=\"http:\/\/elobservatorio.com.mx\/wp-content\/uploads\/2026\/04\/fomenta-udec-gusto-por-la-lectura-desde-las-infancias-a.jpg\" alt=\"Fomenta UdeC gusto por la lectura desde las infancias\" title=\"Fomenta UdeC gusto por la lectura desde las infancias\" \/>\r\n                                            <div class=\"image-overlay\"><\/div>\r\n                                <\/div><!-- .post-thumb -->\r\n                                <div class=\"post-content-wrapper clearfix\">\r\n                                    <span class=\"cat-links\"><a href=\"http:\/\/elobservatorio.com.mx\/?cat=14\" class=\"cat-14\" rel=\"category tag\">Educaci\u00f3n y Cultura<\/a><\/span>\r\n                                                                        <div class=\"post-meta clearfix\">\r\n                                        <span class=\"posted-on\"><i class=\"fa fa-clock-o\"><\/i>22 abril, 2026<\/span><span class=\"comments\"><i class=\"fa fa-comments\"><\/i>0<\/span><span class=\"post-view\"><i class=\"fa fa-eye\"><\/i>145<\/span>                                    <\/div><!-- .post-meta --> \r\n                                                                        <h3 class=\"extra-large-font\">\r\n                                        <a href=\"http:\/\/elobservatorio.com.mx\/?p=33635\">\r\n                                             Fomenta UdeC gusto por la lectura desde las infancias                                        <\/a>\r\n                                    <\/h3>\r\n                                    \r\n                                <\/div><!-- .post-content-wrapper -->\r\n                           \r\n                        <\/div><!-- .single-post  -->\r\n                                                <div class=\"single-post clearfix\">\r\n                            \r\n                                <div class=\"post-thumb\">\r\n                                            <img class=\"lazy\" data-src=\"http:\/\/elobservatorio.com.mx\/wp-content\/uploads\/2026\/04\/se-suma-udec-a-los-tequios-por-la-tierra-b.jpg\" alt=\"Se suma UdeC a los Tequios por la Tierra con jornadas de limpieza y trabajo comunitario\" title=\"Se suma UdeC a los Tequios por la Tierra con jornadas de limpieza y trabajo comunitario\" \/>\r\n                                            <div class=\"image-overlay\"><\/div>\r\n                                <\/div><!-- .post-thumb -->\r\n                                <div class=\"post-content-wrapper clearfix\">\r\n                                    <span class=\"cat-links\"><a href=\"http:\/\/elobservatorio.com.mx\/?cat=14\" class=\"cat-14\" rel=\"category tag\">Educaci\u00f3n y Cultura<\/a><\/span>\r\n                                                                        <div class=\"post-meta clearfix\">\r\n                                        <span class=\"posted-on\"><i class=\"fa fa-clock-o\"><\/i>22 abril, 2026<\/span><span class=\"comments\"><i class=\"fa fa-comments\"><\/i>0<\/span><span class=\"post-view\"><i class=\"fa fa-eye\"><\/i>172<\/span>                                    <\/div><!-- .post-meta --> \r\n                                                                        <h3 class=\"extra-large-font\">\r\n                                        <a href=\"http:\/\/elobservatorio.com.mx\/?p=33632\">\r\n                                             Se suma UdeC a los Tequios por la Tierra con jornadas de limpieza y trabajo comunitario                                        <\/a>\r\n                                    <\/h3>\r\n                                    \r\n                                <\/div><!-- .post-content-wrapper -->\r\n                           \r\n                        <\/div><!-- .single-post  -->\r\n                                                <div class=\"single-post clearfix\">\r\n                            \r\n                                <div class=\"post-thumb\">\r\n                                            <img class=\"lazy\" data-src=\"http:\/\/elobservatorio.com.mx\/wp-content\/uploads\/2026\/04\/estudiante-de-la-udec-presenta-proyecto-de-senderismo-en-espana-a.jpeg\" alt=\"Estudiante de la UdeC presenta proyecto de senderismo ambiental en foro internacional de C\u00f3rdoba, Espa\u00f1a\" title=\"Estudiante de la UdeC presenta proyecto de senderismo ambiental en foro internacional de C\u00f3rdoba, Espa\u00f1a\" \/>\r\n                                            <div class=\"image-overlay\"><\/div>\r\n                                <\/div><!-- .post-thumb -->\r\n                                <div class=\"post-content-wrapper clearfix\">\r\n                                    <span class=\"cat-links\"><a href=\"http:\/\/elobservatorio.com.mx\/?cat=14\" class=\"cat-14\" rel=\"category tag\">Educaci\u00f3n y Cultura<\/a><\/span>\r\n                                                                        <div class=\"post-meta clearfix\">\r\n                                        <span class=\"posted-on\"><i class=\"fa fa-clock-o\"><\/i>22 abril, 2026<\/span><span class=\"comments\"><i class=\"fa fa-comments\"><\/i>0<\/span><span class=\"post-view\"><i class=\"fa fa-eye\"><\/i>254<\/span>                                    <\/div><!-- .post-meta --> \r\n                                                                        <h3 class=\"extra-large-font\">\r\n                                        <a href=\"http:\/\/elobservatorio.com.mx\/?p=33629\">\r\n                                             Estudiante de la UdeC presenta proyecto de senderismo ambiental en foro internacional de C\u00f3rdoba, Espa\u00f1a                                        <\/a>\r\n                                    <\/h3>\r\n                                    \r\n                                <\/div><!-- .post-content-wrapper -->\r\n                           \r\n                        <\/div><!-- .single-post  -->\r\n                                                <div class=\"single-post clearfix\">\r\n                            \r\n                                <div class=\"post-thumb\">\r\n                                            <img class=\"lazy\" data-src=\"http:\/\/elobservatorio.com.mx\/wp-content\/uploads\/2026\/04\/granos.jpg\" alt=\"Desabasto de semilla calificada afecta producci\u00f3n de ma\u00edz y cultivos estrat\u00e9gicos en M\u00e9xico\" title=\"Desabasto de semilla calificada afecta producci\u00f3n de ma\u00edz y cultivos estrat\u00e9gicos en M\u00e9xico\" \/>\r\n                                            <div class=\"image-overlay\"><\/div>\r\n                                <\/div><!-- .post-thumb -->\r\n                                <div class=\"post-content-wrapper clearfix\">\r\n                                    <span class=\"cat-links\"><a href=\"http:\/\/elobservatorio.com.mx\/?cat=9\" class=\"cat-9\" rel=\"category tag\">Agro y Salud<\/a><\/span>\r\n                                                                        <div class=\"post-meta clearfix\">\r\n                                        <span class=\"posted-on\"><i class=\"fa fa-clock-o\"><\/i>22 abril, 2026<\/span><span class=\"comments\"><i class=\"fa fa-comments\"><\/i>0<\/span><span class=\"post-view\"><i class=\"fa fa-eye\"><\/i>144<\/span>                                    <\/div><!-- .post-meta --> \r\n                                                                        <h3 class=\"extra-large-font\">\r\n                                        <a href=\"http:\/\/elobservatorio.com.mx\/?p=33626\">\r\n                                             Desabasto de semilla calificada afecta producci\u00f3n de ma\u00edz y cultivos estrat\u00e9gicos en M\u00e9xico                                        <\/a>\r\n                                    <\/h3>\r\n                                    \r\n                                <\/div><!-- .post-content-wrapper -->\r\n                           \r\n                        <\/div><!-- .single-post  -->\r\n                                                <div class=\"single-post clearfix\">\r\n                            \r\n                                <div class=\"post-thumb\">\r\n                                            <img class=\"lazy\" data-src=\"http:\/\/elobservatorio.com.mx\/wp-content\/uploads\/2026\/04\/foto-0414-vinculado-delitos-sexuales.jpeg\" alt=\"FGE obtiene la vinculaci\u00f3n a proceso de hombre por delitos sexuales en agravio de menores\" title=\"FGE obtiene la vinculaci\u00f3n a proceso de hombre por delitos sexuales en agravio de menores\" \/>\r\n                                            <div class=\"image-overlay\"><\/div>\r\n                                <\/div><!-- .post-thumb -->\r\n                                <div class=\"post-content-wrapper clearfix\">\r\n                                    <span class=\"cat-links\"><a href=\"http:\/\/elobservatorio.com.mx\/?cat=15\" class=\"cat-15\" rel=\"category tag\">Seguridad y Justicia<\/a><\/span>\r\n                                                                        <div class=\"post-meta clearfix\">\r\n                                        <span class=\"posted-on\"><i class=\"fa fa-clock-o\"><\/i>14 abril, 2026<\/span><span class=\"comments\"><i class=\"fa fa-comments\"><\/i>0<\/span><span class=\"post-view\"><i class=\"fa fa-eye\"><\/i>359<\/span>                                    <\/div><!-- .post-meta --> \r\n                                                                        <h3 class=\"extra-large-font\">\r\n                                        <a href=\"http:\/\/elobservatorio.com.mx\/?p=33622\">\r\n                                             FGE obtiene la vinculaci\u00f3n a proceso de hombre por delitos sexuales en agravio de menores                                        <\/a>\r\n                                    <\/h3>\r\n                                    \r\n                                <\/div><!-- .post-content-wrapper -->\r\n                           \r\n                        <\/div><!-- .single-post  -->\r\n                                                <div class=\"single-post clearfix\">\r\n                            \r\n                                <div class=\"post-thumb\">\r\n                                            <img class=\"lazy\" data-src=\"http:\/\/elobservatorio.com.mx\/wp-content\/uploads\/2026\/04\/mas-cultura-mas-humanidad-en-ciencias-quimicas.jpg\" alt=\"Cantan y aprenden a componer con la  IA, estudiantes de Ciencias Qu\u00edmicas\" title=\"Cantan y aprenden a componer con la  IA, estudiantes de Ciencias Qu\u00edmicas\" \/>\r\n                                            <div class=\"image-overlay\"><\/div>\r\n                                <\/div><!-- .post-thumb -->\r\n                                <div class=\"post-content-wrapper clearfix\">\r\n                                    <span class=\"cat-links\"><a href=\"http:\/\/elobservatorio.com.mx\/?cat=14\" class=\"cat-14\" rel=\"category tag\">Educaci\u00f3n y Cultura<\/a><\/span>\r\n                                                                        <div class=\"post-meta clearfix\">\r\n                                        <span class=\"posted-on\"><i class=\"fa fa-clock-o\"><\/i>14 abril, 2026<\/span><span class=\"comments\"><i class=\"fa fa-comments\"><\/i>0<\/span><span class=\"post-view\"><i class=\"fa fa-eye\"><\/i>368<\/span>                                    <\/div><!-- .post-meta --> \r\n                                                                        <h3 class=\"extra-large-font\">\r\n                                        <a href=\"http:\/\/elobservatorio.com.mx\/?p=33619\">\r\n                                             Cantan y aprenden a componer con la  IA, estudiantes de Ciencias Qu\u00edmicas                                        <\/a>\r\n                                    <\/h3>\r\n                                    \r\n                                <\/div><!-- .post-content-wrapper -->\r\n                           \r\n                        <\/div><!-- .single-post  -->\r\n                                                <div class=\"single-post clearfix\">\r\n                            \r\n                                <div class=\"post-thumb\">\r\n                                            <img class=\"lazy\" data-src=\"http:\/\/elobservatorio.com.mx\/wp-content\/uploads\/2026\/04\/proyecto-para-mejorar-valor-nutricional-en-leche-de-cabra-a.jpeg\" alt=\"Desarrolla UdeC proyecto para mejorar valor nutricional e inocuidad en leche de cabra\" title=\"Desarrolla UdeC proyecto para mejorar valor nutricional e inocuidad en leche de cabra\" \/>\r\n                                            <div class=\"image-overlay\"><\/div>\r\n                                <\/div><!-- .post-thumb -->\r\n                                <div class=\"post-content-wrapper clearfix\">\r\n                                    <span class=\"cat-links\"><a href=\"http:\/\/elobservatorio.com.mx\/?cat=14\" class=\"cat-14\" rel=\"category tag\">Educaci\u00f3n y Cultura<\/a><\/span>\r\n                                                                        <div class=\"post-meta clearfix\">\r\n                                        <span class=\"posted-on\"><i class=\"fa fa-clock-o\"><\/i>14 abril, 2026<\/span><span class=\"comments\"><i class=\"fa fa-comments\"><\/i>0<\/span><span class=\"post-view\"><i class=\"fa fa-eye\"><\/i>332<\/span>                                    <\/div><!-- .post-meta --> \r\n                                                                        <h3 class=\"extra-large-font\">\r\n                                        <a href=\"http:\/\/elobservatorio.com.mx\/?p=33616\">\r\n                                             Desarrolla UdeC proyecto para mejorar valor nutricional e inocuidad en leche de cabra                                        <\/a>\r\n                                    <\/h3>\r\n                                    \r\n                                <\/div><!-- .post-content-wrapper -->\r\n                           \r\n                        <\/div><!-- .single-post  -->\r\n                                    <\/div> \r\n                        <div class=\"posts-tab-wrap sl-before-load\">\r\n                                \r\n                <div class=\"single-post clearfix\">  \r\n                    <div class=\"slider-nav-inner-wrapper\">\r\n                        <div class=\"post-thumb\">\r\n                            <a href=\"javascript:void(0)\" class=\"thumb-zoom\">\r\n                                        <img class=\"lazy\" data-src=\"http:\/\/elobservatorio.com.mx\/wp-content\/uploads\/2026\/04\/fomenta-udec-gusto-por-la-lectura-desde-las-infancias-a.jpg\" alt=\"Fomenta UdeC gusto por la lectura desde las infancias\" title=\"Fomenta UdeC gusto por la lectura desde las infancias\" \/>\r\n                                        <div class=\"image-overlay\"><\/div>\r\n                            <\/a>\r\n                                                    <\/div><!-- .post-thumb -->\r\n                        <div class=\"post-caption-wrapper\">\r\n                             <span class=\"posted-on\"><i class=\"fa fa-clock-o\"><\/i>22 abril, 2026<\/span>                            <h3 class=\"large-font\">\r\n                                Fomenta UdeC gusto por la lectura desde las infancias                            <\/h3>\r\n                           \r\n                        <\/div><!-- .post-caption-wrapper -->\r\n                    <\/div><!-- .slider-nav-inner-wrapper -->\r\n                <\/div> \r\n                                \r\n                <div class=\"single-post clearfix\">  \r\n                    <div class=\"slider-nav-inner-wrapper\">\r\n                        <div class=\"post-thumb\">\r\n                            <a href=\"javascript:void(0)\" class=\"thumb-zoom\">\r\n                                        <img class=\"lazy\" data-src=\"http:\/\/elobservatorio.com.mx\/wp-content\/uploads\/2026\/04\/se-suma-udec-a-los-tequios-por-la-tierra-b.jpg\" alt=\"Se suma UdeC a los Tequios por la Tierra con jornadas de limpieza y trabajo comunitario\" title=\"Se suma UdeC a los Tequios por la Tierra con jornadas de limpieza y trabajo comunitario\" \/>\r\n                                        <div class=\"image-overlay\"><\/div>\r\n                            <\/a>\r\n                                                    <\/div><!-- .post-thumb -->\r\n                        <div class=\"post-caption-wrapper\">\r\n                             <span class=\"posted-on\"><i class=\"fa fa-clock-o\"><\/i>22 abril, 2026<\/span>                            <h3 class=\"large-font\">\r\n                                Se suma UdeC a los Tequios por la Tierra con jornadas de limpieza y trabajo comunitario                            <\/h3>\r\n                           \r\n                        <\/div><!-- .post-caption-wrapper -->\r\n                    <\/div><!-- .slider-nav-inner-wrapper -->\r\n                <\/div> \r\n                                \r\n                <div class=\"single-post clearfix\">  \r\n                    <div class=\"slider-nav-inner-wrapper\">\r\n                        <div class=\"post-thumb\">\r\n                            <a href=\"javascript:void(0)\" class=\"thumb-zoom\">\r\n                                        <img class=\"lazy\" data-src=\"http:\/\/elobservatorio.com.mx\/wp-content\/uploads\/2026\/04\/estudiante-de-la-udec-presenta-proyecto-de-senderismo-en-espana-a.jpeg\" alt=\"Estudiante de la UdeC presenta proyecto de senderismo ambiental en foro internacional de C\u00f3rdoba, Espa\u00f1a\" title=\"Estudiante de la UdeC presenta proyecto de senderismo ambiental en foro internacional de C\u00f3rdoba, Espa\u00f1a\" \/>\r\n                                        <div class=\"image-overlay\"><\/div>\r\n                            <\/a>\r\n                                                    <\/div><!-- .post-thumb -->\r\n                        <div class=\"post-caption-wrapper\">\r\n                             <span class=\"posted-on\"><i class=\"fa fa-clock-o\"><\/i>22 abril, 2026<\/span>                            <h3 class=\"large-font\">\r\n                                Estudiante de la UdeC presenta proyecto de senderismo ambiental en foro internacional de C\u00f3rdoba, Espa\u00f1a                            <\/h3>\r\n                           \r\n                        <\/div><!-- .post-caption-wrapper -->\r\n                    <\/div><!-- .slider-nav-inner-wrapper -->\r\n                <\/div> \r\n                                \r\n                <div class=\"single-post clearfix\">  \r\n                    <div class=\"slider-nav-inner-wrapper\">\r\n                        <div class=\"post-thumb\">\r\n                            <a href=\"javascript:void(0)\" class=\"thumb-zoom\">\r\n                                        <img class=\"lazy\" data-src=\"http:\/\/elobservatorio.com.mx\/wp-content\/uploads\/2026\/04\/granos.jpg\" alt=\"Desabasto de semilla calificada afecta producci\u00f3n de ma\u00edz y cultivos estrat\u00e9gicos en M\u00e9xico\" title=\"Desabasto de semilla calificada afecta producci\u00f3n de ma\u00edz y cultivos estrat\u00e9gicos en M\u00e9xico\" \/>\r\n                                        <div class=\"image-overlay\"><\/div>\r\n                            <\/a>\r\n                                                    <\/div><!-- .post-thumb -->\r\n                        <div class=\"post-caption-wrapper\">\r\n                             <span class=\"posted-on\"><i class=\"fa fa-clock-o\"><\/i>22 abril, 2026<\/span>                            <h3 class=\"large-font\">\r\n                                Desabasto de semilla calificada afecta producci\u00f3n de ma\u00edz y cultivos estrat\u00e9gicos en M\u00e9xico                            <\/h3>\r\n                           \r\n                        <\/div><!-- .post-caption-wrapper -->\r\n                    <\/div><!-- .slider-nav-inner-wrapper -->\r\n                <\/div> \r\n                                \r\n                <div class=\"single-post clearfix\">  \r\n                    <div class=\"slider-nav-inner-wrapper\">\r\n                        <div class=\"post-thumb\">\r\n                            <a href=\"javascript:void(0)\" class=\"thumb-zoom\">\r\n                                        <img class=\"lazy\" data-src=\"http:\/\/elobservatorio.com.mx\/wp-content\/uploads\/2026\/04\/foto-0414-vinculado-delitos-sexuales.jpeg\" alt=\"FGE obtiene la vinculaci\u00f3n a proceso de hombre por delitos sexuales en agravio de menores\" title=\"FGE obtiene la vinculaci\u00f3n a proceso de hombre por delitos sexuales en agravio de menores\" \/>\r\n                                        <div class=\"image-overlay\"><\/div>\r\n                            <\/a>\r\n                                                    <\/div><!-- .post-thumb -->\r\n                        <div class=\"post-caption-wrapper\">\r\n                             <span class=\"posted-on\"><i class=\"fa fa-clock-o\"><\/i>14 abril, 2026<\/span>                            <h3 class=\"large-font\">\r\n                                FGE obtiene la vinculaci\u00f3n a proceso de hombre por delitos sexuales en agravio de menores                            <\/h3>\r\n                           \r\n                        <\/div><!-- .post-caption-wrapper -->\r\n                    <\/div><!-- .slider-nav-inner-wrapper -->\r\n                <\/div> \r\n                                \r\n                <div class=\"single-post clearfix\">  \r\n                    <div class=\"slider-nav-inner-wrapper\">\r\n                        <div class=\"post-thumb\">\r\n                            <a href=\"javascript:void(0)\" class=\"thumb-zoom\">\r\n                                        <img class=\"lazy\" data-src=\"http:\/\/elobservatorio.com.mx\/wp-content\/uploads\/2026\/04\/mas-cultura-mas-humanidad-en-ciencias-quimicas.jpg\" alt=\"Cantan y aprenden a componer con la  IA, estudiantes de Ciencias Qu\u00edmicas\" title=\"Cantan y aprenden a componer con la  IA, estudiantes de Ciencias Qu\u00edmicas\" \/>\r\n                                        <div class=\"image-overlay\"><\/div>\r\n                            <\/a>\r\n                                                    <\/div><!-- .post-thumb -->\r\n                        <div class=\"post-caption-wrapper\">\r\n                             <span class=\"posted-on\"><i class=\"fa fa-clock-o\"><\/i>14 abril, 2026<\/span>                            <h3 class=\"large-font\">\r\n                                Cantan y aprenden a componer con la  IA, estudiantes de Ciencias Qu\u00edmicas                            <\/h3>\r\n                           \r\n                        <\/div><!-- .post-caption-wrapper -->\r\n                    <\/div><!-- .slider-nav-inner-wrapper -->\r\n                <\/div> \r\n                                \r\n                <div class=\"single-post clearfix\">  \r\n                    <div class=\"slider-nav-inner-wrapper\">\r\n                        <div class=\"post-thumb\">\r\n                            <a href=\"javascript:void(0)\" class=\"thumb-zoom\">\r\n                                        <img class=\"lazy\" data-src=\"http:\/\/elobservatorio.com.mx\/wp-content\/uploads\/2026\/04\/proyecto-para-mejorar-valor-nutricional-en-leche-de-cabra-a.jpeg\" alt=\"Desarrolla UdeC proyecto para mejorar valor nutricional e inocuidad en leche de cabra\" title=\"Desarrolla UdeC proyecto para mejorar valor nutricional e inocuidad en leche de cabra\" \/>\r\n                                        <div class=\"image-overlay\"><\/div>\r\n                            <\/a>\r\n                                                    <\/div><!-- .post-thumb -->\r\n                        <div class=\"post-caption-wrapper\">\r\n                             <span class=\"posted-on\"><i class=\"fa fa-clock-o\"><\/i>14 abril, 2026<\/span>                            <h3 class=\"large-font\">\r\n                                Desarrolla UdeC proyecto para mejorar valor nutricional e inocuidad en leche de cabra                            <\/h3>\r\n                           \r\n                        <\/div><!-- .post-caption-wrapper -->\r\n                    <\/div><!-- .slider-nav-inner-wrapper -->\r\n                <\/div> \r\n                               \r\n            <\/div>\r\n                    <\/div><!-- .block-post-wrapper -->\r\n    <\/div><\/div><\/div><\/div><div id=\"pg-134-1\"  class=\"panel-grid panel-has-style\" ><div class=\"panel-row-style panel-row-style-for-134-1\" ><div id=\"pgc-134-1-0\"  class=\"panel-grid-cell\" ><div id=\"panel-134-1-0-0\" class=\"so-panel widget widget_vmagazine_category_slider_tab_carousel vmagazine_category_slider_tab_carousel panel-first-child panel-last-child\" data-index=\"1\">        <div class=\"vmagazine-slider-tab-carousel\">\r\n        <div class=\"block-post-wrapper\">\r\n            <div class=\"block-header clearfix\">\r\n                    <h4 class=\"block-title\"><span class=\"title-bg\">\r\n\u00daltimas noticias    <\/span><\/h4>\r\n<div class=\"slider-cat-tabs-carousel\"><ul class=\"slider-tab-links-carousel\"><li><a data-meta=\"show\" href=\"javascript:void(0)\" data-id=\"1\" data-slug=\"1\" data-offset=\"10\">Espacio Legislativo<\/a><\/li><li><a data-meta=\"show\" href=\"javascript:void(0)\" data-id=\"8\" data-slug=\"8\" data-offset=\"10\">Municipios<\/a><\/li><li><a data-meta=\"show\" href=\"javascript:void(0)\" data-id=\"10\" data-slug=\"10\" data-offset=\"10\">Pol\u00edtica<\/a><\/li><li><a data-meta=\"show\" href=\"javascript:void(0)\" data-id=\"11\" data-slug=\"11\" data-offset=\"10\">Opini\u00f3n<\/a><\/li><li><a data-meta=\"show\" href=\"javascript:void(0)\" data-id=\"12\" data-slug=\"12\" data-offset=\"10\">Sociedad<\/a><\/li><li><a data-meta=\"show\" href=\"javascript:void(0)\" data-id=\"13\" data-slug=\"13\" data-offset=\"10\">Naci\u00f3n y Mundo<\/a><\/li><li><a data-meta=\"show\" href=\"javascript:void(0)\" data-id=\"14\" data-slug=\"14\" data-offset=\"10\">Educaci\u00f3n y Cultura<\/a><\/li><li><a data-meta=\"show\" href=\"javascript:void(0)\" data-id=\"15\" data-slug=\"15\" data-offset=\"10\">Seguridad y Justicia<\/a><\/li><li><a data-meta=\"show\" href=\"javascript:void(0)\" data-id=\"16\" data-slug=\"16\" data-offset=\"10\">Estado<\/a><\/li><li><a data-meta=\"show\" href=\"javascript:void(0)\" data-id=\"17\" data-slug=\"17\" data-offset=\"10\">Econom\u00eda y Negocios<\/a><\/li><li><a data-meta=\"show\" href=\"javascript:void(0)\" data-id=\"18\" data-slug=\"18\" data-offset=\"10\">Regi\u00f3n<\/a><\/li><li><a data-meta=\"show\" href=\"javascript:void(0)\" data-id=\"19\" data-slug=\"19\" data-offset=\"10\">Fotonotas<\/a><\/li><li><a data-meta=\"show\" href=\"javascript:void(0)\" data-id=\"20\" data-slug=\"20\" data-offset=\"10\">Sociales<\/a><\/li><li><a data-meta=\"show\" href=\"javascript:void(0)\" data-id=\"21\" data-slug=\"21\" data-offset=\"10\">Deportes<\/a><\/li><li><a data-meta=\"show\" href=\"javascript:void(0)\" data-id=\"31\" data-slug=\"31\" data-offset=\"10\">Ciencia y Tecnolog\u00eda<\/a><\/li><li><a data-meta=\"show\" href=\"javascript:void(0)\" data-id=\"32\" data-slug=\"32\" data-offset=\"10\">Espect\u00e1culos<\/a><\/li><li><a data-meta=\"show\" href=\"javascript:void(0)\" data-id=\"33\" data-slug=\"33\" data-offset=\"10\">Armer\u00eda<\/a><\/li><li><a data-meta=\"show\" href=\"javascript:void(0)\" data-id=\"34\" data-slug=\"34\" data-offset=\"10\">Tecom\u00e1n<\/a><\/li><li><a data-meta=\"show\" href=\"javascript:void(0)\" data-id=\"35\" data-slug=\"35\" data-offset=\"10\">Manzanillo<\/a><\/li><li><a data-meta=\"show\" href=\"javascript:void(0)\" data-id=\"36\" data-slug=\"36\" data-offset=\"10\">Colima<\/a><\/li><li><a data-meta=\"show\" href=\"javascript:void(0)\" data-id=\"37\" data-slug=\"37\" data-offset=\"10\">Comala<\/a><\/li><li><a data-meta=\"show\" href=\"javascript:void(0)\" data-id=\"38\" data-slug=\"38\" data-offset=\"10\">Minatitl\u00e1n<\/a><\/li><li><a data-meta=\"show\" href=\"javascript:void(0)\" data-id=\"39\" data-slug=\"39\" data-offset=\"10\">Ixtlahuac\u00e1n<\/a><\/li><li><a data-meta=\"show\" href=\"javascript:void(0)\" data-id=\"40\" data-slug=\"40\" data-offset=\"10\">Cuauht\u00e9moc<\/a><\/li><li><a data-meta=\"show\" href=\"javascript:void(0)\" data-id=\"41\" data-slug=\"41\" data-offset=\"10\">Coquimatl\u00e1n<\/a><\/li><li><a data-meta=\"show\" href=\"javascript:void(0)\" data-id=\"42\" data-slug=\"42\" data-offset=\"10\">Villa de \u00c1lvarez<\/a><\/li><li><a data-meta=\"show\" href=\"javascript:void(0)\" data-id=\"43\" data-slug=\"43\" data-offset=\"10\">Entrevista<\/a><\/li><\/ul><\/div>            <\/div><!-- .block-header-->  \r\n            <div class=\"block-content-wrapper-carousel\">\r\n                <div class=\"block-loader\" style=\"display:none;\">\r\n                    <div class=\"sampleContainer\">\r\n                        <div class=\"loader\">\r\n                            <span class=\"dot dot_1\"><\/span>\r\n                            <span class=\"dot dot_2\"><\/span>\r\n                            <span class=\"dot dot_3\"><\/span>\r\n                            <span class=\"dot dot_4\"><\/span>\r\n                        <\/div>\r\n                    <\/div>\r\n                <\/div>\r\n                <div class=\"block-cat-content-carousel 1\" data-slug=\"1\">\r\n            \r\n                <div class=\"tab-cat-slider-carousel\">                            <div class=\"single-post\">\r\n                                <div class=\"post-thumb\">\r\n                                    <a href=\"javascript:void(0)\" class=\"thumb-zoom\">\r\n                                        <img decoding=\"async\" src=\"http:\/\/elobservatorio.com.mx\/wp-content\/uploads\/2026\/04\/gregorio-torres-congreso.jpg\" alt=\"\">\r\n                                        <div class=\"image-overlay\"><\/div>\r\n                                    <\/a>\r\n                                                                    <\/div>\r\n                                <div class=\"post-caption\">\r\n                                                                             <div class=\"post-meta clearfix\">\r\n                                            <span class=\"posted-on\"><i class=\"fa fa-clock-o\"><\/i>8 abril, 2026<\/span><span class=\"comments\"><i class=\"fa fa-comments\"><\/i>0<\/span><span class=\"post-view\"><i class=\"fa fa-eye\"><\/i>667<\/span>                                        <\/div>\r\n                                       \r\n                                    <h3 class=\"large-font\">\r\n                                        <a href=\"http:\/\/elobservatorio.com.mx\/?p=33593\">\r\n                                            Invita Congreso a maestras y maestros a inscribirse al Premi...                                        <\/a>\r\n                                    <\/h3>\r\n                                <\/div><!-- .post-caption -->\r\n                            <\/div><!-- .single-post -->\r\n                                                        <div class=\"single-post\">\r\n                                <div class=\"post-thumb\">\r\n                                    <a href=\"javascript:void(0)\" class=\"thumb-zoom\">\r\n                                        <img decoding=\"async\" src=\"http:\/\/elobservatorio.com.mx\/wp-content\/uploads\/2026\/03\/congreso-estatal.jpg\" alt=\"\">\r\n                                        <div class=\"image-overlay\"><\/div>\r\n                                    <\/a>\r\n                                                                    <\/div>\r\n                                <div class=\"post-caption\">\r\n                                                                             <div class=\"post-meta clearfix\">\r\n                                            <span class=\"posted-on\"><i class=\"fa fa-clock-o\"><\/i>3 marzo, 2026<\/span><span class=\"comments\"><i class=\"fa fa-comments\"><\/i>0<\/span><span class=\"post-view\"><i class=\"fa fa-eye\"><\/i>768<\/span>                                        <\/div>\r\n                                       \r\n                                    <h3 class=\"large-font\">\r\n                                        <a href=\"http:\/\/elobservatorio.com.mx\/?p=33505\">\r\n                                            Manzanillo se suma a iniciativa de Ley de Alimentaci\u00f3n Adecu...                                        <\/a>\r\n                                    <\/h3>\r\n                                <\/div><!-- .post-caption -->\r\n                            <\/div><!-- .single-post -->\r\n                                                        <div class=\"single-post\">\r\n                                <div class=\"post-thumb\">\r\n                                    <a href=\"javascript:void(0)\" class=\"thumb-zoom\">\r\n                                        <img decoding=\"async\" src=\"http:\/\/elobservatorio.com.mx\/wp-content\/uploads\/2026\/01\/derechos-humanos.jpg\" alt=\"\">\r\n                                        <div class=\"image-overlay\"><\/div>\r\n                                    <\/a>\r\n                                                                    <\/div>\r\n                                <div class=\"post-caption\">\r\n                                                                             <div class=\"post-meta clearfix\">\r\n                                            <span class=\"posted-on\"><i class=\"fa fa-clock-o\"><\/i>28 enero, 2026<\/span><span class=\"comments\"><i class=\"fa fa-comments\"><\/i>0<\/span><span class=\"post-view\"><i class=\"fa fa-eye\"><\/i>378<\/span>                                        <\/div>\r\n                                       \r\n                                    <h3 class=\"large-font\">\r\n                                        <a href=\"http:\/\/elobservatorio.com.mx\/?p=33404\">\r\n                                            En el 2025 se emitieron 18 recomendaciones; 7 m\u00e1s que el 202...                                        <\/a>\r\n                                    <\/h3>\r\n                                <\/div><!-- .post-caption -->\r\n                            <\/div><!-- .single-post -->\r\n                                                        <div class=\"single-post\">\r\n                                <div class=\"post-thumb\">\r\n                                    <a href=\"javascript:void(0)\" class=\"thumb-zoom\">\r\n                                        <img decoding=\"async\" src=\"http:\/\/elobservatorio.com.mx\/wp-content\/uploads\/2026\/01\/escuela-talentos.jpg\" alt=\"\">\r\n                                        <div class=\"image-overlay\"><\/div>\r\n                                    <\/a>\r\n                                                                    <\/div>\r\n                                <div class=\"post-caption\">\r\n                                                                             <div class=\"post-meta clearfix\">\r\n                                            <span class=\"posted-on\"><i class=\"fa fa-clock-o\"><\/i>20 enero, 2026<\/span><span class=\"comments\"><i class=\"fa fa-comments\"><\/i>0<\/span><span class=\"post-view\"><i class=\"fa fa-eye\"><\/i>277<\/span>                                        <\/div>\r\n                                       \r\n                                    <h3 class=\"large-font\">\r\n                                        <a href=\"http:\/\/elobservatorio.com.mx\/?p=33383\">\r\n                                            Escuela de talentos, reflejo de diversidad y calidad educati...                                        <\/a>\r\n                                    <\/h3>\r\n                                <\/div><!-- .post-caption -->\r\n                            <\/div><!-- .single-post -->\r\n                                                        <div class=\"single-post\">\r\n                                <div class=\"post-thumb\">\r\n                                    <a href=\"javascript:void(0)\" class=\"thumb-zoom\">\r\n                                        <img decoding=\"async\" src=\"http:\/\/elobservatorio.com.mx\/wp-content\/uploads\/2025\/10\/congreso-del-estado-salud.jpg\" alt=\"\">\r\n                                        <div class=\"image-overlay\"><\/div>\r\n                                    <\/a>\r\n                                                                    <\/div>\r\n                                <div class=\"post-caption\">\r\n                                                                             <div class=\"post-meta clearfix\">\r\n                                            <span class=\"posted-on\"><i class=\"fa fa-clock-o\"><\/i>15 octubre, 2025<\/span><span class=\"comments\"><i class=\"fa fa-comments\"><\/i>0<\/span><span class=\"post-view\"><i class=\"fa fa-eye\"><\/i>244<\/span>                                        <\/div>\r\n                                       \r\n                                    <h3 class=\"large-font\">\r\n                                        <a href=\"http:\/\/elobservatorio.com.mx\/?p=33156\">\r\n                                            Reflexionan sobre la importancia de la salud mental en ciclo...                                        <\/a>\r\n                                    <\/h3>\r\n                                <\/div><!-- .post-caption -->\r\n                            <\/div><!-- .single-post -->\r\n                                                        <div class=\"single-post\">\r\n                                <div class=\"post-thumb\">\r\n                                    <a href=\"javascript:void(0)\" class=\"thumb-zoom\">\r\n                                        <img decoding=\"async\" src=\"http:\/\/elobservatorio.com.mx\/wp-content\/uploads\/2025\/10\/congreso.jpg\" alt=\"\">\r\n                                        <div class=\"image-overlay\"><\/div>\r\n                                    <\/a>\r\n                                                                    <\/div>\r\n                                <div class=\"post-caption\">\r\n                                                                             <div class=\"post-meta clearfix\">\r\n                                            <span class=\"posted-on\"><i class=\"fa fa-clock-o\"><\/i>14 octubre, 2025<\/span><span class=\"comments\"><i class=\"fa fa-comments\"><\/i>0<\/span><span class=\"post-view\"><i class=\"fa fa-eye\"><\/i>269<\/span>                                        <\/div>\r\n                                       \r\n                                    <h3 class=\"large-font\">\r\n                                        <a href=\"http:\/\/elobservatorio.com.mx\/?p=33095\">\r\n                                            Diputados reducen la edad m\u00ednima para ocupar la titularidad ...                                        <\/a>\r\n                                    <\/h3>\r\n                                <\/div><!-- .post-caption -->\r\n                            <\/div><!-- .single-post -->\r\n                                                        <div class=\"single-post\">\r\n                                <div class=\"post-thumb\">\r\n                                    <a href=\"javascript:void(0)\" class=\"thumb-zoom\">\r\n                                        <img decoding=\"async\" src=\"http:\/\/elobservatorio.com.mx\/wp-content\/uploads\/2025\/07\/magistradas.jpg\" alt=\"\">\r\n                                        <div class=\"image-overlay\"><\/div>\r\n                                    <\/a>\r\n                                                                    <\/div>\r\n                                <div class=\"post-caption\">\r\n                                                                             <div class=\"post-meta clearfix\">\r\n                                            <span class=\"posted-on\"><i class=\"fa fa-clock-o\"><\/i>16 julio, 2025<\/span><span class=\"comments\"><i class=\"fa fa-comments\"><\/i>0<\/span><span class=\"post-view\"><i class=\"fa fa-eye\"><\/i>259<\/span>                                        <\/div>\r\n                                       \r\n                                    <h3 class=\"large-font\">\r\n                                        <a href=\"http:\/\/elobservatorio.com.mx\/?p=32804\">\r\n                                            LXI Legislatura de Colima toma protesta a nuevas Magistradas...                                        <\/a>\r\n                                    <\/h3>\r\n                                <\/div><!-- .post-caption -->\r\n                            <\/div><!-- .single-post -->\r\n                                                        <div class=\"single-post\">\r\n                                <div class=\"post-thumb\">\r\n                                    <a href=\"javascript:void(0)\" class=\"thumb-zoom\">\r\n                                        <img decoding=\"async\" src=\"http:\/\/elobservatorio.com.mx\/wp-content\/uploads\/2025\/04\/lenguaje.jpg\" alt=\"\">\r\n                                        <div class=\"image-overlay\"><\/div>\r\n                                    <\/a>\r\n                                                                    <\/div>\r\n                                <div class=\"post-caption\">\r\n                                                                             <div class=\"post-meta clearfix\">\r\n                                            <span class=\"posted-on\"><i class=\"fa fa-clock-o\"><\/i>8 abril, 2025<\/span><span class=\"comments\"><i class=\"fa fa-comments\"><\/i>0<\/span><span class=\"post-view\"><i class=\"fa fa-eye\"><\/i>235<\/span>                                        <\/div>\r\n                                       \r\n                                    <h3 class=\"large-font\">\r\n                                        <a href=\"http:\/\/elobservatorio.com.mx\/?p=32431\">\r\n                                            Congreso realiza foro de consulta para la Reforma local en m...                                        <\/a>\r\n                                    <\/h3>\r\n                                <\/div><!-- .post-caption -->\r\n                            <\/div><!-- .single-post -->\r\n                                                        <div class=\"single-post\">\r\n                                <div class=\"post-thumb\">\r\n                                    <a href=\"javascript:void(0)\" class=\"thumb-zoom\">\r\n                                        <img decoding=\"async\" src=\"http:\/\/elobservatorio.com.mx\/wp-content\/uploads\/2025\/01\/whatsapp-image-2025-01-11-at-142857.jpeg\" alt=\"\">\r\n                                        <div class=\"image-overlay\"><\/div>\r\n                                    <\/a>\r\n                                                                    <\/div>\r\n                                <div class=\"post-caption\">\r\n                                                                             <div class=\"post-meta clearfix\">\r\n                                            <span class=\"posted-on\"><i class=\"fa fa-clock-o\"><\/i>13 enero, 2025<\/span><span class=\"comments\"><i class=\"fa fa-comments\"><\/i>0<\/span><span class=\"post-view\"><i class=\"fa fa-eye\"><\/i>240<\/span>                                        <\/div>\r\n                                       \r\n                                    <h3 class=\"large-font\">\r\n                                        <a href=\"http:\/\/elobservatorio.com.mx\/?p=31834\">\r\n                                            Diputados participan en arranque del Foro para la creaci\u00f3n d...                                        <\/a>\r\n                                    <\/h3>\r\n                                <\/div><!-- .post-caption -->\r\n                            <\/div><!-- .single-post -->\r\n                                                        <div class=\"single-post\">\r\n                                <div class=\"post-thumb\">\r\n                                    <a href=\"javascript:void(0)\" class=\"thumb-zoom\">\r\n                                        <img decoding=\"async\" src=\"http:\/\/elobservatorio.com.mx\/wp-content\/uploads\/2025\/01\/reunion-del-rector-con-integrantes-del-sutuc-y-la-feuc-feuc-a.jpg\" alt=\"\">\r\n                                        <div class=\"image-overlay\"><\/div>\r\n                                    <\/a>\r\n                                                                    <\/div>\r\n                                <div class=\"post-caption\">\r\n                                                                             <div class=\"post-meta clearfix\">\r\n                                            <span class=\"posted-on\"><i class=\"fa fa-clock-o\"><\/i>10 enero, 2025<\/span><span class=\"comments\"><i class=\"fa fa-comments\"><\/i>0<\/span><span class=\"post-view\"><i class=\"fa fa-eye\"><\/i>314<\/span>                                        <\/div>\r\n                                       \r\n                                    <h3 class=\"large-font\">\r\n                                        <a href=\"http:\/\/elobservatorio.com.mx\/?p=31809\">\r\n                                            Destaca rector capacidad de universitarios para enfrentar re...                                        <\/a>\r\n                                    <\/h3>\r\n                                <\/div><!-- .post-caption -->\r\n                            <\/div><!-- .single-post -->\r\n                            <\/div>                <\/div>\r\n            <\/div><!-- block-content-wraper-->\r\n        <\/div><!-- .block-post-wrapper -->\r\n    <\/div>\r\n    <\/div><\/div><\/div><\/div><div id=\"pg-134-2\"  class=\"panel-grid panel-has-style\" ><div class=\"panel-row-style panel-row-style-for-134-2\" ><div id=\"pgc-134-2-0\"  class=\"panel-grid-cell\" ><div id=\"panel-134-2-0-0\" class=\"so-panel widget widget_vmagazine_block_grid_list vmagazine_block_grid_list panel-first-child panel-last-child\" data-index=\"2\">    <div class=\"vmagazine-grid-list-wrapp grid-two no-desc\">\r\n        <div class=\"block-header clearfix\">\r\n            <h4 class=\"block-title\"><span class=\"title-bg\">\r\nEDUCACI\u00d3N Y CULTURA    <\/span><\/h4>\r\n    <\/div><!-- .block-header-->\r\n            <div class=\"vmagazine-grid-list block-post-wrapper grid-two\">\r\n            \r\n            <div class=\"posts-wrap\">\r\n                                        <div class=\"single-post first-post clearfix wow fadeInUp\" data-wow-duration=\"0.7s\">\r\n                            <div class=\"post-thumb\">\r\n                                <a class=\"thumb-zoom\" href=\"http:\/\/elobservatorio.com.mx\/?p=33635\" title=\"Fomenta UdeC gusto por la lectura desde las infancias\">\r\n                                            <img class=\"lazy\" data-src=\"http:\/\/elobservatorio.com.mx\/wp-content\/uploads\/2026\/04\/fomenta-udec-gusto-por-la-lectura-desde-las-infancias-a.jpg\" alt=\"Fomenta UdeC gusto por la lectura desde las infancias\" title=\"Fomenta UdeC gusto por la lectura desde las infancias\" \/>\r\n                                            <div class=\"image-overlay\"><\/div>\r\n                                <\/a>\r\n                                                            <\/div><!-- .post-thumb -->\r\n                            <div class=\"post-content-wrapper clearfix\">\r\n                                                                <div class=\"post-meta clearfix\">\r\n                                   <span class=\"posted-on\"><i class=\"fa fa-clock-o\"><\/i>22 abril, 2026<\/span><span class=\"comments\"><i class=\"fa fa-comments\"><\/i>0<\/span><span class=\"post-view\"><i class=\"fa fa-eye\"><\/i>145<\/span>                                <\/div><!-- .post-meta --> \r\n                                                               \r\n                                <h3 class=\"large-font\">\r\n                                    <a href=\"http:\/\/elobservatorio.com.mx\/?p=33635\">\r\n                                        Fomenta UdeC gusto por la lectura desde las infancias                                    <\/a>\r\n                                <\/h3>\r\n                                \r\n                                \r\n                            <\/div><!-- .post-content-wrapper -->\r\n                        <\/div><!-- .single-post  -->\r\n                                                <div class=\"single-post  clearfix wow fadeInUp\" data-wow-duration=\"0.7s\">\r\n                            <div class=\"post-thumb\">\r\n                                <a class=\"thumb-zoom\" href=\"http:\/\/elobservatorio.com.mx\/?p=33632\" title=\"Se suma UdeC a los Tequios por la Tierra con jornadas de limpieza y trabajo comunitario\">\r\n                                            <img class=\"lazy\" data-src=\"http:\/\/elobservatorio.com.mx\/wp-content\/uploads\/2026\/04\/se-suma-udec-a-los-tequios-por-la-tierra-b.jpg\" alt=\"Se suma UdeC a los Tequios por la Tierra con jornadas de limpieza y trabajo comunitario\" title=\"Se suma UdeC a los Tequios por la Tierra con jornadas de limpieza y trabajo comunitario\" \/>\r\n                                            <div class=\"image-overlay\"><\/div>\r\n                                <\/a>\r\n                                                            <\/div><!-- .post-thumb -->\r\n                            <div class=\"post-content-wrapper clearfix\">\r\n                                                                <div class=\"post-meta clearfix\">\r\n                                   <span class=\"posted-on\"><i class=\"fa fa-clock-o\"><\/i>22 abril, 2026<\/span><span class=\"comments\"><i class=\"fa fa-comments\"><\/i>0<\/span><span class=\"post-view\"><i class=\"fa fa-eye\"><\/i>172<\/span>                                <\/div><!-- .post-meta --> \r\n                                                               \r\n                                <h3 class=\"large-font\">\r\n                                    <a href=\"http:\/\/elobservatorio.com.mx\/?p=33632\">\r\n                                        Se suma UdeC a los Tequios por la Tierra con jornadas de limpieza y trabajo comunitario                                    <\/a>\r\n                                <\/h3>\r\n                                \r\n                                \r\n                            <\/div><!-- .post-content-wrapper -->\r\n                        <\/div><!-- .single-post  -->\r\n                                                <div class=\"single-post  clearfix wow fadeInUp\" data-wow-duration=\"0.7s\">\r\n                            <div class=\"post-thumb\">\r\n                                <a class=\"thumb-zoom\" href=\"http:\/\/elobservatorio.com.mx\/?p=33629\" title=\"Estudiante de la UdeC presenta proyecto de senderismo ambiental en foro internacional de C\u00f3rdoba, Espa\u00f1a\">\r\n                                            <img class=\"lazy\" data-src=\"http:\/\/elobservatorio.com.mx\/wp-content\/uploads\/2026\/04\/estudiante-de-la-udec-presenta-proyecto-de-senderismo-en-espana-a.jpeg\" alt=\"Estudiante de la UdeC presenta proyecto de senderismo ambiental en foro internacional de C\u00f3rdoba, Espa\u00f1a\" title=\"Estudiante de la UdeC presenta proyecto de senderismo ambiental en foro internacional de C\u00f3rdoba, Espa\u00f1a\" \/>\r\n                                            <div class=\"image-overlay\"><\/div>\r\n                                <\/a>\r\n                                                            <\/div><!-- .post-thumb -->\r\n                            <div class=\"post-content-wrapper clearfix\">\r\n                                                                <div class=\"post-meta clearfix\">\r\n                                   <span class=\"posted-on\"><i class=\"fa fa-clock-o\"><\/i>22 abril, 2026<\/span><span class=\"comments\"><i class=\"fa fa-comments\"><\/i>0<\/span><span class=\"post-view\"><i class=\"fa fa-eye\"><\/i>254<\/span>                                <\/div><!-- .post-meta --> \r\n                                                               \r\n                                <h3 class=\"large-font\">\r\n                                    <a href=\"http:\/\/elobservatorio.com.mx\/?p=33629\">\r\n                                        Estudiante de la UdeC presenta proyecto de senderismo ambiental en foro internacional de C\u00f3rdoba, Espa\u00f1a                                    <\/a>\r\n                                <\/h3>\r\n                                \r\n                                \r\n                            <\/div><!-- .post-content-wrapper -->\r\n                        <\/div><!-- .single-post  -->\r\n                                                <div class=\"single-post  clearfix wow fadeInUp\" data-wow-duration=\"0.7s\">\r\n                            <div class=\"post-thumb\">\r\n                                <a class=\"thumb-zoom\" href=\"http:\/\/elobservatorio.com.mx\/?p=33619\" title=\"Cantan y aprenden a componer con la  IA, estudiantes de Ciencias Qu\u00edmicas\">\r\n                                            <img class=\"lazy\" data-src=\"http:\/\/elobservatorio.com.mx\/wp-content\/uploads\/2026\/04\/mas-cultura-mas-humanidad-en-ciencias-quimicas.jpg\" alt=\"Cantan y aprenden a componer con la  IA, estudiantes de Ciencias Qu\u00edmicas\" title=\"Cantan y aprenden a componer con la  IA, estudiantes de Ciencias Qu\u00edmicas\" \/>\r\n                                            <div class=\"image-overlay\"><\/div>\r\n                                <\/a>\r\n                                                            <\/div><!-- .post-thumb -->\r\n                            <div class=\"post-content-wrapper clearfix\">\r\n                                                                <div class=\"post-meta clearfix\">\r\n                                   <span class=\"posted-on\"><i class=\"fa fa-clock-o\"><\/i>14 abril, 2026<\/span><span class=\"comments\"><i class=\"fa fa-comments\"><\/i>0<\/span><span class=\"post-view\"><i class=\"fa fa-eye\"><\/i>368<\/span>                                <\/div><!-- .post-meta --> \r\n                                                               \r\n                                <h3 class=\"large-font\">\r\n                                    <a href=\"http:\/\/elobservatorio.com.mx\/?p=33619\">\r\n                                        Cantan y aprenden a componer con la  IA, estudiantes de Ciencias Qu\u00edmicas                                    <\/a>\r\n                                <\/h3>\r\n                                \r\n                                \r\n                            <\/div><!-- .post-content-wrapper -->\r\n                        <\/div><!-- .single-post  -->\r\n                                    <\/div>\r\n                  <span class=\"view-all\"><a href=\"http:\/\/elobservatorio.com.mx\/?cat=14\">VER TODOS<\/a><\/span>\r\n                \r\n            \r\n        <\/div><!-- .block-post-wrapper -->\r\n    <\/div>\r\n    <\/div><\/div><div id=\"pgc-134-2-1\"  class=\"panel-grid-cell\" ><div id=\"panel-134-2-1-0\" class=\"so-panel widget widget_vmagazine_block_grid_list vmagazine_block_grid_list panel-first-child panel-last-child\" data-index=\"3\">    <div class=\"vmagazine-grid-list-wrapp grid-two no-desc\">\r\n        <div class=\"block-header clearfix\">\r\n            <h4 class=\"block-title\"><span class=\"title-bg\">\r\nMunicipios    <\/span><\/h4>\r\n    <\/div><!-- .block-header-->\r\n            <div class=\"vmagazine-grid-list block-post-wrapper grid-two\">\r\n            \r\n            <div class=\"posts-wrap\">\r\n                                        <div class=\"single-post first-post clearfix wow fadeInUp\" data-wow-duration=\"0.7s\">\r\n                            <div class=\"post-thumb\">\r\n                                <a class=\"thumb-zoom\" href=\"http:\/\/elobservatorio.com.mx\/?p=33590\" title=\"Riult Rivera cumple compromiso con vecinos de Lomas de Circunvalaci\u00f3n y realiza poda de \u00e1rboles en la calle Primo de Verdad\">\r\n                                            <img class=\"lazy\" data-src=\"http:\/\/elobservatorio.com.mx\/wp-content\/uploads\/2026\/04\/poda-de-arboles-colima.jpg\" alt=\"Riult Rivera cumple compromiso con vecinos de Lomas de Circunvalaci\u00f3n y realiza poda de \u00e1rboles en la calle Primo de Verdad\" title=\"Riult Rivera cumple compromiso con vecinos de Lomas de Circunvalaci\u00f3n y realiza poda de \u00e1rboles en la calle Primo de Verdad\" \/>\r\n                                            <div class=\"image-overlay\"><\/div>\r\n                                <\/a>\r\n                                                            <\/div><!-- .post-thumb -->\r\n                            <div class=\"post-content-wrapper clearfix\">\r\n                                                                <div class=\"post-meta clearfix\">\r\n                                   <span class=\"posted-on\"><i class=\"fa fa-clock-o\"><\/i>8 abril, 2026<\/span><span class=\"comments\"><i class=\"fa fa-comments\"><\/i>0<\/span><span class=\"post-view\"><i class=\"fa fa-eye\"><\/i>867<\/span>                                <\/div><!-- .post-meta --> \r\n                                                               \r\n                                <h3 class=\"large-font\">\r\n                                    <a href=\"http:\/\/elobservatorio.com.mx\/?p=33590\">\r\n                                        Riult Rivera cumple compromiso con vecinos de Lomas de Circunvalaci\u00f3n y realiza poda de \u00e1rboles en la calle Primo de Verdad                                    <\/a>\r\n                                <\/h3>\r\n                                \r\n                                \r\n                            <\/div><!-- .post-content-wrapper -->\r\n                        <\/div><!-- .single-post  -->\r\n                                                <div class=\"single-post  clearfix wow fadeInUp\" data-wow-duration=\"0.7s\">\r\n                            <div class=\"post-thumb\">\r\n                                <a class=\"thumb-zoom\" href=\"http:\/\/elobservatorio.com.mx\/?p=33582\" title=\"\u200eHomenajean VdeA y Comala \u200ea Jorge Rocha\">\r\n                                            <img class=\"lazy\" data-src=\"http:\/\/elobservatorio.com.mx\/wp-content\/uploads\/2026\/03\/homenaje.jpg\" alt=\"\u200eHomenajean VdeA y Comala \u200ea Jorge Rocha\" title=\"\u200eHomenajean VdeA y Comala \u200ea Jorge Rocha\" \/>\r\n                                            <div class=\"image-overlay\"><\/div>\r\n                                <\/a>\r\n                                                            <\/div><!-- .post-thumb -->\r\n                            <div class=\"post-content-wrapper clearfix\">\r\n                                                                <div class=\"post-meta clearfix\">\r\n                                   <span class=\"posted-on\"><i class=\"fa fa-clock-o\"><\/i>25 marzo, 2026<\/span><span class=\"comments\"><i class=\"fa fa-comments\"><\/i>0<\/span><span class=\"post-view\"><i class=\"fa fa-eye\"><\/i>483<\/span>                                <\/div><!-- .post-meta --> \r\n                                                               \r\n                                <h3 class=\"large-font\">\r\n                                    <a href=\"http:\/\/elobservatorio.com.mx\/?p=33582\">\r\n                                        \u200eHomenajean VdeA y Comala \u200ea Jorge Rocha                                    <\/a>\r\n                                <\/h3>\r\n                                \r\n                                \r\n                            <\/div><!-- .post-content-wrapper -->\r\n                        <\/div><!-- .single-post  -->\r\n                                                <div class=\"single-post  clearfix wow fadeInUp\" data-wow-duration=\"0.7s\">\r\n                            <div class=\"post-thumb\">\r\n                                <a class=\"thumb-zoom\" href=\"http:\/\/elobservatorio.com.mx\/?p=33484\" title=\"Riult Rivera se suma a la colecta de la Cruz Roja\">\r\n                                            <img class=\"lazy\" data-src=\"http:\/\/elobservatorio.com.mx\/wp-content\/uploads\/2026\/02\/cruz-roja-colecta.jpg\" alt=\"Riult Rivera se suma a la colecta de la Cruz Roja\" title=\"Riult Rivera se suma a la colecta de la Cruz Roja\" \/>\r\n                                            <div class=\"image-overlay\"><\/div>\r\n                                <\/a>\r\n                                                            <\/div><!-- .post-thumb -->\r\n                            <div class=\"post-content-wrapper clearfix\">\r\n                                                                <div class=\"post-meta clearfix\">\r\n                                   <span class=\"posted-on\"><i class=\"fa fa-clock-o\"><\/i>25 febrero, 2026<\/span><span class=\"comments\"><i class=\"fa fa-comments\"><\/i>0<\/span><span class=\"post-view\"><i class=\"fa fa-eye\"><\/i>756<\/span>                                <\/div><!-- .post-meta --> \r\n                                                               \r\n                                <h3 class=\"large-font\">\r\n                                    <a href=\"http:\/\/elobservatorio.com.mx\/?p=33484\">\r\n                                        Riult Rivera se suma a la colecta de la Cruz Roja                                    <\/a>\r\n                                <\/h3>\r\n                                \r\n                                \r\n                            <\/div><!-- .post-content-wrapper -->\r\n                        <\/div><!-- .single-post  -->\r\n                                                <div class=\"single-post  clearfix wow fadeInUp\" data-wow-duration=\"0.7s\">\r\n                            <div class=\"post-thumb\">\r\n                                <a class=\"thumb-zoom\" href=\"http:\/\/elobservatorio.com.mx\/?p=33434\" title=\"Presentan Plan de Seguridad para las Fiestas de VdeA; participan los tres \u00f3rdenes de gobierno\">\r\n                                            <img class=\"lazy\" data-src=\"http:\/\/elobservatorio.com.mx\/wp-content\/uploads\/2026\/01\/tey-seguridad.jpg\" alt=\"Presentan Plan de Seguridad para las Fiestas de VdeA; participan los tres \u00f3rdenes de gobierno\" title=\"Presentan Plan de Seguridad para las Fiestas de VdeA; participan los tres \u00f3rdenes de gobierno\" \/>\r\n                                            <div class=\"image-overlay\"><\/div>\r\n                                <\/a>\r\n                                                            <\/div><!-- .post-thumb -->\r\n                            <div class=\"post-content-wrapper clearfix\">\r\n                                                                <div class=\"post-meta clearfix\">\r\n                                   <span class=\"posted-on\"><i class=\"fa fa-clock-o\"><\/i>30 enero, 2026<\/span><span class=\"comments\"><i class=\"fa fa-comments\"><\/i>0<\/span><span class=\"post-view\"><i class=\"fa fa-eye\"><\/i>782<\/span>                                <\/div><!-- .post-meta --> \r\n                                                               \r\n                                <h3 class=\"large-font\">\r\n                                    <a href=\"http:\/\/elobservatorio.com.mx\/?p=33434\">\r\n                                        Presentan Plan de Seguridad para las Fiestas de VdeA; participan los tres \u00f3rdenes de gobierno                                    <\/a>\r\n                                <\/h3>\r\n                                \r\n                                \r\n                            <\/div><!-- .post-content-wrapper -->\r\n                        <\/div><!-- .single-post  -->\r\n                                    <\/div>\r\n                  <span class=\"view-all\"><a href=\"http:\/\/elobservatorio.com.mx\/?cat=8\">VER TODOS<\/a><\/span>\r\n                \r\n            \r\n        <\/div><!-- .block-post-wrapper -->\r\n    <\/div>\r\n    <\/div><\/div><div id=\"pgc-134-2-2\"  class=\"panel-grid-cell\" ><div id=\"panel-134-2-2-0\" class=\"so-panel widget widget_sow-slider panel-first-child\" data-index=\"4\" ><div class=\"panel-widget-style panel-widget-style-for-134-2-2-0\" ><div\n\t\t\t\n\t\t\tclass=\"so-widget-sow-slider so-widget-sow-slider-default-6d39609536fd-33434\"\n\t\t\t\n\t\t>\t\t\t\t<div class=\"sow-slider-base\" style=\"display: none\" tabindex=\"0\">\n\t\t\t\t\t<ul\n\t\t\t\t\tclass=\"sow-slider-images\"\n\t\t\t\t\tdata-settings=\"{&quot;pagination&quot;:true,&quot;speed&quot;:800,&quot;timeout&quot;:8000,&quot;paused&quot;:false,&quot;pause_on_hover&quot;:false,&quot;swipe&quot;:true,&quot;nav_always_show_desktop&quot;:&quot;&quot;,&quot;nav_always_show_mobile&quot;:&quot;&quot;,&quot;breakpoint&quot;:&quot;780px&quot;,&quot;unmute&quot;:false,&quot;anchor&quot;:null}\"\n\t\t\t\t\t\t\t\t\t\tdata-anchor-id=\"\"\n\t\t\t\t>\t\t<li class=\"sow-slider-image\" style=\"visibility: visible;\" >\n\t\t\t\t\t\t<img loading=\"lazy\" decoding=\"async\" width=\"1042\" height=\"521\" src=\"http:\/\/elobservatorio.com.mx\/wp-content\/uploads\/2026\/04\/250x125-el-observatorio-mesa-de-trabajo-1jpg.jpeg\" class=\"sow-slider-background-image\" alt=\"\" style=\"\" \/>\t\t<\/li>\n\t\t<\/ul>\t\t\t\t<ol class=\"sow-slider-pagination\">\n\t\t\t\t\t\t\t\t\t\t\t<li><a href=\"#\" data-goto=\"0\" aria-label=\"Display slide 1\"><\/a><\/li>\n\t\t\t\t\t\t\t\t\t<\/ol>\n\n\t\t\t\t<div class=\"sow-slide-nav sow-slide-nav-next\">\n\t\t\t\t\t<a href=\"#\" data-goto=\"next\" aria-label=\"Next slide\" data-action=\"next\">\n\t\t\t\t\t\t<em class=\"sow-sld-icon-thin-right\"><\/em>\n\t\t\t\t\t<\/a>\n\t\t\t\t<\/div>\n\n\t\t\t\t<div class=\"sow-slide-nav sow-slide-nav-prev\">\n\t\t\t\t\t<a href=\"#\" data-goto=\"previous\" aria-label=\"Previous slide\" data-action=\"prev\">\n\t\t\t\t\t\t<em class=\"sow-sld-icon-thin-left\"><\/em>\n\t\t\t\t\t<\/a>\n\t\t\t\t<\/div>\n\t\t\t\t<\/div><\/div><\/div><\/div><div id=\"panel-134-2-2-1\" class=\"widget_text so-panel widget widget_custom_html panel-last-child\" data-index=\"5\" ><h3 class=\"widget-title\">ENTREVISTA CON KIKE ROJAS OROZCO<\/h3><div class=\"textwidget custom-html-widget\"><iframe loading=\"lazy\" width=\"360\" height=\"315\" src=\"https:\/\/www.youtube.com\/embed\/fy5bG4lW4WQ?si=g7ehpISfLIOyAk85\" title=\"YouTube video player\" frameborder=\"0\" allow=\"accelerometer; autoplay; clipboard-write; encrypted-media; gyroscope; picture-in-picture; web-share\" referrerpolicy=\"strict-origin-when-cross-origin\" allowfullscreen><\/iframe><\/div><\/div><\/div><\/div><\/div><div id=\"pg-134-3\"  class=\"panel-grid panel-has-style\" ><div class=\"panel-row-style panel-row-style-for-134-3\" ><div id=\"pgc-134-3-0\"  class=\"panel-grid-cell\" ><div id=\"panel-134-3-0-0\" class=\"so-panel widget widget_vmagazine_medium_ad vmagazine_medium_ad panel-first-child panel-last-child\" data-index=\"6\">            <div class=\"vmagazine-medium-rectangle-ad medium-rectangle-wrapper\">\r\n                                            <img class=\"lazy\" data-src=\"http:\/\/elobservatorio.com.mx\/wp-content\/uploads\/2022\/06\/contodobeli.jpg\" alt=\"Presentan Plan de Seguridad para las Fiestas de VdeA; participan los tres \u00f3rdenes de gobierno\" title=\"Presentan Plan de Seguridad para las Fiestas de VdeA; participan los tres \u00f3rdenes de gobierno\" \/>\r\n                                                    <p>Advertisement<\/p>\r\n                                                <\/div>  \r\n    <\/div><\/div><\/div><\/div><div id=\"pg-134-4\"  class=\"panel-grid panel-has-style\" ><div class=\"panel-row-style panel-row-style-for-134-4\" ><div id=\"pgc-134-4-0\"  class=\"panel-grid-cell\" ><div id=\"panel-134-4-0-0\" class=\"so-panel widget widget_vmagazine_block_post_slider vmagazine_block_post_slider panel-first-child panel-last-child\" data-index=\"7\">        <div class=\"vmagazine-block-post-slider block-post-wrapper clearfix\">\r\n            <div class=\"block-header clearfix\">\r\n                    <h4 class=\"block-title\"><span class=\"title-bg\">\r\nSeguridad y Justicia    <\/span><\/h4>\r\n<div class=\"multiple-child-cat-tabs-post-slider\"><ul class=\"vmagazine-tabbed-post-slider\"><li><a href=\"javascript:void(0)\" data-meta=\"show\" data-id=\"15\" data-slug=\"15\" data-link=\"http:\/\/elobservatorio.com.mx\/?cat=15\" data-offset=\"10\">Seguridad y Justicia<\/a><\/li><\/ul><\/div>            <\/div><!-- .block-header-->\r\n            <div class=\"block-content-wrapper\">\r\n                <div class=\"block-loader\" style=\"display:none;\">\r\n                    <div class=\"sampleContainer\">\r\n                        <div class=\"loader\">\r\n                            <span class=\"dot dot_1\"><\/span>\r\n                            <span class=\"dot dot_2\"><\/span>\r\n                            <span class=\"dot dot_3\"><\/span>\r\n                            <span class=\"dot dot_4\"><\/span>\r\n                        <\/div>\r\n                    <\/div>\r\n                <\/div>\r\n                <div class=\"block-cat-content 15\" data-slug=\"15\">\r\n\r\n                               <div class=\"block-post-slider-wrapper\"> \r\n                                                <div class=\"slider-item-wrapper\">\r\n                                    <div class=\"slider-bigthumb\">\r\n                                            <div class=\"slider-img\">\r\n                                                <img decoding=\"async\" src=\"http:\/\/elobservatorio.com.mx\/wp-content\/uploads\/2026\/04\/foto-0414-vinculado-delitos-sexuales.jpeg\" alt=\"\">\r\n                                            <\/div>\r\n                                            <div class=\"post-captions\">\r\n                                                <span class=\"cat-links\"><a href=\"http:\/\/elobservatorio.com.mx\/?cat=15\" class=\"cat-15\" rel=\"category tag\">Seguridad y Justicia<\/a><\/span>                                                                                                <div class=\"post-meta clearfix\">\r\n                                                    <span class=\"posted-on\"><i class=\"fa fa-clock-o\"><\/i>14 abril, 2026<\/span><span class=\"comments\"><i class=\"fa fa-comments\"><\/i>0<\/span><span class=\"post-view\"><i class=\"fa fa-eye\"><\/i>359<\/span>                                                <\/div>\r\n                                                   \r\n                                                <h3 class=\"large-font\">\r\n                                                    <a href=\"http:\/\/elobservatorio.com.mx\/?p=33622\">\r\n                                                        FGE obtiene la vinculaci\u00f3n a proceso de hombre por delitos sexuales en agravio de menores                                                    <\/a>\r\n                                                <\/h3>\r\n                                            <\/div>\r\n                                    <\/div>\r\n                                                                    <div class=\"small-thumbs-wrapper\">\r\n                                       <div class=\"small-thumbs-inner\"> \r\n                                 \r\n                               <div class=\"slider-smallthumb\">\r\n                                    <div class=\"slider-img\">\r\n                                        <img decoding=\"async\" src=\"http:\/\/elobservatorio.com.mx\/wp-content\/uploads\/2026\/03\/foto-0325-ordenes-de-cateo.jpeg\" alt=\"\">\r\n                                    <\/div>\r\n                                    <div class=\"post-captions\">\r\n                                                                                <div class=\"post-meta clearfix\">\r\n                                            <span class=\"posted-on\"><i class=\"fa fa-clock-o\"><\/i>25 marzo, 2026<\/span><span class=\"comments\"><i class=\"fa fa-comments\"><\/i>0<\/span><span class=\"post-view\"><i class=\"fa fa-eye\"><\/i>498<\/span>                                        <\/div>\r\n                                          \r\n                                        <h3 class=\"large-font\">\r\n                                            <a href=\"http:\/\/elobservatorio.com.mx\/?p=33559\">\r\n                                                En cateos, aseguran envoltorios con ICE y fentanilo y detienen a cuatro personas                                            <\/a>\r\n                                        <\/h3>\r\n                                    <\/div>\r\n                               <\/div>\r\n                                                      \r\n                               <div class=\"slider-smallthumb\">\r\n                                    <div class=\"slider-img\">\r\n                                        <img decoding=\"async\" src=\"http:\/\/elobservatorio.com.mx\/wp-content\/uploads\/2026\/03\/foto-0303-ordenes-de-cateo.jpeg\" alt=\"\">\r\n                                    <\/div>\r\n                                    <div class=\"post-captions\">\r\n                                                                                <div class=\"post-meta clearfix\">\r\n                                            <span class=\"posted-on\"><i class=\"fa fa-clock-o\"><\/i>3 marzo, 2026<\/span><span class=\"comments\"><i class=\"fa fa-comments\"><\/i>0<\/span><span class=\"post-view\"><i class=\"fa fa-eye\"><\/i>347<\/span>                                        <\/div>\r\n                                          \r\n                                        <h3 class=\"large-font\">\r\n                                            <a href=\"http:\/\/elobservatorio.com.mx\/?p=33490\">\r\n                                                En cateos detienen a tres personas y aseguran narc\u00f3tico                                            <\/a>\r\n                                        <\/h3>\r\n                                    <\/div>\r\n                               <\/div>\r\n                                                      \r\n                               <div class=\"slider-smallthumb\">\r\n                                    <div class=\"slider-img\">\r\n                                        <img decoding=\"async\" src=\"http:\/\/elobservatorio.com.mx\/wp-content\/uploads\/2026\/01\/foto-0119-robo-calificado-oxxo.jpg\" alt=\"\">\r\n                                    <\/div>\r\n                                    <div class=\"post-captions\">\r\n                                                                                <div class=\"post-meta clearfix\">\r\n                                            <span class=\"posted-on\"><i class=\"fa fa-clock-o\"><\/i>19 enero, 2026<\/span><span class=\"comments\"><i class=\"fa fa-comments\"><\/i>0<\/span><span class=\"post-view\"><i class=\"fa fa-eye\"><\/i>197<\/span>                                        <\/div>\r\n                                          \r\n                                        <h3 class=\"large-font\">\r\n                                            <a href=\"http:\/\/elobservatorio.com.mx\/?p=33372\">\r\n                                                Otro hombre es enviado a prisi\u00f3n, por robo calificado en tienda Oxxo                                            <\/a>\r\n                                        <\/h3>\r\n                                    <\/div>\r\n                               <\/div>\r\n                                                      \r\n                               <div class=\"slider-smallthumb\">\r\n                                    <div class=\"slider-img\">\r\n                                        <img decoding=\"async\" src=\"http:\/\/elobservatorio.com.mx\/wp-content\/uploads\/2025\/12\/foto-1201-cateo-en-colonia-gustavo-vazquez-montes.jpg\" alt=\"\">\r\n                                    <\/div>\r\n                                    <div class=\"post-captions\">\r\n                                                                                <div class=\"post-meta clearfix\">\r\n                                            <span class=\"posted-on\"><i class=\"fa fa-clock-o\"><\/i>2 diciembre, 2025<\/span><span class=\"comments\"><i class=\"fa fa-comments\"><\/i>0<\/span><span class=\"post-view\"><i class=\"fa fa-eye\"><\/i>1153<\/span>                                        <\/div>\r\n                                          \r\n                                        <h3 class=\"large-font\">\r\n                                            <a href=\"http:\/\/elobservatorio.com.mx\/?p=33272\">\r\n                                                En cateo aseguran metanfetamina y procesan a una persona, en la Gustavo V\u00e1zquez                                            <\/a>\r\n                                        <\/h3>\r\n                                    <\/div>\r\n                               <\/div>\r\n                                                               <\/div><!-- .small-thumbs-inner -->\r\n                                    <\/div><!-- .small-thumbs-wrapper -->  \r\n                                                                                  <\/div>\r\n                                                    <div class=\"slider-item-wrapper\">\r\n                                    <div class=\"slider-bigthumb\">\r\n                                            <div class=\"slider-img\">\r\n                                                <img decoding=\"async\" src=\"http:\/\/elobservatorio.com.mx\/wp-content\/uploads\/2025\/11\/detenido.jpg\" alt=\"\">\r\n                                            <\/div>\r\n                                            <div class=\"post-captions\">\r\n                                                <span class=\"cat-links\"><a href=\"http:\/\/elobservatorio.com.mx\/?cat=15\" class=\"cat-15\" rel=\"category tag\">Seguridad y Justicia<\/a><\/span>                                                                                                <div class=\"post-meta clearfix\">\r\n                                                    <span class=\"posted-on\"><i class=\"fa fa-clock-o\"><\/i>21 noviembre, 2025<\/span><span class=\"comments\"><i class=\"fa fa-comments\"><\/i>0<\/span><span class=\"post-view\"><i class=\"fa fa-eye\"><\/i>259<\/span>                                                <\/div>\r\n                                                   \r\n                                                <h3 class=\"large-font\">\r\n                                                    <a href=\"http:\/\/elobservatorio.com.mx\/?p=33249\">\r\n                                                        Le dictan sentencia de 35 a\u00f1os de prisi\u00f3n por homicidio de una mujer                                                    <\/a>\r\n                                                <\/h3>\r\n                                            <\/div>\r\n                                    <\/div>\r\n                                                                    <div class=\"small-thumbs-wrapper\">\r\n                                       <div class=\"small-thumbs-inner\"> \r\n                                 \r\n                               <div class=\"slider-smallthumb\">\r\n                                    <div class=\"slider-img\">\r\n                                        <img decoding=\"async\" src=\"http:\/\/elobservatorio.com.mx\/wp-content\/uploads\/2025\/10\/foto-1015-sentencia.jpeg\" alt=\"\">\r\n                                    <\/div>\r\n                                    <div class=\"post-captions\">\r\n                                                                                <div class=\"post-meta clearfix\">\r\n                                            <span class=\"posted-on\"><i class=\"fa fa-clock-o\"><\/i>15 octubre, 2025<\/span><span class=\"comments\"><i class=\"fa fa-comments\"><\/i>0<\/span><span class=\"post-view\"><i class=\"fa fa-eye\"><\/i>192<\/span>                                        <\/div>\r\n                                          \r\n                                        <h3 class=\"large-font\">\r\n                                            <a href=\"http:\/\/elobservatorio.com.mx\/?p=33150\">\r\n                                                En Manzanillo, le dictan sentencia condenatoria por robo a casa habitaci\u00f3n y tentativa de robo de veh\u00edculo                                            <\/a>\r\n                                        <\/h3>\r\n                                    <\/div>\r\n                               <\/div>\r\n                                                      \r\n                               <div class=\"slider-smallthumb\">\r\n                                    <div class=\"slider-img\">\r\n                                        <img decoding=\"async\" src=\"http:\/\/elobservatorio.com.mx\/wp-content\/uploads\/2025\/10\/foto-1014-vinculacion-violencia-intrafamiliar-y-lesiones.jpg\" alt=\"\">\r\n                                    <\/div>\r\n                                    <div class=\"post-captions\">\r\n                                                                                <div class=\"post-meta clearfix\">\r\n                                            <span class=\"posted-on\"><i class=\"fa fa-clock-o\"><\/i>14 octubre, 2025<\/span><span class=\"comments\"><i class=\"fa fa-comments\"><\/i>0<\/span><span class=\"post-view\"><i class=\"fa fa-eye\"><\/i>192<\/span>                                        <\/div>\r\n                                          \r\n                                        <h3 class=\"large-font\">\r\n                                            <a href=\"http:\/\/elobservatorio.com.mx\/?p=33114\">\r\n                                                Hombre es vinculado a proceso por violencia intrafamiliar y lesiones                                            <\/a>\r\n                                        <\/h3>\r\n                                    <\/div>\r\n                               <\/div>\r\n                                                      \r\n                               <div class=\"slider-smallthumb\">\r\n                                    <div class=\"slider-img\">\r\n                                        <img decoding=\"async\" src=\"http:\/\/elobservatorio.com.mx\/wp-content\/uploads\/2025\/09\/foto-0929-vinculacion-panaderia.jpeg\" alt=\"\">\r\n                                    <\/div>\r\n                                    <div class=\"post-captions\">\r\n                                                                                <div class=\"post-meta clearfix\">\r\n                                            <span class=\"posted-on\"><i class=\"fa fa-clock-o\"><\/i>29 septiembre, 2025<\/span><span class=\"comments\"><i class=\"fa fa-comments\"><\/i>0<\/span><span class=\"post-view\"><i class=\"fa fa-eye\"><\/i>185<\/span>                                        <\/div>\r\n                                          \r\n                                        <h3 class=\"large-font\">\r\n                                            <a href=\"http:\/\/elobservatorio.com.mx\/?p=33054\">\r\n                                                Vinculan a proceso al segundo implicado en el multihomicidio al interior de una panader\u00eda                                            <\/a>\r\n                                        <\/h3>\r\n                                    <\/div>\r\n                               <\/div>\r\n                                                      \r\n                               <div class=\"slider-smallthumb\">\r\n                                    <div class=\"slider-img\">\r\n                                        <img decoding=\"async\" src=\"http:\/\/elobservatorio.com.mx\/wp-content\/uploads\/2025\/09\/foto-0908-vinculados-contra-la-salud-el-mezcalito.jpeg\" alt=\"\">\r\n                                    <\/div>\r\n                                    <div class=\"post-captions\">\r\n                                                                                <div class=\"post-meta clearfix\">\r\n                                            <span class=\"posted-on\"><i class=\"fa fa-clock-o\"><\/i>8 septiembre, 2025<\/span><span class=\"comments\"><i class=\"fa fa-comments\"><\/i>0<\/span><span class=\"post-view\"><i class=\"fa fa-eye\"><\/i>164<\/span>                                        <\/div>\r\n                                          \r\n                                        <h3 class=\"large-font\">\r\n                                            <a href=\"http:\/\/elobservatorio.com.mx\/?p=32993\">\r\n                                                Hombre y mujer van a prisi\u00f3n preventiva por presunto narcomenudeo en El Mezcalito                                            <\/a>\r\n                                        <\/h3>\r\n                                    <\/div>\r\n                               <\/div>\r\n                                                               <\/div><!-- .small-thumbs-inner -->\r\n                                    <\/div><!-- .small-thumbs-wrapper -->  \r\n                                                                                  <\/div>\r\n                        <\/div>\r\n            <\/div>\r\n            \r\n            <\/div>\r\n        <\/div><!-- .block-post-wrapper -->\r\n    <\/div><\/div><\/div><\/div><div id=\"pg-134-5\"  class=\"panel-grid panel-has-style\" ><div class=\"panel-row-style panel-row-style-for-134-5\" ><div id=\"pgc-134-5-0\"  class=\"panel-grid-cell\" ><div id=\"panel-134-5-0-0\" class=\"so-panel widget widget_vmagazine_block_posts_column vmagazine_block_posts_column panel-first-child panel-last-child\" data-index=\"8\">        <div class=\"wrapper-vmagazine-post-col block_layout_1\">\r\n            <h4 class=\"block-title\"><span class=\"title-bg\">\r\nESPACIO LEGISLATIVO    <\/span><\/h4>\r\n        <div class=\"vmagazine-post-col block-post-wrapper block_layout_1 wow zoomIn\" data-wow-duration=\"1s\">\r\n            <div class=\"block-header clearfix\">\r\n                \r\n            <\/div><!-- .block-header-->\r\n                                    <div class=\"single-post first-post clearfix\">\r\n                                                    <div class=\"post-thumb\">\r\n                                <a class=\"thumb-zoom\" href=\"http:\/\/elobservatorio.com.mx\/?p=33593\" title=\"Invita Congreso a maestras y maestros a inscribirse al Premio Estatal \u201cProfesor Gregorio Torres Quintero\u201d 2026\">\r\n                                            <img class=\"lazy\" data-src=\"http:\/\/elobservatorio.com.mx\/wp-content\/uploads\/2026\/04\/gregorio-torres-congreso.jpg\" alt=\"Invita Congreso a maestras y maestros a inscribirse al Premio Estatal \u201cProfesor Gregorio Torres Quintero\u201d 2026\" title=\"Invita Congreso a maestras y maestros a inscribirse al Premio Estatal \u201cProfesor Gregorio Torres Quintero\u201d 2026\" \/>\r\n                                            <div class=\"image-overlay\"><\/div>\r\n                                <\/a>\r\n                                                            <\/div>\r\n                                                    <div class=\"content-wrapper\">\r\n                                                                    <div class=\"post-meta clearfix\">\r\n                                        <span class=\"posted-on\"><i class=\"fa fa-clock-o\"><\/i>8 abril, 2026<\/span><span class=\"comments\"><i class=\"fa fa-comments\"><\/i>0<\/span><span class=\"post-view\"><i class=\"fa fa-eye\"><\/i>667<\/span>                                    <\/div><!-- .post-meta --> \r\n                                                                    <h3 class=\"large-font\">\r\n                                    <a href=\"http:\/\/elobservatorio.com.mx\/?p=33593\">\r\n                                        Invita Congreso a maestras y maestros a inscribirse al Premio Estatal \u201cProfesor Gregorio Torres Quintero\u201d 2026                                    <\/a>\r\n                                <\/h3>\r\n                                                            <\/div><!-- .content-wrapper -->                          \r\n                        <\/div><!-- .single-post -->\r\n                                                <div class=\"single-post bottom-post clearfix\">\r\n                                                    <div class=\"content-wrapper\">\r\n                                                                <h3 class=\"small-font\">\r\n                                    <a href=\"http:\/\/elobservatorio.com.mx\/?p=33505\">\r\n                                        Manzanillo se suma a iniciativa de Ley de Alimentaci\u00f3n Adecuada y Sostenible; llevan a cabo foro en Salagua                                    <\/a>\r\n                                <\/h3>\r\n                                                            <\/div><!-- .content-wrapper -->                          \r\n                        <\/div><!-- .single-post -->\r\n                                                <div class=\"single-post bottom-post clearfix\">\r\n                                                    <div class=\"content-wrapper\">\r\n                                                                <h3 class=\"small-font\">\r\n                                    <a href=\"http:\/\/elobservatorio.com.mx\/?p=33404\">\r\n                                        En el 2025 se emitieron 18 recomendaciones; 7 m\u00e1s que el 2024: CEDH                                    <\/a>\r\n                                <\/h3>\r\n                                                            <\/div><!-- .content-wrapper -->                          \r\n                        <\/div><!-- .single-post -->\r\n                                                <div class=\"single-post bottom-post clearfix\">\r\n                                                    <div class=\"content-wrapper\">\r\n                                                                <h3 class=\"small-font\">\r\n                                    <a href=\"http:\/\/elobservatorio.com.mx\/?p=33383\">\r\n                                        Escuela de talentos, reflejo de diversidad y calidad educativa en el estado: legisladores                                    <\/a>\r\n                                <\/h3>\r\n                                                            <\/div><!-- .content-wrapper -->                          \r\n                        <\/div><!-- .single-post -->\r\n                                              <span class=\"view-all\"><a href=\"http:\/\/elobservatorio.com.mx\/?cat=1\">VER TODAS<\/a><\/span>\r\n        <\/div><!-- .block-post-wrapper -->\r\n    <\/div>\r\n    <\/div><\/div><div id=\"pgc-134-5-1\"  class=\"panel-grid-cell\" ><div id=\"panel-134-5-1-0\" class=\"so-panel widget widget_vmagazine_block_posts_column vmagazine_block_posts_column panel-first-child panel-last-child\" data-index=\"9\">        <div class=\"wrapper-vmagazine-post-col block_layout_1\">\r\n            <h4 class=\"block-title\"><span class=\"title-bg\">\r\nOPINION    <\/span><\/h4>\r\n        <div class=\"vmagazine-post-col block-post-wrapper block_layout_1 wow zoomIn\" data-wow-duration=\"1s\">\r\n            <div class=\"block-header clearfix\">\r\n                \r\n            <\/div><!-- .block-header-->\r\n                                    <div class=\"single-post first-post clearfix\">\r\n                                                    <div class=\"post-thumb\">\r\n                                <a class=\"thumb-zoom\" href=\"http:\/\/elobservatorio.com.mx\/?p=33464\" title=\"La autopista de la muerte y la ineficiencia gubernamental\">\r\n                                            <img class=\"lazy\" data-src=\"http:\/\/elobservatorio.com.mx\/wp-content\/uploads\/2022\/12\/guedea-anuncio-510x369.jpg\" alt=\"La autopista de la muerte y la ineficiencia gubernamental\" title=\"La autopista de la muerte y la ineficiencia gubernamental\" \/>\r\n                                            <div class=\"image-overlay\"><\/div>\r\n                                <\/a>\r\n                                                            <\/div>\r\n                                                    <div class=\"content-wrapper\">\r\n                                                                    <div class=\"post-meta clearfix\">\r\n                                        <span class=\"posted-on\"><i class=\"fa fa-clock-o\"><\/i>20 febrero, 2026<\/span><span class=\"comments\"><i class=\"fa fa-comments\"><\/i>0<\/span><span class=\"post-view\"><i class=\"fa fa-eye\"><\/i>519<\/span>                                    <\/div><!-- .post-meta --> \r\n                                                                    <h3 class=\"large-font\">\r\n                                    <a href=\"http:\/\/elobservatorio.com.mx\/?p=33464\">\r\n                                        La autopista de la muerte y la ineficiencia gubernamental                                    <\/a>\r\n                                <\/h3>\r\n                                                            <\/div><!-- .content-wrapper -->                          \r\n                        <\/div><!-- .single-post -->\r\n                                                <div class=\"single-post bottom-post clearfix\">\r\n                                                    <div class=\"content-wrapper\">\r\n                                                                <h3 class=\"small-font\">\r\n                                    <a href=\"http:\/\/elobservatorio.com.mx\/?p=33422\">\r\n                                        Actuemos Colima ahora\u00a0sigue imparable                                    <\/a>\r\n                                <\/h3>\r\n                                                            <\/div><!-- .content-wrapper -->                          \r\n                        <\/div><!-- .single-post -->\r\n                                                <div class=\"single-post bottom-post clearfix\">\r\n                                                    <div class=\"content-wrapper\">\r\n                                                                <h3 class=\"small-font\">\r\n                                    <a href=\"http:\/\/elobservatorio.com.mx\/?p=33420\">\r\n                                        100 A\u00f1os de Educaci\u00f3n Secundaria: la precariedad normalizada                                    <\/a>\r\n                                <\/h3>\r\n                                                            <\/div><!-- .content-wrapper -->                          \r\n                        <\/div><!-- .single-post -->\r\n                                                <div class=\"single-post bottom-post clearfix\">\r\n                                                    <div class=\"content-wrapper\">\r\n                                                                <h3 class=\"small-font\">\r\n                                    <a href=\"http:\/\/elobservatorio.com.mx\/?p=33381\">\r\n                                        VOMITA                                    <\/a>\r\n                                <\/h3>\r\n                                                            <\/div><!-- .content-wrapper -->                          \r\n                        <\/div><!-- .single-post -->\r\n                                              <span class=\"view-all\"><a href=\"http:\/\/elobservatorio.com.mx\/?cat=11\">VER TODOS<\/a><\/span>\r\n        <\/div><!-- .block-post-wrapper -->\r\n    <\/div>\r\n    <\/div><\/div><div id=\"pgc-134-5-2\"  class=\"panel-grid-cell\" ><div id=\"panel-134-5-2-0\" class=\"widget_text so-panel widget widget_custom_html panel-first-child panel-last-child\" data-index=\"10\" ><h3 class=\"widget-title\">Nuestras Redes Sociales<\/h3><div class=\"textwidget custom-html-widget\"> <div class=\"apsc-icons-wrapper  apsc-theme-2 apsc-animation-1\" data-hover-color=\"0\">\r\n                <div class=\"apsc-each-profile \">\r\n                                        <a class=\"apsc-facebook-icon apsc-icon-soc clearfix\" href=\"http:\/\/facebook.com\/NoticiasTecoman\" target=\"_blank\" rel=\"noopener\">\r\n                            <div class=\"apsc-inner-block\">\r\n                                <span class=\"social-icon\"><span class=\"apsc-fa-icon\"><i class=\"fa fa-facebook apsc-facebook\"><\/i><\/span><span class=\"media-name\"><span class=\"apsc-social-name\">Facebook<\/span><\/span><\/span>\r\n                                                                <div class='apsc-count-wrapper'><span class=\"apsc-count\">15,665<\/span><span class=\"apsc-media-type\">Fans<\/span><\/div>\r\n                                                            <\/div>\r\n                        <\/a>\r\n                        <a class=\"apsc-bttn-bg\" href=\"http:\/\/facebook.com\/NoticiasTecoman\" target=\"_blank\" rel=\"noopener\"><div class=\"apsc_bttn\">follow<\/div><\/a>\r\n                                    <\/div>            <div class=\"apsc-each-profile \">\r\n                                        <a class=\"apsc-twitter-icon apsc-icon-soc clearfix\" href=\"http:\/\/twitter.com\/Observaonline\" target=\"_blank\" rel=\"noopener\">\r\n                            <div class=\"apsc-inner-block\">\r\n                                <span class=\"social-icon\"><span class=\"apsc-fa-icon\"><i class=\"fa fa-twitter apsc-twitter\"><\/i><\/span><span class=\"media-name\"><span class=\"apsc-social-name\">Twitter<\/span><\/span><\/span>\r\n                                                                <div class='apsc-count-wrapper'><span class=\"apsc-count\">0<\/span><span class=\"apsc-media-type\">Followers<\/span><\/div>\r\n                                                            <\/div>\r\n                        <\/a>\r\n                        <a class=\"apsc-bttn-bg\" href=\"http:\/\/twitter.com\/Observaonline\" target=\"_blank\" rel=\"noopener\"><div class=\"apsc_bttn\">follow<\/div><\/a>\r\n                                    <\/div>\r\n        \r\n<\/div>\r\n\r\n\r\n\n<a class=\"twitter-timeline\" data-height=\"500px\" href=\"https:\/\/twitter.com\/Observaonline?ref_src=twsrc%5Etfw\" target=\"_blank\" rel=\"noopener\">Tweets by Observaonline<\/a> <script async src=\"https:\/\/platform.twitter.com\/widgets.js\" charset=\"utf-8\"><\/script><\/div><\/div><\/div><\/div><\/div><div id=\"pg-134-6\"  class=\"panel-grid panel-has-style\" ><div class=\"panel-row-style panel-row-style-for-134-6\" ><div id=\"pgc-134-6-0\"  class=\"panel-grid-cell\" ><div id=\"panel-134-6-0-0\" class=\"so-panel widget widget_vmagazine_tab_posts_list vmagazine_tab_posts_list panel-first-child panel-last-child\" data-index=\"11\">        <div class=\"vmagazine-fullwid-slider block-post-wrapper block_layout_2\" data-count=\"10\">\r\n            <div class=\"slick-wrap sl-before-load\">\r\n                                    <div class=\"single-post clearfix\">\r\n                            \r\n                                <div class=\"post-thumb\">\r\n                                            <img class=\"lazy\" data-src=\"http:\/\/elobservatorio.com.mx\/wp-content\/uploads\/2026\/02\/rector-asiste-a-desayuno-por-el-dia-del-ejercito-mexicano-a.jpg\" alt=\"Participa UdeC en desayuno conmemorativo por el D\u00eda del Ej\u00e9rcito Mexicano\" title=\"Participa UdeC en desayuno conmemorativo por el D\u00eda del Ej\u00e9rcito Mexicano\" \/>\r\n                                            <div class=\"image-overlay\"><\/div>\r\n                                <\/div><!-- .post-thumb -->\r\n                                <div class=\"post-content-wrapper clearfix\">\r\n                                    <span class=\"cat-links\"><a href=\"http:\/\/elobservatorio.com.mx\/?cat=19\" class=\"cat-19\" rel=\"category tag\">Fotonotas<\/a><\/span>\r\n                                                                        <div class=\"post-meta clearfix\">\r\n                                        <span class=\"posted-on\"><i class=\"fa fa-clock-o\"><\/i>20 febrero, 2026<\/span><span class=\"comments\"><i class=\"fa fa-comments\"><\/i>0<\/span><span class=\"post-view\"><i class=\"fa fa-eye\"><\/i>498<\/span>                                    <\/div><!-- .post-meta --> \r\n                                                                        <h3 class=\"extra-large-font\">\r\n                                        <a href=\"http:\/\/elobservatorio.com.mx\/?p=33455\">\r\n                                             Participa UdeC en desayuno conmemorativo por el D\u00eda del Ej\u00e9rcito Mexicano                                        <\/a>\r\n                                    <\/h3>\r\n                                    \r\n                                <\/div><!-- .post-content-wrapper -->\r\n                           \r\n                        <\/div><!-- .single-post  -->\r\n                                                <div class=\"single-post clearfix\">\r\n                            \r\n                                <div class=\"post-thumb\">\r\n                                            <img class=\"lazy\" data-src=\"http:\/\/elobservatorio.com.mx\/wp-content\/uploads\/2026\/02\/asiste-rector-a-la-colocacion-de-primera-piedra-del-crit-colima.jpg\" alt=\"Asiste rector de la UdeC como invitado a colocaci\u00f3n de la primera piedra del CRIT\" title=\"Asiste rector de la UdeC como invitado a colocaci\u00f3n de la primera piedra del CRIT\" \/>\r\n                                            <div class=\"image-overlay\"><\/div>\r\n                                <\/div><!-- .post-thumb -->\r\n                                <div class=\"post-content-wrapper clearfix\">\r\n                                    <span class=\"cat-links\"><a href=\"http:\/\/elobservatorio.com.mx\/?cat=19\" class=\"cat-19\" rel=\"category tag\">Fotonotas<\/a><\/span>\r\n                                                                        <div class=\"post-meta clearfix\">\r\n                                        <span class=\"posted-on\"><i class=\"fa fa-clock-o\"><\/i>20 febrero, 2026<\/span><span class=\"comments\"><i class=\"fa fa-comments\"><\/i>0<\/span><span class=\"post-view\"><i class=\"fa fa-eye\"><\/i>529<\/span>                                    <\/div><!-- .post-meta --> \r\n                                                                        <h3 class=\"extra-large-font\">\r\n                                        <a href=\"http:\/\/elobservatorio.com.mx\/?p=33452\">\r\n                                             Asiste rector de la UdeC como invitado a colocaci\u00f3n de la primera piedra del CRIT                                        <\/a>\r\n                                    <\/h3>\r\n                                    \r\n                                <\/div><!-- .post-content-wrapper -->\r\n                           \r\n                        <\/div><!-- .single-post  -->\r\n                                                <div class=\"single-post clearfix\">\r\n                            \r\n                                <div class=\"post-thumb\">\r\n                                            <img class=\"lazy\" data-src=\"http:\/\/elobservatorio.com.mx\/wp-content\/uploads\/2025\/08\/proponen-trabajo-conjunto-udec-y-sexta-region-naval.jpg\" alt=\"Proponen trabajo conjunto UdeC y Sexta Regi\u00f3n naval\" title=\"Proponen trabajo conjunto UdeC y Sexta Regi\u00f3n naval\" \/>\r\n                                            <div class=\"image-overlay\"><\/div>\r\n                                <\/div><!-- .post-thumb -->\r\n                                <div class=\"post-content-wrapper clearfix\">\r\n                                    <span class=\"cat-links\"><a href=\"http:\/\/elobservatorio.com.mx\/?cat=19\" class=\"cat-19\" rel=\"category tag\">Fotonotas<\/a><a href=\"http:\/\/elobservatorio.com.mx\/?cat=14\" class=\"cat-14\" rel=\"category tag\">Educaci\u00f3n y Cultura<\/a><\/span>\r\n                                                                        <div class=\"post-meta clearfix\">\r\n                                        <span class=\"posted-on\"><i class=\"fa fa-clock-o\"><\/i>6 agosto, 2025<\/span><span class=\"comments\"><i class=\"fa fa-comments\"><\/i>0<\/span><span class=\"post-view\"><i class=\"fa fa-eye\"><\/i>1990<\/span>                                    <\/div><!-- .post-meta --> \r\n                                                                        <h3 class=\"extra-large-font\">\r\n                                        <a href=\"http:\/\/elobservatorio.com.mx\/?p=32882\">\r\n                                             Proponen trabajo conjunto UdeC y Sexta Regi\u00f3n naval                                        <\/a>\r\n                                    <\/h3>\r\n                                    \r\n                                <\/div><!-- .post-content-wrapper -->\r\n                           \r\n                        <\/div><!-- .single-post  -->\r\n                                                <div class=\"single-post clearfix\">\r\n                            \r\n                                <div class=\"post-thumb\">\r\n                                            <img class=\"lazy\" data-src=\"http:\/\/elobservatorio.com.mx\/wp-content\/uploads\/2025\/05\/visita-al-rector-nuevo-comandante-de-la-xx-zm.jpg\" alt=\"UdeC y XX Zona Militar se unen por la seguridad y una cultura de paz\" title=\"UdeC y XX Zona Militar se unen por la seguridad y una cultura de paz\" \/>\r\n                                            <div class=\"image-overlay\"><\/div>\r\n                                <\/div><!-- .post-thumb -->\r\n                                <div class=\"post-content-wrapper clearfix\">\r\n                                    <span class=\"cat-links\"><a href=\"http:\/\/elobservatorio.com.mx\/?cat=19\" class=\"cat-19\" rel=\"category tag\">Fotonotas<\/a><\/span>\r\n                                                                        <div class=\"post-meta clearfix\">\r\n                                        <span class=\"posted-on\"><i class=\"fa fa-clock-o\"><\/i>14 mayo, 2025<\/span><span class=\"comments\"><i class=\"fa fa-comments\"><\/i>0<\/span><span class=\"post-view\"><i class=\"fa fa-eye\"><\/i>2228<\/span>                                    <\/div><!-- .post-meta --> \r\n                                                                        <h3 class=\"extra-large-font\">\r\n                                        <a href=\"http:\/\/elobservatorio.com.mx\/?p=32554\">\r\n                                             UdeC y XX Zona Militar se unen por la seguridad y una cultura de paz                                        <\/a>\r\n                                    <\/h3>\r\n                                    \r\n                                <\/div><!-- .post-content-wrapper -->\r\n                           \r\n                        <\/div><!-- .single-post  -->\r\n                                                <div class=\"single-post clearfix\">\r\n                            \r\n                                <div class=\"post-thumb\">\r\n                                            <img class=\"lazy\" data-src=\"http:\/\/elobservatorio.com.mx\/wp-content\/uploads\/2025\/02\/img-20250222-wa0059.jpg\" alt=\"La Polic\u00eda Municipal de Colima detiene a un individuo que pretend\u00eda asaltar a la trabajadora de una gasolinera en el centro de Colima\" title=\"La Polic\u00eda Municipal de Colima detiene a un individuo que pretend\u00eda asaltar a la trabajadora de una gasolinera en el centro de Colima\" \/>\r\n                                            <div class=\"image-overlay\"><\/div>\r\n                                <\/div><!-- .post-thumb -->\r\n                                <div class=\"post-content-wrapper clearfix\">\r\n                                    <span class=\"cat-links\"><a href=\"http:\/\/elobservatorio.com.mx\/?cat=19\" class=\"cat-19\" rel=\"category tag\">Fotonotas<\/a><a href=\"http:\/\/elobservatorio.com.mx\/?cat=36\" class=\"cat-36\" rel=\"category tag\">Colima<\/a><a href=\"http:\/\/elobservatorio.com.mx\/?cat=8\" class=\"cat-8\" rel=\"category tag\">Municipios<\/a><a href=\"http:\/\/elobservatorio.com.mx\/?cat=15\" class=\"cat-15\" rel=\"category tag\">Seguridad y Justicia<\/a><\/span>\r\n                                                                        <div class=\"post-meta clearfix\">\r\n                                        <span class=\"posted-on\"><i class=\"fa fa-clock-o\"><\/i>23 febrero, 2025<\/span><span class=\"comments\"><i class=\"fa fa-comments\"><\/i>0<\/span><span class=\"post-view\"><i class=\"fa fa-eye\"><\/i>2249<\/span>                                    <\/div><!-- .post-meta --> \r\n                                                                        <h3 class=\"extra-large-font\">\r\n                                        <a href=\"http:\/\/elobservatorio.com.mx\/?p=32161\">\r\n                                             La Polic\u00eda Municipal de Colima detiene a un individuo que pretend\u00eda asaltar a la trabajadora de una gasolinera en el centro de Colima                                        <\/a>\r\n                                    <\/h3>\r\n                                    \r\n                                <\/div><!-- .post-content-wrapper -->\r\n                           \r\n                        <\/div><!-- .single-post  -->\r\n                                                <div class=\"single-post clearfix\">\r\n                            \r\n                                <div class=\"post-thumb\">\r\n                                            <img class=\"lazy\" data-src=\"http:\/\/elobservatorio.com.mx\/wp-content\/uploads\/2024\/10\/zambada.jpg\" alt=\"Designan a Manuel Ignacio Zambada Torres encargado del despacho de la CEAC\" title=\"Designan a Manuel Ignacio Zambada Torres encargado del despacho de la CEAC\" \/>\r\n                                            <div class=\"image-overlay\"><\/div>\r\n                                <\/div><!-- .post-thumb -->\r\n                                <div class=\"post-content-wrapper clearfix\">\r\n                                    <span class=\"cat-links\"><a href=\"http:\/\/elobservatorio.com.mx\/?cat=19\" class=\"cat-19\" rel=\"category tag\">Fotonotas<\/a><\/span>\r\n                                                                        <div class=\"post-meta clearfix\">\r\n                                        <span class=\"posted-on\"><i class=\"fa fa-clock-o\"><\/i>22 octubre, 2024<\/span><span class=\"comments\"><i class=\"fa fa-comments\"><\/i>0<\/span><span class=\"post-view\"><i class=\"fa fa-eye\"><\/i>2303<\/span>                                    <\/div><!-- .post-meta --> \r\n                                                                        <h3 class=\"extra-large-font\">\r\n                                        <a href=\"http:\/\/elobservatorio.com.mx\/?p=31271\">\r\n                                             Designan a Manuel Ignacio Zambada Torres encargado del despacho de la CEAC                                        <\/a>\r\n                                    <\/h3>\r\n                                    \r\n                                <\/div><!-- .post-content-wrapper -->\r\n                           \r\n                        <\/div><!-- .single-post  -->\r\n                                                <div class=\"single-post clearfix\">\r\n                            \r\n                                <div class=\"post-thumb\">\r\n                                            <img class=\"lazy\" data-src=\"http:\/\/elobservatorio.com.mx\/wp-content\/uploads\/2024\/09\/rector-udec-invitado-a-3er-informe-de-tey-gutierrez-b.jpg\" alt=\"Invitan al rector de la UdeC a tercer informe de labores de Tey Guti\u00e9rrez\" title=\"Invitan al rector de la UdeC a tercer informe de labores de Tey Guti\u00e9rrez\" \/>\r\n                                            <div class=\"image-overlay\"><\/div>\r\n                                <\/div><!-- .post-thumb -->\r\n                                <div class=\"post-content-wrapper clearfix\">\r\n                                    <span class=\"cat-links\"><a href=\"http:\/\/elobservatorio.com.mx\/?cat=14\" class=\"cat-14\" rel=\"category tag\">Educaci\u00f3n y Cultura<\/a><a href=\"http:\/\/elobservatorio.com.mx\/?cat=19\" class=\"cat-19\" rel=\"category tag\">Fotonotas<\/a><\/span>\r\n                                                                        <div class=\"post-meta clearfix\">\r\n                                        <span class=\"posted-on\"><i class=\"fa fa-clock-o\"><\/i>21 septiembre, 2024<\/span><span class=\"comments\"><i class=\"fa fa-comments\"><\/i>0<\/span><span class=\"post-view\"><i class=\"fa fa-eye\"><\/i>2972<\/span>                                    <\/div><!-- .post-meta --> \r\n                                                                        <h3 class=\"extra-large-font\">\r\n                                        <a href=\"http:\/\/elobservatorio.com.mx\/?p=30950\">\r\n                                             Invitan al rector de la UdeC a tercer informe de labores de Tey Guti\u00e9rrez                                        <\/a>\r\n                                    <\/h3>\r\n                                    \r\n                                <\/div><!-- .post-content-wrapper -->\r\n                           \r\n                        <\/div><!-- .single-post  -->\r\n                                                <div class=\"single-post clearfix\">\r\n                            \r\n                                <div class=\"post-thumb\">\r\n                                            <img class=\"lazy\" data-src=\"http:\/\/elobservatorio.com.mx\/wp-content\/uploads\/2024\/01\/rector-y-funcionarios-estatales-dan-seguimiento-a-proyectos-conjuntos-a.jpg\" alt=\"Rector y funcionarios estatales dan seguimiento a proyectos conjuntos\" title=\"Rector y funcionarios estatales dan seguimiento a proyectos conjuntos\" \/>\r\n                                            <div class=\"image-overlay\"><\/div>\r\n                                <\/div><!-- .post-thumb -->\r\n                                <div class=\"post-content-wrapper clearfix\">\r\n                                    <span class=\"cat-links\"><a href=\"http:\/\/elobservatorio.com.mx\/?cat=19\" class=\"cat-19\" rel=\"category tag\">Fotonotas<\/a><\/span>\r\n                                                                        <div class=\"post-meta clearfix\">\r\n                                        <span class=\"posted-on\"><i class=\"fa fa-clock-o\"><\/i>24 enero, 2024<\/span><span class=\"comments\"><i class=\"fa fa-comments\"><\/i>0<\/span><span class=\"post-view\"><i class=\"fa fa-eye\"><\/i>2075<\/span>                                    <\/div><!-- .post-meta --> \r\n                                                                        <h3 class=\"extra-large-font\">\r\n                                        <a href=\"http:\/\/elobservatorio.com.mx\/?p=29468\">\r\n                                             Rector y funcionarios estatales dan seguimiento a proyectos conjuntos                                        <\/a>\r\n                                    <\/h3>\r\n                                    \r\n                                <\/div><!-- .post-content-wrapper -->\r\n                           \r\n                        <\/div><!-- .single-post  -->\r\n                                                <div class=\"single-post clearfix\">\r\n                            \r\n                                <div class=\"post-thumb\">\r\n                                            <img class=\"lazy\" data-src=\"http:\/\/elobservatorio.com.mx\/wp-content\/uploads\/2023\/11\/asiste-rector-de-la-udec-al-segundo-informe-y-mensaje-de-la-gobernadora-indira-vizcaino-1.jpg\" alt=\"Asiste rector de la UdeC al segundo informe y mensaje de la gobernadora Indira Vizca\u00edno\" title=\"Asiste rector de la UdeC al segundo informe y mensaje de la gobernadora Indira Vizca\u00edno\" \/>\r\n                                            <div class=\"image-overlay\"><\/div>\r\n                                <\/div><!-- .post-thumb -->\r\n                                <div class=\"post-content-wrapper clearfix\">\r\n                                    <span class=\"cat-links\"><a href=\"http:\/\/elobservatorio.com.mx\/?cat=19\" class=\"cat-19\" rel=\"category tag\">Fotonotas<\/a><\/span>\r\n                                                                        <div class=\"post-meta clearfix\">\r\n                                        <span class=\"posted-on\"><i class=\"fa fa-clock-o\"><\/i>23 noviembre, 2023<\/span><span class=\"comments\"><i class=\"fa fa-comments\"><\/i>0<\/span><span class=\"post-view\"><i class=\"fa fa-eye\"><\/i>2020<\/span>                                    <\/div><!-- .post-meta --> \r\n                                                                        <h3 class=\"extra-large-font\">\r\n                                        <a href=\"http:\/\/elobservatorio.com.mx\/?p=28881\">\r\n                                             Asiste rector de la UdeC al segundo informe y mensaje de la gobernadora Indira Vizca\u00edno                                        <\/a>\r\n                                    <\/h3>\r\n                                    \r\n                                <\/div><!-- .post-content-wrapper -->\r\n                           \r\n                        <\/div><!-- .single-post  -->\r\n                                                <div class=\"single-post clearfix\">\r\n                            \r\n                                <div class=\"post-thumb\">\r\n                                            <img class=\"lazy\" data-src=\"http:\/\/elobservatorio.com.mx\/wp-content\/uploads\/2023\/06\/participa-mitoteliztli-en-festival-nacional-de-folklore-b.jpeg\" alt=\"Participa Mitoteliztli en Festival Nacional de Folklore\" title=\"Participa Mitoteliztli en Festival Nacional de Folklore\" \/>\r\n                                            <div class=\"image-overlay\"><\/div>\r\n                                <\/div><!-- .post-thumb -->\r\n                                <div class=\"post-content-wrapper clearfix\">\r\n                                    <span class=\"cat-links\"><a href=\"http:\/\/elobservatorio.com.mx\/?cat=19\" class=\"cat-19\" rel=\"category tag\">Fotonotas<\/a><\/span>\r\n                                                                        <div class=\"post-meta clearfix\">\r\n                                        <span class=\"posted-on\"><i class=\"fa fa-clock-o\"><\/i>16 junio, 2023<\/span><span class=\"comments\"><i class=\"fa fa-comments\"><\/i>0<\/span><span class=\"post-view\"><i class=\"fa fa-eye\"><\/i>2141<\/span>                                    <\/div><!-- .post-meta --> \r\n                                                                        <h3 class=\"extra-large-font\">\r\n                                        <a href=\"http:\/\/elobservatorio.com.mx\/?p=27271\">\r\n                                             Participa Mitoteliztli en Festival Nacional de Folklore                                        <\/a>\r\n                                    <\/h3>\r\n                                    \r\n                                <\/div><!-- .post-content-wrapper -->\r\n                           \r\n                        <\/div><!-- .single-post  -->\r\n                                    <\/div> \r\n                        <div class=\"vmagazine-container\">\r\n                        <div class=\"posts-tab-wrap sl-before-load\">\r\n                                \r\n                <div class=\"single-post clearfix\">  \r\n                    <div class=\"slider-nav-inner-wrapper\">\r\n                        <div class=\"post-thumb\">\r\n                            <a href=\"javascript:void(0)\" class=\"thumb-zoom\">\r\n                                        <img class=\"lazy\" data-src=\"http:\/\/elobservatorio.com.mx\/wp-content\/uploads\/2026\/02\/rector-asiste-a-desayuno-por-el-dia-del-ejercito-mexicano-a.jpg\" alt=\"Participa UdeC en desayuno conmemorativo por el D\u00eda del Ej\u00e9rcito Mexicano\" title=\"Participa UdeC en desayuno conmemorativo por el D\u00eda del Ej\u00e9rcito Mexicano\" \/>\r\n                                        <div class=\"image-overlay\"><\/div>\r\n                            <\/a>\r\n                                                    <\/div><!-- .post-thumb -->\r\n                        <div class=\"post-caption-wrapper\">\r\n                             <span class=\"posted-on\"><i class=\"fa fa-clock-o\"><\/i>20 febrero, 2026<\/span>                            <h3 class=\"large-font\">\r\n                                Participa UdeC en desayuno conmemorativo por el D\u00eda del Ej\u00e9rcito Mexicano                            <\/h3>\r\n                           \r\n                        <\/div><!-- .post-caption-wrapper -->\r\n                    <\/div><!-- .slider-nav-inner-wrapper -->\r\n                <\/div> \r\n                                \r\n                <div class=\"single-post clearfix\">  \r\n                    <div class=\"slider-nav-inner-wrapper\">\r\n                        <div class=\"post-thumb\">\r\n                            <a href=\"javascript:void(0)\" class=\"thumb-zoom\">\r\n                                        <img class=\"lazy\" data-src=\"http:\/\/elobservatorio.com.mx\/wp-content\/uploads\/2026\/02\/asiste-rector-a-la-colocacion-de-primera-piedra-del-crit-colima.jpg\" alt=\"Asiste rector de la UdeC como invitado a colocaci\u00f3n de la primera piedra del CRIT\" title=\"Asiste rector de la UdeC como invitado a colocaci\u00f3n de la primera piedra del CRIT\" \/>\r\n                                        <div class=\"image-overlay\"><\/div>\r\n                            <\/a>\r\n                                                    <\/div><!-- .post-thumb -->\r\n                        <div class=\"post-caption-wrapper\">\r\n                             <span class=\"posted-on\"><i class=\"fa fa-clock-o\"><\/i>20 febrero, 2026<\/span>                            <h3 class=\"large-font\">\r\n                                Asiste rector de la UdeC como invitado a colocaci\u00f3n de la primera piedra del CRIT                            <\/h3>\r\n                           \r\n                        <\/div><!-- .post-caption-wrapper -->\r\n                    <\/div><!-- .slider-nav-inner-wrapper -->\r\n                <\/div> \r\n                                \r\n                <div class=\"single-post clearfix\">  \r\n                    <div class=\"slider-nav-inner-wrapper\">\r\n                        <div class=\"post-thumb\">\r\n                            <a href=\"javascript:void(0)\" class=\"thumb-zoom\">\r\n                                        <img class=\"lazy\" data-src=\"http:\/\/elobservatorio.com.mx\/wp-content\/uploads\/2025\/08\/proponen-trabajo-conjunto-udec-y-sexta-region-naval.jpg\" alt=\"Proponen trabajo conjunto UdeC y Sexta Regi\u00f3n naval\" title=\"Proponen trabajo conjunto UdeC y Sexta Regi\u00f3n naval\" \/>\r\n                                        <div class=\"image-overlay\"><\/div>\r\n                            <\/a>\r\n                                                    <\/div><!-- .post-thumb -->\r\n                        <div class=\"post-caption-wrapper\">\r\n                             <span class=\"posted-on\"><i class=\"fa fa-clock-o\"><\/i>6 agosto, 2025<\/span>                            <h3 class=\"large-font\">\r\n                                Proponen trabajo conjunto UdeC y Sexta Regi\u00f3n naval                            <\/h3>\r\n                           \r\n                        <\/div><!-- .post-caption-wrapper -->\r\n                    <\/div><!-- .slider-nav-inner-wrapper -->\r\n                <\/div> \r\n                                \r\n                <div class=\"single-post clearfix\">  \r\n                    <div class=\"slider-nav-inner-wrapper\">\r\n                        <div class=\"post-thumb\">\r\n                            <a href=\"javascript:void(0)\" class=\"thumb-zoom\">\r\n                                        <img class=\"lazy\" data-src=\"http:\/\/elobservatorio.com.mx\/wp-content\/uploads\/2025\/05\/visita-al-rector-nuevo-comandante-de-la-xx-zm.jpg\" alt=\"UdeC y XX Zona Militar se unen por la seguridad y una cultura de paz\" title=\"UdeC y XX Zona Militar se unen por la seguridad y una cultura de paz\" \/>\r\n                                        <div class=\"image-overlay\"><\/div>\r\n                            <\/a>\r\n                                                    <\/div><!-- .post-thumb -->\r\n                        <div class=\"post-caption-wrapper\">\r\n                             <span class=\"posted-on\"><i class=\"fa fa-clock-o\"><\/i>14 mayo, 2025<\/span>                            <h3 class=\"large-font\">\r\n                                UdeC y XX Zona Militar se unen por la seguridad y una cultura de paz                            <\/h3>\r\n                           \r\n                        <\/div><!-- .post-caption-wrapper -->\r\n                    <\/div><!-- .slider-nav-inner-wrapper -->\r\n                <\/div> \r\n                                \r\n                <div class=\"single-post clearfix\">  \r\n                    <div class=\"slider-nav-inner-wrapper\">\r\n                        <div class=\"post-thumb\">\r\n                            <a href=\"javascript:void(0)\" class=\"thumb-zoom\">\r\n                                        <img class=\"lazy\" data-src=\"http:\/\/elobservatorio.com.mx\/wp-content\/uploads\/2025\/02\/img-20250222-wa0059.jpg\" alt=\"La Polic\u00eda Municipal de Colima detiene a un individuo que pretend\u00eda asaltar a la trabajadora de una gasolinera en el centro de Colima\" title=\"La Polic\u00eda Municipal de Colima detiene a un individuo que pretend\u00eda asaltar a la trabajadora de una gasolinera en el centro de Colima\" \/>\r\n                                        <div class=\"image-overlay\"><\/div>\r\n                            <\/a>\r\n                                                    <\/div><!-- .post-thumb -->\r\n                        <div class=\"post-caption-wrapper\">\r\n                             <span class=\"posted-on\"><i class=\"fa fa-clock-o\"><\/i>23 febrero, 2025<\/span>                            <h3 class=\"large-font\">\r\n                                La Polic\u00eda Municipal de Colima detiene a un individuo que pretend\u00eda asaltar a la trabajadora de una gasolinera en el centro de Colima                            <\/h3>\r\n                           \r\n                        <\/div><!-- .post-caption-wrapper -->\r\n                    <\/div><!-- .slider-nav-inner-wrapper -->\r\n                <\/div> \r\n                                \r\n                <div class=\"single-post clearfix\">  \r\n                    <div class=\"slider-nav-inner-wrapper\">\r\n                        <div class=\"post-thumb\">\r\n                            <a href=\"javascript:void(0)\" class=\"thumb-zoom\">\r\n                                        <img class=\"lazy\" data-src=\"http:\/\/elobservatorio.com.mx\/wp-content\/uploads\/2024\/10\/zambada.jpg\" alt=\"Designan a Manuel Ignacio Zambada Torres encargado del despacho de la CEAC\" title=\"Designan a Manuel Ignacio Zambada Torres encargado del despacho de la CEAC\" \/>\r\n                                        <div class=\"image-overlay\"><\/div>\r\n                            <\/a>\r\n                                                    <\/div><!-- .post-thumb -->\r\n                        <div class=\"post-caption-wrapper\">\r\n                             <span class=\"posted-on\"><i class=\"fa fa-clock-o\"><\/i>22 octubre, 2024<\/span>                            <h3 class=\"large-font\">\r\n                                Designan a Manuel Ignacio Zambada Torres encargado del despacho de la CEAC                            <\/h3>\r\n                           \r\n                        <\/div><!-- .post-caption-wrapper -->\r\n                    <\/div><!-- .slider-nav-inner-wrapper -->\r\n                <\/div> \r\n                                \r\n                <div class=\"single-post clearfix\">  \r\n                    <div class=\"slider-nav-inner-wrapper\">\r\n                        <div class=\"post-thumb\">\r\n                            <a href=\"javascript:void(0)\" class=\"thumb-zoom\">\r\n                                        <img class=\"lazy\" data-src=\"http:\/\/elobservatorio.com.mx\/wp-content\/uploads\/2024\/09\/rector-udec-invitado-a-3er-informe-de-tey-gutierrez-b-320x224.jpg\" alt=\"Invitan al rector de la UdeC a tercer informe de labores de Tey Guti\u00e9rrez\" title=\"Invitan al rector de la UdeC a tercer informe de labores de Tey Guti\u00e9rrez\" \/>\r\n                                        <div class=\"image-overlay\"><\/div>\r\n                            <\/a>\r\n                                                    <\/div><!-- .post-thumb -->\r\n                        <div class=\"post-caption-wrapper\">\r\n                             <span class=\"posted-on\"><i class=\"fa fa-clock-o\"><\/i>21 septiembre, 2024<\/span>                            <h3 class=\"large-font\">\r\n                                Invitan al rector de la UdeC a tercer informe de labores de Tey Guti\u00e9rrez                            <\/h3>\r\n                           \r\n                        <\/div><!-- .post-caption-wrapper -->\r\n                    <\/div><!-- .slider-nav-inner-wrapper -->\r\n                <\/div> \r\n                                \r\n                <div class=\"single-post clearfix\">  \r\n                    <div class=\"slider-nav-inner-wrapper\">\r\n                        <div class=\"post-thumb\">\r\n                            <a href=\"javascript:void(0)\" class=\"thumb-zoom\">\r\n                                        <img class=\"lazy\" data-src=\"http:\/\/elobservatorio.com.mx\/wp-content\/uploads\/2024\/01\/rector-y-funcionarios-estatales-dan-seguimiento-a-proyectos-conjuntos-a-320x224.jpg\" alt=\"Rector y funcionarios estatales dan seguimiento a proyectos conjuntos\" title=\"Rector y funcionarios estatales dan seguimiento a proyectos conjuntos\" \/>\r\n                                        <div class=\"image-overlay\"><\/div>\r\n                            <\/a>\r\n                                                    <\/div><!-- .post-thumb -->\r\n                        <div class=\"post-caption-wrapper\">\r\n                             <span class=\"posted-on\"><i class=\"fa fa-clock-o\"><\/i>24 enero, 2024<\/span>                            <h3 class=\"large-font\">\r\n                                Rector y funcionarios estatales dan seguimiento a proyectos conjuntos                            <\/h3>\r\n                           \r\n                        <\/div><!-- .post-caption-wrapper -->\r\n                    <\/div><!-- .slider-nav-inner-wrapper -->\r\n                <\/div> \r\n                                \r\n                <div class=\"single-post clearfix\">  \r\n                    <div class=\"slider-nav-inner-wrapper\">\r\n                        <div class=\"post-thumb\">\r\n                            <a href=\"javascript:void(0)\" class=\"thumb-zoom\">\r\n                                        <img class=\"lazy\" data-src=\"http:\/\/elobservatorio.com.mx\/wp-content\/uploads\/2023\/11\/asiste-rector-de-la-udec-al-segundo-informe-y-mensaje-de-la-gobernadora-indira-vizcaino-1-320x224.jpg\" alt=\"Asiste rector de la UdeC al segundo informe y mensaje de la gobernadora Indira Vizca\u00edno\" title=\"Asiste rector de la UdeC al segundo informe y mensaje de la gobernadora Indira Vizca\u00edno\" \/>\r\n                                        <div class=\"image-overlay\"><\/div>\r\n                            <\/a>\r\n                                                    <\/div><!-- .post-thumb -->\r\n                        <div class=\"post-caption-wrapper\">\r\n                             <span class=\"posted-on\"><i class=\"fa fa-clock-o\"><\/i>23 noviembre, 2023<\/span>                            <h3 class=\"large-font\">\r\n                                Asiste rector de la UdeC al segundo informe y mensaje de la gobernadora Indira Vizca\u00edno                            <\/h3>\r\n                           \r\n                        <\/div><!-- .post-caption-wrapper -->\r\n                    <\/div><!-- .slider-nav-inner-wrapper -->\r\n                <\/div> \r\n                                \r\n                <div class=\"single-post clearfix\">  \r\n                    <div class=\"slider-nav-inner-wrapper\">\r\n                        <div class=\"post-thumb\">\r\n                            <a href=\"javascript:void(0)\" class=\"thumb-zoom\">\r\n                                        <img class=\"lazy\" data-src=\"http:\/\/elobservatorio.com.mx\/wp-content\/uploads\/2023\/06\/participa-mitoteliztli-en-festival-nacional-de-folklore-b-320x224.jpeg\" alt=\"Participa Mitoteliztli en Festival Nacional de Folklore\" title=\"Participa Mitoteliztli en Festival Nacional de Folklore\" \/>\r\n                                        <div class=\"image-overlay\"><\/div>\r\n                            <\/a>\r\n                                                    <\/div><!-- .post-thumb -->\r\n                        <div class=\"post-caption-wrapper\">\r\n                             <span class=\"posted-on\"><i class=\"fa fa-clock-o\"><\/i>16 junio, 2023<\/span>                            <h3 class=\"large-font\">\r\n                                Participa Mitoteliztli en Festival Nacional de Folklore                            <\/h3>\r\n                           \r\n                        <\/div><!-- .post-caption-wrapper -->\r\n                    <\/div><!-- .slider-nav-inner-wrapper -->\r\n                <\/div> \r\n                               \r\n            <\/div>\r\n                        <\/div>\r\n                    <\/div><!-- .block-post-wrapper -->\r\n    <\/div><\/div><\/div><\/div><div id=\"pg-134-7\"  class=\"panel-grid panel-has-style\" ><div class=\"panel-row-style panel-row-style-for-134-7\" ><div id=\"pgc-134-7-0\"  class=\"panel-grid-cell\" ><div id=\"panel-134-7-0-0\" class=\"so-panel widget widget_vmagazine_block_grid_list vmagazine_block_grid_list panel-first-child panel-last-child\" data-index=\"12\">    <div class=\"vmagazine-grid-list-wrapp grid-two no-desc\">\r\n        <div class=\"block-header clearfix\">\r\n            <h4 class=\"block-title\"><span class=\"title-bg\">\r\nCIENCIA Y TECNOLOG\u00cdA    <\/span><\/h4>\r\n    <\/div><!-- .block-header-->\r\n            <div class=\"vmagazine-grid-list block-post-wrapper grid-two\">\r\n            \r\n            <div class=\"posts-wrap\">\r\n                                        <div class=\"single-post first-post clearfix wow fadeInUp\" data-wow-duration=\"0.7s\">\r\n                            <div class=\"post-thumb\">\r\n                                <a class=\"thumb-zoom\" href=\"http:\/\/elobservatorio.com.mx\/?p=32353\" title=\"Si el error humano desapareciera, 19 de cada 20 ciberataques no ocurrir\u00edan\">\r\n                                            <img class=\"lazy\" data-src=\"http:\/\/elobservatorio.com.mx\/wp-content\/uploads\/2025\/03\/imagen-2.jpeg\" alt=\"Si el error humano desapareciera, 19 de cada 20 ciberataques no ocurrir\u00edan\" title=\"Si el error humano desapareciera, 19 de cada 20 ciberataques no ocurrir\u00edan\" \/>\r\n                                            <div class=\"image-overlay\"><\/div>\r\n                                <\/a>\r\n                                                            <\/div><!-- .post-thumb -->\r\n                            <div class=\"post-content-wrapper clearfix\">\r\n                                                                <div class=\"post-meta clearfix\">\r\n                                   <span class=\"posted-on\"><i class=\"fa fa-clock-o\"><\/i>31 marzo, 2025<\/span><span class=\"comments\"><i class=\"fa fa-comments\"><\/i>0<\/span><span class=\"post-view\"><i class=\"fa fa-eye\"><\/i>2725<\/span>                                <\/div><!-- .post-meta --> \r\n                                                               \r\n                                <h3 class=\"large-font\">\r\n                                    <a href=\"http:\/\/elobservatorio.com.mx\/?p=32353\">\r\n                                        Si el error humano desapareciera, 19 de cada 20 ciberataques no ocurrir\u00edan                                    <\/a>\r\n                                <\/h3>\r\n                                \r\n                                \r\n                            <\/div><!-- .post-content-wrapper -->\r\n                        <\/div><!-- .single-post  -->\r\n                                                <div class=\"single-post  clearfix wow fadeInUp\" data-wow-duration=\"0.7s\">\r\n                            <div class=\"post-thumb\">\r\n                                <a class=\"thumb-zoom\" href=\"http:\/\/elobservatorio.com.mx\/?p=31866\" title=\"Imparten matem\u00e1ticas de manera creativa, en la UdeC\">\r\n                                            <img class=\"lazy\" data-src=\"http:\/\/elobservatorio.com.mx\/wp-content\/uploads\/2025\/01\/curso-mas-alla-de-los-numeros-andres-pedroza.jpg\" alt=\"Imparten matem\u00e1ticas de manera creativa, en la UdeC\" title=\"Imparten matem\u00e1ticas de manera creativa, en la UdeC\" \/>\r\n                                            <div class=\"image-overlay\"><\/div>\r\n                                <\/a>\r\n                                                            <\/div><!-- .post-thumb -->\r\n                            <div class=\"post-content-wrapper clearfix\">\r\n                                                                <div class=\"post-meta clearfix\">\r\n                                   <span class=\"posted-on\"><i class=\"fa fa-clock-o\"><\/i>14 enero, 2025<\/span><span class=\"comments\"><i class=\"fa fa-comments\"><\/i>0<\/span><span class=\"post-view\"><i class=\"fa fa-eye\"><\/i>2125<\/span>                                <\/div><!-- .post-meta --> \r\n                                                               \r\n                                <h3 class=\"large-font\">\r\n                                    <a href=\"http:\/\/elobservatorio.com.mx\/?p=31866\">\r\n                                        Imparten matem\u00e1ticas de manera creativa, en la UdeC                                    <\/a>\r\n                                <\/h3>\r\n                                \r\n                                \r\n                            <\/div><!-- .post-content-wrapper -->\r\n                        <\/div><!-- .single-post  -->\r\n                                                <div class=\"single-post  clearfix wow fadeInUp\" data-wow-duration=\"0.7s\">\r\n                            <div class=\"post-thumb\">\r\n                                <a class=\"thumb-zoom\" href=\"http:\/\/elobservatorio.com.mx\/?p=31862\" title=\"Se suma UdeC a di\u00e1logo nacional sobre agroecolog\u00eda y desarrollo sustentable\">\r\n                                            <img class=\"lazy\" data-src=\"http:\/\/elobservatorio.com.mx\/wp-content\/uploads\/2025\/01\/se-suma-udec-al-dialogo-nacional-sobre-soberania-alimentaria-a.jpg\" alt=\"Se suma UdeC a di\u00e1logo nacional sobre agroecolog\u00eda y desarrollo sustentable\" title=\"Se suma UdeC a di\u00e1logo nacional sobre agroecolog\u00eda y desarrollo sustentable\" \/>\r\n                                            <div class=\"image-overlay\"><\/div>\r\n                                <\/a>\r\n                                                            <\/div><!-- .post-thumb -->\r\n                            <div class=\"post-content-wrapper clearfix\">\r\n                                                                <div class=\"post-meta clearfix\">\r\n                                   <span class=\"posted-on\"><i class=\"fa fa-clock-o\"><\/i>14 enero, 2025<\/span><span class=\"comments\"><i class=\"fa fa-comments\"><\/i>0<\/span><span class=\"post-view\"><i class=\"fa fa-eye\"><\/i>1625<\/span>                                <\/div><!-- .post-meta --> \r\n                                                               \r\n                                <h3 class=\"large-font\">\r\n                                    <a href=\"http:\/\/elobservatorio.com.mx\/?p=31862\">\r\n                                        Se suma UdeC a di\u00e1logo nacional sobre agroecolog\u00eda y desarrollo sustentable                                    <\/a>\r\n                                <\/h3>\r\n                                \r\n                                \r\n                            <\/div><!-- .post-content-wrapper -->\r\n                        <\/div><!-- .single-post  -->\r\n                                                <div class=\"single-post  clearfix wow fadeInUp\" data-wow-duration=\"0.7s\">\r\n                            <div class=\"post-thumb\">\r\n                                <a class=\"thumb-zoom\" href=\"http:\/\/elobservatorio.com.mx\/?p=31741\" title=\"Presidenta Claudia Sheinbaum presenta Olinia, primera armadora mexicana de mini veh\u00edculos el\u00e9ctricos desarrollados en M\u00e9xico: Esto costar\u00e1n.\">\r\n                                            <img class=\"lazy\" data-src=\"http:\/\/elobservatorio.com.mx\/wp-content\/uploads\/2025\/01\/post-2025-01-06-conferencia-de-prensa-matutina-palacio-nacional-20.jpg\" alt=\"Presidenta Claudia Sheinbaum presenta Olinia, primera armadora mexicana de mini veh\u00edculos el\u00e9ctricos desarrollados en M\u00e9xico: Esto costar\u00e1n.\" title=\"Presidenta Claudia Sheinbaum presenta Olinia, primera armadora mexicana de mini veh\u00edculos el\u00e9ctricos desarrollados en M\u00e9xico: Esto costar\u00e1n.\" \/>\r\n                                            <div class=\"image-overlay\"><\/div>\r\n                                <\/a>\r\n                                                            <\/div><!-- .post-thumb -->\r\n                            <div class=\"post-content-wrapper clearfix\">\r\n                                                                <div class=\"post-meta clearfix\">\r\n                                   <span class=\"posted-on\"><i class=\"fa fa-clock-o\"><\/i>7 enero, 2025<\/span><span class=\"comments\"><i class=\"fa fa-comments\"><\/i>0<\/span><span class=\"post-view\"><i class=\"fa fa-eye\"><\/i>2625<\/span>                                <\/div><!-- .post-meta --> \r\n                                                               \r\n                                <h3 class=\"large-font\">\r\n                                    <a href=\"http:\/\/elobservatorio.com.mx\/?p=31741\">\r\n                                        Presidenta Claudia Sheinbaum presenta Olinia, primera armadora mexicana de mini veh\u00edculos el\u00e9ctricos desarrollados en M\u00e9xico: Esto costar\u00e1n.                                    <\/a>\r\n                                <\/h3>\r\n                                \r\n                                \r\n                            <\/div><!-- .post-content-wrapper -->\r\n                        <\/div><!-- .single-post  -->\r\n                                    <\/div>\r\n                  <span class=\"view-all\"><a href=\"http:\/\/elobservatorio.com.mx\/?cat=31\">VER TODOS<\/a><\/span>\r\n                \r\n            \r\n        <\/div><!-- .block-post-wrapper -->\r\n    <\/div>\r\n    <\/div><\/div><div id=\"pgc-134-7-1\"  class=\"panel-grid-cell\" ><div id=\"panel-134-7-1-0\" class=\"so-panel widget widget_vmagazine_block_grid_list vmagazine_block_grid_list panel-first-child panel-last-child\" data-index=\"13\">    <div class=\"vmagazine-grid-list-wrapp grid-two no-desc\">\r\n        <div class=\"block-header clearfix\">\r\n            <h4 class=\"block-title\"><span class=\"title-bg\">\r\nESTADO    <\/span><\/h4>\r\n    <\/div><!-- .block-header-->\r\n            <div class=\"vmagazine-grid-list block-post-wrapper grid-two\">\r\n            \r\n            <div class=\"posts-wrap\">\r\n                                        <div class=\"single-post first-post clearfix wow fadeInUp\" data-wow-duration=\"0.7s\">\r\n                            <div class=\"post-thumb\">\r\n                                <a class=\"thumb-zoom\" href=\"http:\/\/elobservatorio.com.mx\/?p=33226\" title=\"Finanzas embarga inmueble del ex gobernador Mario Anguiano por cr\u00e9dito fiscal\">\r\n                                            <img class=\"lazy\" data-src=\"http:\/\/elobservatorio.com.mx\/wp-content\/uploads\/2021\/07\/mario-anguiano-basura-510x369.jpg\" alt=\"Finanzas embarga inmueble del ex gobernador Mario Anguiano por cr\u00e9dito fiscal\" title=\"Finanzas embarga inmueble del ex gobernador Mario Anguiano por cr\u00e9dito fiscal\" \/>\r\n                                            <div class=\"image-overlay\"><\/div>\r\n                                <\/a>\r\n                                                            <\/div><!-- .post-thumb -->\r\n                            <div class=\"post-content-wrapper clearfix\">\r\n                                                                <div class=\"post-meta clearfix\">\r\n                                   <span class=\"posted-on\"><i class=\"fa fa-clock-o\"><\/i>20 noviembre, 2025<\/span><span class=\"comments\"><i class=\"fa fa-comments\"><\/i>0<\/span><span class=\"post-view\"><i class=\"fa fa-eye\"><\/i>1445<\/span>                                <\/div><!-- .post-meta --> \r\n                                                               \r\n                                <h3 class=\"large-font\">\r\n                                    <a href=\"http:\/\/elobservatorio.com.mx\/?p=33226\">\r\n                                        Finanzas embarga inmueble del ex gobernador Mario Anguiano por cr\u00e9dito fiscal                                    <\/a>\r\n                                <\/h3>\r\n                                \r\n                                \r\n                            <\/div><!-- .post-content-wrapper -->\r\n                        <\/div><!-- .single-post  -->\r\n                                                <div class=\"single-post  clearfix wow fadeInUp\" data-wow-duration=\"0.7s\">\r\n                            <div class=\"post-thumb\">\r\n                                <a class=\"thumb-zoom\" href=\"http:\/\/elobservatorio.com.mx\/?p=32627\" title=\"Contra los delincuentes debe haber chingadazos: Carlos Manzo\">\r\n                                            <img class=\"lazy\" data-src=\"http:\/\/elobservatorio.com.mx\/wp-content\/uploads\/2025\/05\/carlos-manzo.jpg\" alt=\"Contra los delincuentes debe haber chingadazos: Carlos Manzo\" title=\"Contra los delincuentes debe haber chingadazos: Carlos Manzo\" \/>\r\n                                            <div class=\"image-overlay\"><\/div>\r\n                                <\/a>\r\n                                                            <\/div><!-- .post-thumb -->\r\n                            <div class=\"post-content-wrapper clearfix\">\r\n                                                                <div class=\"post-meta clearfix\">\r\n                                   <span class=\"posted-on\"><i class=\"fa fa-clock-o\"><\/i>31 mayo, 2025<\/span><span class=\"comments\"><i class=\"fa fa-comments\"><\/i>0<\/span><span class=\"post-view\"><i class=\"fa fa-eye\"><\/i>2169<\/span>                                <\/div><!-- .post-meta --> \r\n                                                               \r\n                                <h3 class=\"large-font\">\r\n                                    <a href=\"http:\/\/elobservatorio.com.mx\/?p=32627\">\r\n                                        Contra los delincuentes debe haber chingadazos: Carlos Manzo                                    <\/a>\r\n                                <\/h3>\r\n                                \r\n                                \r\n                            <\/div><!-- .post-content-wrapper -->\r\n                        <\/div><!-- .single-post  -->\r\n                                                <div class=\"single-post  clearfix wow fadeInUp\" data-wow-duration=\"0.7s\">\r\n                            <div class=\"post-thumb\">\r\n                                <a class=\"thumb-zoom\" href=\"http:\/\/elobservatorio.com.mx\/?p=31855\" title=\"EL INE Y SU NUEVO DESAF\u00cdO COMPARTIDO CON LOS CIUDADANOS\">\r\n                                            <img class=\"lazy\" data-src=\"http:\/\/elobservatorio.com.mx\/wp-content\/uploads\/2025\/01\/el-ine-solicito-40-mil-millones-de-pesos-para-este-proceso-extraordinario-pero-solo-recibira-27-mil-millones.jpg\" alt=\"EL INE Y SU NUEVO DESAF\u00cdO COMPARTIDO CON LOS CIUDADANOS\" title=\"EL INE Y SU NUEVO DESAF\u00cdO COMPARTIDO CON LOS CIUDADANOS\" \/>\r\n                                            <div class=\"image-overlay\"><\/div>\r\n                                <\/a>\r\n                                                            <\/div><!-- .post-thumb -->\r\n                            <div class=\"post-content-wrapper clearfix\">\r\n                                                                <div class=\"post-meta clearfix\">\r\n                                   <span class=\"posted-on\"><i class=\"fa fa-clock-o\"><\/i>14 enero, 2025<\/span><span class=\"comments\"><i class=\"fa fa-comments\"><\/i>0<\/span><span class=\"post-view\"><i class=\"fa fa-eye\"><\/i>1812<\/span>                                <\/div><!-- .post-meta --> \r\n                                                               \r\n                                <h3 class=\"large-font\">\r\n                                    <a href=\"http:\/\/elobservatorio.com.mx\/?p=31855\">\r\n                                        EL INE Y SU NUEVO DESAF\u00cdO COMPARTIDO CON LOS CIUDADANOS                                    <\/a>\r\n                                <\/h3>\r\n                                \r\n                                \r\n                            <\/div><!-- .post-content-wrapper -->\r\n                        <\/div><!-- .single-post  -->\r\n                                                <div class=\"single-post  clearfix wow fadeInUp\" data-wow-duration=\"0.7s\">\r\n                            <div class=\"post-thumb\">\r\n                                <a class=\"thumb-zoom\" href=\"http:\/\/elobservatorio.com.mx\/?p=31744\" title=\"Salud Colima llevar\u00e1 fumigaci\u00f3n contra el dengue a municipios de Colima, Coquimatl\u00e1n y \u00abLa Villa\u00bb\">\r\n                                            <img class=\"lazy\" data-src=\"http:\/\/elobservatorio.com.mx\/wp-content\/uploads\/2025\/01\/imagenv2.jpeg\" alt=\"Salud Colima llevar\u00e1 fumigaci\u00f3n contra el dengue a municipios de Colima, Coquimatl\u00e1n y \u00abLa Villa\u00bb\" title=\"Salud Colima llevar\u00e1 fumigaci\u00f3n contra el dengue a municipios de Colima, Coquimatl\u00e1n y \u00abLa Villa\u00bb\" \/>\r\n                                            <div class=\"image-overlay\"><\/div>\r\n                                <\/a>\r\n                                                            <\/div><!-- .post-thumb -->\r\n                            <div class=\"post-content-wrapper clearfix\">\r\n                                                                <div class=\"post-meta clearfix\">\r\n                                   <span class=\"posted-on\"><i class=\"fa fa-clock-o\"><\/i>7 enero, 2025<\/span><span class=\"comments\"><i class=\"fa fa-comments\"><\/i>0<\/span><span class=\"post-view\"><i class=\"fa fa-eye\"><\/i>2108<\/span>                                <\/div><!-- .post-meta --> \r\n                                                               \r\n                                <h3 class=\"large-font\">\r\n                                    <a href=\"http:\/\/elobservatorio.com.mx\/?p=31744\">\r\n                                        Salud Colima llevar\u00e1 fumigaci\u00f3n contra el dengue a municipios de Colima, Coquimatl\u00e1n y \u00abLa Villa\u00bb                                    <\/a>\r\n                                <\/h3>\r\n                                \r\n                                \r\n                            <\/div><!-- .post-content-wrapper -->\r\n                        <\/div><!-- .single-post  -->\r\n                                    <\/div>\r\n                  <span class=\"view-all\"><a href=\"http:\/\/elobservatorio.com.mx\/?cat=16\">VER TODOS<\/a><\/span>\r\n                \r\n            \r\n        <\/div><!-- .block-post-wrapper -->\r\n    <\/div>\r\n    <\/div><\/div><div id=\"pgc-134-7-2\"  class=\"panel-grid-cell\" ><div id=\"panel-134-7-2-0\" class=\"so-panel widget widget_vmagazine_block_grid_list vmagazine_block_grid_list panel-first-child panel-last-child\" data-index=\"14\">    <div class=\"vmagazine-grid-list-wrapp grid-two no-desc\">\r\n        <div class=\"block-header clearfix\">\r\n            <h4 class=\"block-title\"><span class=\"title-bg\">\r\nDEPORTES    <\/span><\/h4>\r\n    <\/div><!-- .block-header-->\r\n            <div class=\"vmagazine-grid-list block-post-wrapper grid-two\">\r\n            \r\n            <div class=\"posts-wrap\">\r\n                                        <div class=\"single-post first-post clearfix wow fadeInUp\" data-wow-duration=\"0.7s\">\r\n                            <div class=\"post-thumb\">\r\n                                <a class=\"thumb-zoom\" href=\"http:\/\/elobservatorio.com.mx\/?p=33579\" title=\"Este 29 de marzo, quinto juego de leyendas vs Teca y homenaje al Chato Avila\">\r\n                                            <img class=\"lazy\" data-src=\"http:\/\/elobservatorio.com.mx\/wp-content\/uploads\/2026\/03\/chato-avila.jpg\" alt=\"Este 29 de marzo, quinto juego de leyendas vs Teca y homenaje al Chato Avila\" title=\"Este 29 de marzo, quinto juego de leyendas vs Teca y homenaje al Chato Avila\" \/>\r\n                                            <div class=\"image-overlay\"><\/div>\r\n                                <\/a>\r\n                                                            <\/div><!-- .post-thumb -->\r\n                            <div class=\"post-content-wrapper clearfix\">\r\n                                                                <div class=\"post-meta clearfix\">\r\n                                   <span class=\"posted-on\"><i class=\"fa fa-clock-o\"><\/i>25 marzo, 2026<\/span><span class=\"comments\"><i class=\"fa fa-comments\"><\/i>0<\/span><span class=\"post-view\"><i class=\"fa fa-eye\"><\/i>495<\/span>                                <\/div><!-- .post-meta --> \r\n                                                               \r\n                                <h3 class=\"large-font\">\r\n                                    <a href=\"http:\/\/elobservatorio.com.mx\/?p=33579\">\r\n                                        Este 29 de marzo, quinto juego de leyendas vs Teca y homenaje al Chato Avila                                    <\/a>\r\n                                <\/h3>\r\n                                \r\n                                \r\n                            <\/div><!-- .post-content-wrapper -->\r\n                        <\/div><!-- .single-post  -->\r\n                                                <div class=\"single-post  clearfix wow fadeInUp\" data-wow-duration=\"0.7s\">\r\n                            <div class=\"post-thumb\">\r\n                                <a class=\"thumb-zoom\" href=\"http:\/\/elobservatorio.com.mx\/?p=32764\" title=\"Ponen en Marcha los Juegos Deportivos Magisteriales del SNTE 6\">\r\n                                            <img class=\"lazy\" data-src=\"http:\/\/elobservatorio.com.mx\/wp-content\/uploads\/2025\/06\/juegos-magisteriales.jpg\" alt=\"Ponen en Marcha los Juegos Deportivos Magisteriales del SNTE 6\" title=\"Ponen en Marcha los Juegos Deportivos Magisteriales del SNTE 6\" \/>\r\n                                            <div class=\"image-overlay\"><\/div>\r\n                                <\/a>\r\n                                                            <\/div><!-- .post-thumb -->\r\n                            <div class=\"post-content-wrapper clearfix\">\r\n                                                                <div class=\"post-meta clearfix\">\r\n                                   <span class=\"posted-on\"><i class=\"fa fa-clock-o\"><\/i>26 junio, 2025<\/span><span class=\"comments\"><i class=\"fa fa-comments\"><\/i>0<\/span><span class=\"post-view\"><i class=\"fa fa-eye\"><\/i>2327<\/span>                                <\/div><!-- .post-meta --> \r\n                                                               \r\n                                <h3 class=\"large-font\">\r\n                                    <a href=\"http:\/\/elobservatorio.com.mx\/?p=32764\">\r\n                                        Ponen en Marcha los Juegos Deportivos Magisteriales del SNTE 6                                    <\/a>\r\n                                <\/h3>\r\n                                \r\n                                \r\n                            <\/div><!-- .post-content-wrapper -->\r\n                        <\/div><!-- .single-post  -->\r\n                                                <div class=\"single-post  clearfix wow fadeInUp\" data-wow-duration=\"0.7s\">\r\n                            <div class=\"post-thumb\">\r\n                                <a class=\"thumb-zoom\" href=\"http:\/\/elobservatorio.com.mx\/?p=30813\" title=\"Premian a ganadores del Torneo Relampago de Voleibol en la colonia L. Moreno\">\r\n                                            <img class=\"lazy\" data-src=\"http:\/\/elobservatorio.com.mx\/wp-content\/uploads\/2024\/09\/volibol-320x224.jpg\" alt=\"Premian a ganadores del Torneo Relampago de Voleibol en la colonia L. Moreno\" title=\"Premian a ganadores del Torneo Relampago de Voleibol en la colonia L. Moreno\" \/>\r\n                                            <div class=\"image-overlay\"><\/div>\r\n                                <\/a>\r\n                                                            <\/div><!-- .post-thumb -->\r\n                            <div class=\"post-content-wrapper clearfix\">\r\n                                                                <div class=\"post-meta clearfix\">\r\n                                   <span class=\"posted-on\"><i class=\"fa fa-clock-o\"><\/i>3 septiembre, 2024<\/span><span class=\"comments\"><i class=\"fa fa-comments\"><\/i>0<\/span><span class=\"post-view\"><i class=\"fa fa-eye\"><\/i>4662<\/span>                                <\/div><!-- .post-meta --> \r\n                                                               \r\n                                <h3 class=\"large-font\">\r\n                                    <a href=\"http:\/\/elobservatorio.com.mx\/?p=30813\">\r\n                                        Premian a ganadores del Torneo Relampago de Voleibol en la colonia L. Moreno                                    <\/a>\r\n                                <\/h3>\r\n                                \r\n                                \r\n                            <\/div><!-- .post-content-wrapper -->\r\n                        <\/div><!-- .single-post  -->\r\n                                                <div class=\"single-post  clearfix wow fadeInUp\" data-wow-duration=\"0.7s\">\r\n                            <div class=\"post-thumb\">\r\n                                <a class=\"thumb-zoom\" href=\"http:\/\/elobservatorio.com.mx\/?p=29490\" title=\"Moderniza INMUDE Manzanillo sistema de iluminaci\u00f3n de unidades deportivas\">\r\n                                            <img class=\"lazy\" data-src=\"http:\/\/elobservatorio.com.mx\/wp-content\/uploads\/2024\/01\/modernizacion-del-sistema-de-iluminacion-4-320x224.jpg\" alt=\"Moderniza INMUDE Manzanillo sistema de iluminaci\u00f3n de unidades deportivas\" title=\"Moderniza INMUDE Manzanillo sistema de iluminaci\u00f3n de unidades deportivas\" \/>\r\n                                            <div class=\"image-overlay\"><\/div>\r\n                                <\/a>\r\n                                                            <\/div><!-- .post-thumb -->\r\n                            <div class=\"post-content-wrapper clearfix\">\r\n                                                                <div class=\"post-meta clearfix\">\r\n                                   <span class=\"posted-on\"><i class=\"fa fa-clock-o\"><\/i>30 enero, 2024<\/span><span class=\"comments\"><i class=\"fa fa-comments\"><\/i>0<\/span><span class=\"post-view\"><i class=\"fa fa-eye\"><\/i>3201<\/span>                                <\/div><!-- .post-meta --> \r\n                                                               \r\n                                <h3 class=\"large-font\">\r\n                                    <a href=\"http:\/\/elobservatorio.com.mx\/?p=29490\">\r\n                                        Moderniza INMUDE Manzanillo sistema de iluminaci\u00f3n de unidades deportivas                                    <\/a>\r\n                                <\/h3>\r\n                                \r\n                                \r\n                            <\/div><!-- .post-content-wrapper -->\r\n                        <\/div><!-- .single-post  -->\r\n                                    <\/div>\r\n                  <span class=\"view-all\"><a href=\"http:\/\/elobservatorio.com.mx\/?cat=21\">VER TODOS<\/a><\/span>\r\n                \r\n            \r\n        <\/div><!-- .block-post-wrapper -->\r\n    <\/div>\r\n    <\/div><\/div><div id=\"pgc-134-7-3\"  class=\"panel-grid-cell\" ><div id=\"panel-134-7-3-0\" class=\"so-panel widget widget_vmagazine_block_grid_list vmagazine_block_grid_list panel-first-child panel-last-child\" data-index=\"15\">    <div class=\"vmagazine-grid-list-wrapp grid-two no-desc\">\r\n        <div class=\"block-header clearfix\">\r\n            <h4 class=\"block-title\"><span class=\"title-bg\">\r\nNACI\u00d3N Y MUNDO    <\/span><\/h4>\r\n    <\/div><!-- .block-header-->\r\n            <div class=\"vmagazine-grid-list block-post-wrapper grid-two\">\r\n            \r\n            <div class=\"posts-wrap\">\r\n                                        <div class=\"single-post first-post clearfix wow fadeInUp\" data-wow-duration=\"0.7s\">\r\n                            <div class=\"post-thumb\">\r\n                                <a class=\"thumb-zoom\" href=\"http:\/\/elobservatorio.com.mx\/?p=31076\" title=\"Presidenta Claudia Sheinbaum presenta estrategia nacional de seguridad\">\r\n                                            <img class=\"lazy\" data-src=\"http:\/\/elobservatorio.com.mx\/wp-content\/uploads\/2024\/10\/gobierno-federal.jpg\" alt=\"Presidenta Claudia Sheinbaum presenta estrategia nacional de seguridad\" title=\"Presidenta Claudia Sheinbaum presenta estrategia nacional de seguridad\" \/>\r\n                                            <div class=\"image-overlay\"><\/div>\r\n                                <\/a>\r\n                                                            <\/div><!-- .post-thumb -->\r\n                            <div class=\"post-content-wrapper clearfix\">\r\n                                                                <div class=\"post-meta clearfix\">\r\n                                   <span class=\"posted-on\"><i class=\"fa fa-clock-o\"><\/i>8 octubre, 2024<\/span><span class=\"comments\"><i class=\"fa fa-comments\"><\/i>0<\/span><span class=\"post-view\"><i class=\"fa fa-eye\"><\/i>2035<\/span>                                <\/div><!-- .post-meta --> \r\n                                                               \r\n                                <h3 class=\"large-font\">\r\n                                    <a href=\"http:\/\/elobservatorio.com.mx\/?p=31076\">\r\n                                        Presidenta Claudia Sheinbaum presenta estrategia nacional de seguridad                                    <\/a>\r\n                                <\/h3>\r\n                                \r\n                                \r\n                            <\/div><!-- .post-content-wrapper -->\r\n                        <\/div><!-- .single-post  -->\r\n                                                <div class=\"single-post  clearfix wow fadeInUp\" data-wow-duration=\"0.7s\">\r\n                            <div class=\"post-thumb\">\r\n                                <a class=\"thumb-zoom\" href=\"http:\/\/elobservatorio.com.mx\/?p=29153\" title=\"En estos pa\u00edses ya le dieron la bienvenida al A\u00f1o Nuevo 2024\">\r\n                                            <img class=\"lazy\" data-src=\"http:\/\/elobservatorio.com.mx\/wp-content\/uploads\/2023\/12\/ano-nuevo-320x224.jpg\" alt=\"En estos pa\u00edses ya le dieron la bienvenida al A\u00f1o Nuevo 2024\" title=\"En estos pa\u00edses ya le dieron la bienvenida al A\u00f1o Nuevo 2024\" \/>\r\n                                            <div class=\"image-overlay\"><\/div>\r\n                                <\/a>\r\n                                                            <\/div><!-- .post-thumb -->\r\n                            <div class=\"post-content-wrapper clearfix\">\r\n                                                                <div class=\"post-meta clearfix\">\r\n                                   <span class=\"posted-on\"><i class=\"fa fa-clock-o\"><\/i>31 diciembre, 2023<\/span><span class=\"comments\"><i class=\"fa fa-comments\"><\/i>0<\/span><span class=\"post-view\"><i class=\"fa fa-eye\"><\/i>3351<\/span>                                <\/div><!-- .post-meta --> \r\n                                                               \r\n                                <h3 class=\"large-font\">\r\n                                    <a href=\"http:\/\/elobservatorio.com.mx\/?p=29153\">\r\n                                        En estos pa\u00edses ya le dieron la bienvenida al A\u00f1o Nuevo 2024                                    <\/a>\r\n                                <\/h3>\r\n                                \r\n                                \r\n                            <\/div><!-- .post-content-wrapper -->\r\n                        <\/div><!-- .single-post  -->\r\n                                                <div class=\"single-post  clearfix wow fadeInUp\" data-wow-duration=\"0.7s\">\r\n                            <div class=\"post-thumb\">\r\n                                <a class=\"thumb-zoom\" href=\"http:\/\/elobservatorio.com.mx\/?p=27930\" title=\"En Quito, asesinan a Fernando Villavicencio, candidato presidencial en Ecuador\">\r\n                                            <img class=\"lazy\" data-src=\"http:\/\/elobservatorio.com.mx\/wp-content\/uploads\/2023\/08\/fernando-320x224.jpg\" alt=\"En Quito, asesinan a Fernando Villavicencio, candidato presidencial en Ecuador\" title=\"En Quito, asesinan a Fernando Villavicencio, candidato presidencial en Ecuador\" \/>\r\n                                            <div class=\"image-overlay\"><\/div>\r\n                                <\/a>\r\n                                                            <\/div><!-- .post-thumb -->\r\n                            <div class=\"post-content-wrapper clearfix\">\r\n                                                                <div class=\"post-meta clearfix\">\r\n                                   <span class=\"posted-on\"><i class=\"fa fa-clock-o\"><\/i>9 agosto, 2023<\/span><span class=\"comments\"><i class=\"fa fa-comments\"><\/i>0<\/span><span class=\"post-view\"><i class=\"fa fa-eye\"><\/i>1508<\/span>                                <\/div><!-- .post-meta --> \r\n                                                               \r\n                                <h3 class=\"large-font\">\r\n                                    <a href=\"http:\/\/elobservatorio.com.mx\/?p=27930\">\r\n                                        En Quito, asesinan a Fernando Villavicencio, candidato presidencial en Ecuador                                    <\/a>\r\n                                <\/h3>\r\n                                \r\n                                \r\n                            <\/div><!-- .post-content-wrapper -->\r\n                        <\/div><!-- .single-post  -->\r\n                                                <div class=\"single-post  clearfix wow fadeInUp\" data-wow-duration=\"0.7s\">\r\n                            <div class=\"post-thumb\">\r\n                                <a class=\"thumb-zoom\" href=\"http:\/\/elobservatorio.com.mx\/?p=25982\" title=\"Genaro Garc\u00eda Luna es declarado culpable en EUA\">\r\n                                            <img class=\"lazy\" data-src=\"http:\/\/elobservatorio.com.mx\/wp-content\/uploads\/2023\/02\/garcia-luna-006-320x224.jpg\" alt=\"Genaro Garc\u00eda Luna es declarado culpable en EUA\" title=\"Genaro Garc\u00eda Luna es declarado culpable en EUA\" \/>\r\n                                            <div class=\"image-overlay\"><\/div>\r\n                                <\/a>\r\n                                                            <\/div><!-- .post-thumb -->\r\n                            <div class=\"post-content-wrapper clearfix\">\r\n                                                                <div class=\"post-meta clearfix\">\r\n                                   <span class=\"posted-on\"><i class=\"fa fa-clock-o\"><\/i>21 febrero, 2023<\/span><span class=\"comments\"><i class=\"fa fa-comments\"><\/i>0<\/span><span class=\"post-view\"><i class=\"fa fa-eye\"><\/i>1754<\/span>                                <\/div><!-- .post-meta --> \r\n                                                               \r\n                                <h3 class=\"large-font\">\r\n                                    <a href=\"http:\/\/elobservatorio.com.mx\/?p=25982\">\r\n                                        Genaro Garc\u00eda Luna es declarado culpable en EUA                                    <\/a>\r\n                                <\/h3>\r\n                                \r\n                                \r\n                            <\/div><!-- .post-content-wrapper -->\r\n                        <\/div><!-- .single-post  -->\r\n                                    <\/div>\r\n                  <span class=\"view-all\"><a href=\"http:\/\/elobservatorio.com.mx\/?cat=13\">VER TODOS<\/a><\/span>\r\n                \r\n            \r\n        <\/div><!-- .block-post-wrapper -->\r\n    <\/div>\r\n    <\/div><\/div><\/div><\/div><div id=\"pg-134-8\"  class=\"panel-grid panel-no-style\" ><div id=\"pgc-134-8-0\"  class=\"panel-grid-cell\" ><div id=\"panel-134-8-0-0\" class=\"so-panel widget widget_vmagazine_block_grid_list vmagazine_block_grid_list panel-first-child panel-last-child\" data-index=\"16\">    <div class=\"vmagazine-grid-list-wrapp grid-two no-desc\">\r\n        <div class=\"block-header clearfix\">\r\n            <h4 class=\"block-title\"><span class=\"title-bg\">\r\nAGRO Y SALUD    <\/span><\/h4>\r\n    <\/div><!-- .block-header-->\r\n            <div class=\"vmagazine-grid-list block-post-wrapper grid-two\">\r\n            \r\n            <div class=\"posts-wrap\">\r\n                                        <div class=\"single-post first-post clearfix wow fadeInUp\" data-wow-duration=\"0.7s\">\r\n                            <div class=\"post-thumb\">\r\n                                <a class=\"thumb-zoom\" href=\"http:\/\/elobservatorio.com.mx\/?p=33626\" title=\"Desabasto de semilla calificada afecta producci\u00f3n de ma\u00edz y cultivos estrat\u00e9gicos en M\u00e9xico\">\r\n                                            <img class=\"lazy\" data-src=\"http:\/\/elobservatorio.com.mx\/wp-content\/uploads\/2026\/04\/granos.jpg\" alt=\"Desabasto de semilla calificada afecta producci\u00f3n de ma\u00edz y cultivos estrat\u00e9gicos en M\u00e9xico\" title=\"Desabasto de semilla calificada afecta producci\u00f3n de ma\u00edz y cultivos estrat\u00e9gicos en M\u00e9xico\" \/>\r\n                                            <div class=\"image-overlay\"><\/div>\r\n                                <\/a>\r\n                                                            <\/div><!-- .post-thumb -->\r\n                            <div class=\"post-content-wrapper clearfix\">\r\n                                                                <div class=\"post-meta clearfix\">\r\n                                   <span class=\"posted-on\"><i class=\"fa fa-clock-o\"><\/i>22 abril, 2026<\/span><span class=\"comments\"><i class=\"fa fa-comments\"><\/i>0<\/span><span class=\"post-view\"><i class=\"fa fa-eye\"><\/i>144<\/span>                                <\/div><!-- .post-meta --> \r\n                                                               \r\n                                <h3 class=\"large-font\">\r\n                                    <a href=\"http:\/\/elobservatorio.com.mx\/?p=33626\">\r\n                                        Desabasto de semilla calificada afecta producci\u00f3n de ma\u00edz y cultivos estrat\u00e9gicos en M\u00e9xico                                    <\/a>\r\n                                <\/h3>\r\n                                \r\n                                \r\n                            <\/div><!-- .post-content-wrapper -->\r\n                        <\/div><!-- .single-post  -->\r\n                                                <div class=\"single-post  clearfix wow fadeInUp\" data-wow-duration=\"0.7s\">\r\n                            <div class=\"post-thumb\">\r\n                                <a class=\"thumb-zoom\" href=\"http:\/\/elobservatorio.com.mx\/?p=33286\" title=\"Malos manejos financieros durante periodo de Francisco Hueso, complic\u00f3 la situaci\u00f3n en la Asociaci\u00f3n de Productores de pl\u00e1tano\">\r\n                                            <img class=\"lazy\" data-src=\"http:\/\/elobservatorio.com.mx\/wp-content\/uploads\/2025\/12\/abogados.jpg\" alt=\"Malos manejos financieros durante periodo de Francisco Hueso, complic\u00f3 la situaci\u00f3n en la Asociaci\u00f3n de Productores de pl\u00e1tano\" title=\"Malos manejos financieros durante periodo de Francisco Hueso, complic\u00f3 la situaci\u00f3n en la Asociaci\u00f3n de Productores de pl\u00e1tano\" \/>\r\n                                            <div class=\"image-overlay\"><\/div>\r\n                                <\/a>\r\n                                                            <\/div><!-- .post-thumb -->\r\n                            <div class=\"post-content-wrapper clearfix\">\r\n                                                                <div class=\"post-meta clearfix\">\r\n                                   <span class=\"posted-on\"><i class=\"fa fa-clock-o\"><\/i>10 diciembre, 2025<\/span><span class=\"comments\"><i class=\"fa fa-comments\"><\/i>0<\/span><span class=\"post-view\"><i class=\"fa fa-eye\"><\/i>1937<\/span>                                <\/div><!-- .post-meta --> \r\n                                                               \r\n                                <h3 class=\"large-font\">\r\n                                    <a href=\"http:\/\/elobservatorio.com.mx\/?p=33286\">\r\n                                        Malos manejos financieros durante periodo de Francisco Hueso, complic\u00f3 la situaci\u00f3n en la Asociaci\u00f3n de Productores de pl\u00e1tano                                    <\/a>\r\n                                <\/h3>\r\n                                \r\n                                \r\n                            <\/div><!-- .post-content-wrapper -->\r\n                        <\/div><!-- .single-post  -->\r\n                                                <div class=\"single-post  clearfix wow fadeInUp\" data-wow-duration=\"0.7s\">\r\n                            <div class=\"post-thumb\">\r\n                                <a class=\"thumb-zoom\" href=\"http:\/\/elobservatorio.com.mx\/?p=32791\" title=\"La lucha del campo tiene identidad y rumbo propio\">\r\n                                            <img class=\"lazy\" data-src=\"http:\/\/elobservatorio.com.mx\/wp-content\/uploads\/2025\/07\/hacemos-un-llamado-a-todos-los-productores-a-no-dejarse-arrastrar-por-movimientos-externos.jpg\" alt=\"La lucha del campo tiene identidad y rumbo propio\" title=\"La lucha del campo tiene identidad y rumbo propio\" \/>\r\n                                            <div class=\"image-overlay\"><\/div>\r\n                                <\/a>\r\n                                                            <\/div><!-- .post-thumb -->\r\n                            <div class=\"post-content-wrapper clearfix\">\r\n                                                                <div class=\"post-meta clearfix\">\r\n                                   <span class=\"posted-on\"><i class=\"fa fa-clock-o\"><\/i>10 julio, 2025<\/span><span class=\"comments\"><i class=\"fa fa-comments\"><\/i>0<\/span><span class=\"post-view\"><i class=\"fa fa-eye\"><\/i>2435<\/span>                                <\/div><!-- .post-meta --> \r\n                                                               \r\n                                <h3 class=\"large-font\">\r\n                                    <a href=\"http:\/\/elobservatorio.com.mx\/?p=32791\">\r\n                                        La lucha del campo tiene identidad y rumbo propio                                    <\/a>\r\n                                <\/h3>\r\n                                \r\n                                \r\n                            <\/div><!-- .post-content-wrapper -->\r\n                        <\/div><!-- .single-post  -->\r\n                                                <div class=\"single-post  clearfix wow fadeInUp\" data-wow-duration=\"0.7s\">\r\n                            <div class=\"post-thumb\">\r\n                                <a class=\"thumb-zoom\" href=\"http:\/\/elobservatorio.com.mx\/?p=32724\" title=\"Campesinos exigen freno a importaci\u00f3n de ma\u00edz transg\u00e9nico\">\r\n                                            <img class=\"lazy\" data-src=\"http:\/\/elobservatorio.com.mx\/wp-content\/uploads\/2025\/06\/el-lider-campesino-hizo-un-llamado-reiterativo-al-gobierno-federal-para-actuar-con-urgencia-y-voluntad-politica.jpg\" alt=\"Campesinos exigen freno a importaci\u00f3n de ma\u00edz transg\u00e9nico\" title=\"Campesinos exigen freno a importaci\u00f3n de ma\u00edz transg\u00e9nico\" \/>\r\n                                            <div class=\"image-overlay\"><\/div>\r\n                                <\/a>\r\n                                                            <\/div><!-- .post-thumb -->\r\n                            <div class=\"post-content-wrapper clearfix\">\r\n                                                                <div class=\"post-meta clearfix\">\r\n                                   <span class=\"posted-on\"><i class=\"fa fa-clock-o\"><\/i>25 junio, 2025<\/span><span class=\"comments\"><i class=\"fa fa-comments\"><\/i>0<\/span><span class=\"post-view\"><i class=\"fa fa-eye\"><\/i>2057<\/span>                                <\/div><!-- .post-meta --> \r\n                                                               \r\n                                <h3 class=\"large-font\">\r\n                                    <a href=\"http:\/\/elobservatorio.com.mx\/?p=32724\">\r\n                                        Campesinos exigen freno a importaci\u00f3n de ma\u00edz transg\u00e9nico                                    <\/a>\r\n                                <\/h3>\r\n                                \r\n                                \r\n                            <\/div><!-- .post-content-wrapper -->\r\n                        <\/div><!-- .single-post  -->\r\n                                    <\/div>\r\n                  <span class=\"view-all\"><a href=\"http:\/\/elobservatorio.com.mx\/?cat=9\">VER TODOS<\/a><\/span>\r\n                \r\n            \r\n        <\/div><!-- .block-post-wrapper -->\r\n    <\/div>\r\n    <\/div><\/div><div id=\"pgc-134-8-1\"  class=\"panel-grid-cell\" ><div id=\"panel-134-8-1-0\" class=\"so-panel widget widget_vmagazine_block_grid_list vmagazine_block_grid_list panel-first-child panel-last-child\" data-index=\"17\">    <div class=\"vmagazine-grid-list-wrapp grid-two no-desc\">\r\n        <div class=\"block-header clearfix\">\r\n            <h4 class=\"block-title\"><span class=\"title-bg\">\r\nECONOM\u00cdA Y NEGOCIOS    <\/span><\/h4>\r\n    <\/div><!-- .block-header-->\r\n            <div class=\"vmagazine-grid-list block-post-wrapper grid-two\">\r\n            \r\n            <div class=\"posts-wrap\">\r\n                                        <div class=\"single-post first-post clearfix wow fadeInUp\" data-wow-duration=\"0.7s\">\r\n                            <div class=\"post-thumb\">\r\n                                <a class=\"thumb-zoom\" href=\"http:\/\/elobservatorio.com.mx\/?p=33598\" title=\"CIEP lanza libro \u201cFinanzas P\u00fablicas Antropoc\u00e9ntricas\u201d\">\r\n                                            <img class=\"lazy\" data-src=\"http:\/\/elobservatorio.com.mx\/wp-content\/uploads\/2026\/04\/1-libro-ciep-fa.png\" alt=\"CIEP lanza libro \u201cFinanzas P\u00fablicas Antropoc\u00e9ntricas\u201d\" title=\"CIEP lanza libro \u201cFinanzas P\u00fablicas Antropoc\u00e9ntricas\u201d\" \/>\r\n                                            <div class=\"image-overlay\"><\/div>\r\n                                <\/a>\r\n                                                            <\/div><!-- .post-thumb -->\r\n                            <div class=\"post-content-wrapper clearfix\">\r\n                                                                <div class=\"post-meta clearfix\">\r\n                                   <span class=\"posted-on\"><i class=\"fa fa-clock-o\"><\/i>14 abril, 2026<\/span><span class=\"comments\"><i class=\"fa fa-comments\"><\/i>0<\/span><span class=\"post-view\"><i class=\"fa fa-eye\"><\/i>271<\/span>                                <\/div><!-- .post-meta --> \r\n                                                               \r\n                                <h3 class=\"large-font\">\r\n                                    <a href=\"http:\/\/elobservatorio.com.mx\/?p=33598\">\r\n                                        CIEP lanza libro \u201cFinanzas P\u00fablicas Antropoc\u00e9ntricas\u201d                                    <\/a>\r\n                                <\/h3>\r\n                                \r\n                                \r\n                            <\/div><!-- .post-content-wrapper -->\r\n                        <\/div><!-- .single-post  -->\r\n                                                <div class=\"single-post  clearfix wow fadeInUp\" data-wow-duration=\"0.7s\">\r\n                            <div class=\"post-thumb\">\r\n                                <a class=\"thumb-zoom\" href=\"http:\/\/elobservatorio.com.mx\/?p=31983\" title=\"Este viernes inician las actividades culturales y art\u00edsticas, dentro de la Expo Ra\u00edces, en el parque Hidalgo\">\r\n                                            <img class=\"lazy\" data-src=\"http:\/\/elobservatorio.com.mx\/wp-content\/uploads\/2025\/01\/img-20250124-wa0111.jpg\" alt=\"Este viernes inician las actividades culturales y art\u00edsticas, dentro de la Expo Ra\u00edces, en el parque Hidalgo\" title=\"Este viernes inician las actividades culturales y art\u00edsticas, dentro de la Expo Ra\u00edces, en el parque Hidalgo\" \/>\r\n                                            <div class=\"image-overlay\"><\/div>\r\n                                <\/a>\r\n                                                            <\/div><!-- .post-thumb -->\r\n                            <div class=\"post-content-wrapper clearfix\">\r\n                                                                <div class=\"post-meta clearfix\">\r\n                                   <span class=\"posted-on\"><i class=\"fa fa-clock-o\"><\/i>24 enero, 2025<\/span><span class=\"comments\"><i class=\"fa fa-comments\"><\/i>0<\/span><span class=\"post-view\"><i class=\"fa fa-eye\"><\/i>3140<\/span>                                <\/div><!-- .post-meta --> \r\n                                                               \r\n                                <h3 class=\"large-font\">\r\n                                    <a href=\"http:\/\/elobservatorio.com.mx\/?p=31983\">\r\n                                        Este viernes inician las actividades culturales y art\u00edsticas, dentro de la Expo Ra\u00edces, en el parque Hidalgo                                    <\/a>\r\n                                <\/h3>\r\n                                \r\n                                \r\n                            <\/div><!-- .post-content-wrapper -->\r\n                        <\/div><!-- .single-post  -->\r\n                                                <div class=\"single-post  clearfix wow fadeInUp\" data-wow-duration=\"0.7s\">\r\n                            <div class=\"post-thumb\">\r\n                                <a class=\"thumb-zoom\" href=\"http:\/\/elobservatorio.com.mx\/?p=31069\" title=\"Hay que priorizar la estabilidad en el suministro el\u00e9ctrico para satisfacer la demanda de los inversionistas y el nearshoring: Sarens\">\r\n                                            <img class=\"lazy\" data-src=\"http:\/\/elobservatorio.com.mx\/wp-content\/uploads\/2024\/10\/sarens-mexico.jpg\" alt=\"Hay que priorizar la estabilidad en el suministro el\u00e9ctrico para satisfacer la demanda de los inversionistas y el nearshoring: Sarens\" title=\"Hay que priorizar la estabilidad en el suministro el\u00e9ctrico para satisfacer la demanda de los inversionistas y el nearshoring: Sarens\" \/>\r\n                                            <div class=\"image-overlay\"><\/div>\r\n                                <\/a>\r\n                                                            <\/div><!-- .post-thumb -->\r\n                            <div class=\"post-content-wrapper clearfix\">\r\n                                                                <div class=\"post-meta clearfix\">\r\n                                   <span class=\"posted-on\"><i class=\"fa fa-clock-o\"><\/i>8 octubre, 2024<\/span><span class=\"comments\"><i class=\"fa fa-comments\"><\/i>0<\/span><span class=\"post-view\"><i class=\"fa fa-eye\"><\/i>2076<\/span>                                <\/div><!-- .post-meta --> \r\n                                                               \r\n                                <h3 class=\"large-font\">\r\n                                    <a href=\"http:\/\/elobservatorio.com.mx\/?p=31069\">\r\n                                        Hay que priorizar la estabilidad en el suministro el\u00e9ctrico para satisfacer la demanda de los inversionistas y el nearshoring: Sarens                                    <\/a>\r\n                                <\/h3>\r\n                                \r\n                                \r\n                            <\/div><!-- .post-content-wrapper -->\r\n                        <\/div><!-- .single-post  -->\r\n                                                <div class=\"single-post  clearfix wow fadeInUp\" data-wow-duration=\"0.7s\">\r\n                            <div class=\"post-thumb\">\r\n                                <a class=\"thumb-zoom\" href=\"http:\/\/elobservatorio.com.mx\/?p=30874\" title=\"Con la aprobaci\u00f3n del modelo de Movilidad, avanza el segundo acceso al Puerto de Manzanillo\">\r\n                                            <img class=\"lazy\" data-src=\"http:\/\/elobservatorio.com.mx\/wp-content\/uploads\/2024\/09\/puerto-320x224.jpg\" alt=\"Con la aprobaci\u00f3n del modelo de Movilidad, avanza el segundo acceso al Puerto de Manzanillo\" title=\"Con la aprobaci\u00f3n del modelo de Movilidad, avanza el segundo acceso al Puerto de Manzanillo\" \/>\r\n                                            <div class=\"image-overlay\"><\/div>\r\n                                <\/a>\r\n                                                            <\/div><!-- .post-thumb -->\r\n                            <div class=\"post-content-wrapper clearfix\">\r\n                                                                <div class=\"post-meta clearfix\">\r\n                                   <span class=\"posted-on\"><i class=\"fa fa-clock-o\"><\/i>5 septiembre, 2024<\/span><span class=\"comments\"><i class=\"fa fa-comments\"><\/i>0<\/span><span class=\"post-view\"><i class=\"fa fa-eye\"><\/i>2432<\/span>                                <\/div><!-- .post-meta --> \r\n                                                               \r\n                                <h3 class=\"large-font\">\r\n                                    <a href=\"http:\/\/elobservatorio.com.mx\/?p=30874\">\r\n                                        Con la aprobaci\u00f3n del modelo de Movilidad, avanza el segundo acceso al Puerto de Manzanillo                                    <\/a>\r\n                                <\/h3>\r\n                                \r\n                                \r\n                            <\/div><!-- .post-content-wrapper -->\r\n                        <\/div><!-- .single-post  -->\r\n                                    <\/div>\r\n                  <span class=\"view-all\"><a href=\"http:\/\/elobservatorio.com.mx\/?cat=17\">VER TODOS<\/a><\/span>\r\n                \r\n            \r\n        <\/div><!-- .block-post-wrapper -->\r\n    <\/div>\r\n    <\/div><\/div><div id=\"pgc-134-8-2\"  class=\"panel-grid-cell\" ><div id=\"panel-134-8-2-0\" class=\"so-panel widget widget_vmagazine_block_grid_list vmagazine_block_grid_list panel-first-child panel-last-child\" data-index=\"18\">    <div class=\"vmagazine-grid-list-wrapp grid-two no-desc\">\r\n        <div class=\"block-header clearfix\">\r\n            <h4 class=\"block-title\"><span class=\"title-bg\">\r\nREGI\u00d3N    <\/span><\/h4>\r\n    <\/div><!-- .block-header-->\r\n            <div class=\"vmagazine-grid-list block-post-wrapper grid-two\">\r\n            \r\n            <div class=\"posts-wrap\">\r\n                                        <div class=\"single-post first-post clearfix wow fadeInUp\" data-wow-duration=\"0.7s\">\r\n                            <div class=\"post-thumb\">\r\n                                <a class=\"thumb-zoom\" href=\"http:\/\/elobservatorio.com.mx\/?p=33255\" title=\"Pacta alcaldesa de MORENA con PRI-AN para cederles el control pol\u00edtico de Tecamac\">\r\n                                            <img class=\"lazy\" data-src=\"http:\/\/elobservatorio.com.mx\/wp-content\/uploads\/2025\/11\/con-el-respaldo-de-horacio-duarte-la-alcaldesa-de-tacamac-rosa-yolanda-wong-romero-pacto-ceder-al-pri-y-al-pan.jpeg\" alt=\"Pacta alcaldesa de MORENA con PRI-AN para cederles el control pol\u00edtico de Tecamac\" title=\"Pacta alcaldesa de MORENA con PRI-AN para cederles el control pol\u00edtico de Tecamac\" \/>\r\n                                            <div class=\"image-overlay\"><\/div>\r\n                                <\/a>\r\n                                                            <\/div><!-- .post-thumb -->\r\n                            <div class=\"post-content-wrapper clearfix\">\r\n                                                                <div class=\"post-meta clearfix\">\r\n                                   <span class=\"posted-on\"><i class=\"fa fa-clock-o\"><\/i>23 noviembre, 2025<\/span><span class=\"comments\"><i class=\"fa fa-comments\"><\/i>0<\/span><span class=\"post-view\"><i class=\"fa fa-eye\"><\/i>1432<\/span>                                <\/div><!-- .post-meta --> \r\n                                                               \r\n                                <h3 class=\"large-font\">\r\n                                    <a href=\"http:\/\/elobservatorio.com.mx\/?p=33255\">\r\n                                        Pacta alcaldesa de MORENA con PRI-AN para cederles el control pol\u00edtico de Tecamac                                    <\/a>\r\n                                <\/h3>\r\n                                \r\n                                \r\n                            <\/div><!-- .post-content-wrapper -->\r\n                        <\/div><!-- .single-post  -->\r\n                                                <div class=\"single-post  clearfix wow fadeInUp\" data-wow-duration=\"0.7s\">\r\n                            <div class=\"post-thumb\">\r\n                                <a class=\"thumb-zoom\" href=\"http:\/\/elobservatorio.com.mx\/?p=32821\" title=\"Por crisis en el Puerto de Manzanillo, empresas abandonan contenedores\">\r\n                                            <img class=\"lazy\" data-src=\"http:\/\/elobservatorio.com.mx\/wp-content\/uploads\/2025\/07\/contenedores.jpeg\" alt=\"Por crisis en el Puerto de Manzanillo, empresas abandonan contenedores\" title=\"Por crisis en el Puerto de Manzanillo, empresas abandonan contenedores\" \/>\r\n                                            <div class=\"image-overlay\"><\/div>\r\n                                <\/a>\r\n                                                            <\/div><!-- .post-thumb -->\r\n                            <div class=\"post-content-wrapper clearfix\">\r\n                                                                <div class=\"post-meta clearfix\">\r\n                                   <span class=\"posted-on\"><i class=\"fa fa-clock-o\"><\/i>29 julio, 2025<\/span><span class=\"comments\"><i class=\"fa fa-comments\"><\/i>0<\/span><span class=\"post-view\"><i class=\"fa fa-eye\"><\/i>2570<\/span>                                <\/div><!-- .post-meta --> \r\n                                                               \r\n                                <h3 class=\"large-font\">\r\n                                    <a href=\"http:\/\/elobservatorio.com.mx\/?p=32821\">\r\n                                        Por crisis en el Puerto de Manzanillo, empresas abandonan contenedores                                    <\/a>\r\n                                <\/h3>\r\n                                \r\n                                \r\n                            <\/div><!-- .post-content-wrapper -->\r\n                        <\/div><!-- .single-post  -->\r\n                                                <div class=\"single-post  clearfix wow fadeInUp\" data-wow-duration=\"0.7s\">\r\n                            <div class=\"post-thumb\">\r\n                                <a class=\"thumb-zoom\" href=\"http:\/\/elobservatorio.com.mx\/?p=28066\" title=\"Atraca con \u00e9xito el buque portacontenedores Von Humboldt\">\r\n                                            <img class=\"lazy\" data-src=\"http:\/\/elobservatorio.com.mx\/wp-content\/uploads\/2023\/08\/buque-320x224.jpg\" alt=\"Atraca con \u00e9xito el buque portacontenedores Von Humboldt\" title=\"Atraca con \u00e9xito el buque portacontenedores Von Humboldt\" \/>\r\n                                            <div class=\"image-overlay\"><\/div>\r\n                                <\/a>\r\n                                                            <\/div><!-- .post-thumb -->\r\n                            <div class=\"post-content-wrapper clearfix\">\r\n                                                                <div class=\"post-meta clearfix\">\r\n                                   <span class=\"posted-on\"><i class=\"fa fa-clock-o\"><\/i>21 agosto, 2023<\/span><span class=\"comments\"><i class=\"fa fa-comments\"><\/i>0<\/span><span class=\"post-view\"><i class=\"fa fa-eye\"><\/i>2005<\/span>                                <\/div><!-- .post-meta --> \r\n                                                               \r\n                                <h3 class=\"large-font\">\r\n                                    <a href=\"http:\/\/elobservatorio.com.mx\/?p=28066\">\r\n                                        Atraca con \u00e9xito el buque portacontenedores Von Humboldt                                    <\/a>\r\n                                <\/h3>\r\n                                \r\n                                \r\n                            <\/div><!-- .post-content-wrapper -->\r\n                        <\/div><!-- .single-post  -->\r\n                                                <div class=\"single-post  clearfix wow fadeInUp\" data-wow-duration=\"0.7s\">\r\n                            <div class=\"post-thumb\">\r\n                                <a class=\"thumb-zoom\" href=\"http:\/\/elobservatorio.com.mx\/?p=28024\" title=\"PIS, segundo lugar como mejor proyecto de seguridad Latinoamericano\">\r\n                                            <img class=\"lazy\" data-src=\"http:\/\/elobservatorio.com.mx\/wp-content\/uploads\/2023\/08\/pis-320x224.jpg\" alt=\"PIS, segundo lugar como mejor proyecto de seguridad Latinoamericano\" title=\"PIS, segundo lugar como mejor proyecto de seguridad Latinoamericano\" \/>\r\n                                            <div class=\"image-overlay\"><\/div>\r\n                                <\/a>\r\n                                                            <\/div><!-- .post-thumb -->\r\n                            <div class=\"post-content-wrapper clearfix\">\r\n                                                                <div class=\"post-meta clearfix\">\r\n                                   <span class=\"posted-on\"><i class=\"fa fa-clock-o\"><\/i>16 agosto, 2023<\/span><span class=\"comments\"><i class=\"fa fa-comments\"><\/i>0<\/span><span class=\"post-view\"><i class=\"fa fa-eye\"><\/i>2110<\/span>                                <\/div><!-- .post-meta --> \r\n                                                               \r\n                                <h3 class=\"large-font\">\r\n                                    <a href=\"http:\/\/elobservatorio.com.mx\/?p=28024\">\r\n                                        PIS, segundo lugar como mejor proyecto de seguridad Latinoamericano                                    <\/a>\r\n                                <\/h3>\r\n                                \r\n                                \r\n                            <\/div><!-- .post-content-wrapper -->\r\n                        <\/div><!-- .single-post  -->\r\n                                    <\/div>\r\n                  <span class=\"view-all\"><a href=\"http:\/\/elobservatorio.com.mx\/?cat=18\">VER TODOS<\/a><\/span>\r\n                \r\n            \r\n        <\/div><!-- .block-post-wrapper -->\r\n    <\/div>\r\n    <\/div><\/div><div id=\"pgc-134-8-3\"  class=\"panel-grid-cell\" ><div id=\"panel-134-8-3-0\" class=\"so-panel widget widget_vmagazine_medium_ad vmagazine_medium_ad panel-first-child\" data-index=\"19\"><\/div><div id=\"panel-134-8-3-1\" class=\"so-panel widget widget_vmagazine_medium_ad vmagazine_medium_ad panel-last-child\" data-index=\"20\">            <div class=\"vmagazine-medium-rectangle-ad medium-rectangle-wrapper\">\r\n                                    <a href=\"http:\/\/noticiastecoman.com.mx\/wp-content\/uploads\/2018\/12\/WhatsApp-Image-2018-11-30-at-3.44.48-PM.jpeg\" target=\"_blank\" rel=\"noopener\">\r\n                                <img class=\"lazy\" data-src=\"http:\/\/noticiastecoman.com.mx\/wp-content\/uploads\/2018\/12\/WhatsApp-Image-2018-11-30-at-3.44.48-PM.jpeg\" alt=\"PIS, segundo lugar como mejor proyecto de seguridad Latinoamericano\" title=\"PIS, segundo lugar como mejor proyecto de seguridad Latinoamericano\" \/>\r\n                                                    <\/a>\r\n                            <\/div>  \r\n    <\/div><\/div><\/div><div id=\"pg-134-9\"  class=\"panel-grid panel-no-style\" ><div id=\"pgc-134-9-0\"  class=\"panel-grid-cell\" ><div id=\"panel-134-9-0-0\" class=\"so-panel widget widget_vmagazine_block_grid_list vmagazine_block_grid_list panel-first-child panel-last-child\" data-index=\"21\">    <div class=\"vmagazine-grid-list-wrapp grid no-desc\">\r\n        <div class=\"block-header clearfix\">\r\n            <h4 class=\"block-title\"><span class=\"title-bg\">\r\nSOCIEDAD    <\/span><\/h4>\r\n    <\/div><!-- .block-header-->\r\n            <div class=\"vmagazine-grid-list block-post-wrapper grid\">\r\n            \r\n            <div class=\"posts-wrap\">\r\n                                        <div class=\"single-post first-post clearfix wow fadeInUp\" data-wow-duration=\"0.7s\">\r\n                            <div class=\"post-thumb\">\r\n                                <a class=\"thumb-zoom\" href=\"http:\/\/elobservatorio.com.mx\/?p=33607\" title=\"Al 31 de marzo de 2026, en Colima no han sido renovadas 8,940 credenciales para Votar con vigencia al 2025\">\r\n                                            <img class=\"lazy\" data-src=\"http:\/\/elobservatorio.com.mx\/wp-content\/uploads\/2026\/04\/credenciales-ine.jpg\" alt=\"Al 31 de marzo de 2026, en Colima no han sido renovadas 8,940 credenciales para Votar con vigencia al 2025\" title=\"Al 31 de marzo de 2026, en Colima no han sido renovadas 8,940 credenciales para Votar con vigencia al 2025\" \/>\r\n                                            <div class=\"image-overlay\"><\/div>\r\n                                <\/a>\r\n                                                            <\/div><!-- .post-thumb -->\r\n                            <div class=\"post-content-wrapper clearfix\">\r\n                                                                <div class=\"post-meta clearfix\">\r\n                                   <span class=\"posted-on\"><i class=\"fa fa-clock-o\"><\/i>14 abril, 2026<\/span><span class=\"comments\"><i class=\"fa fa-comments\"><\/i>0<\/span><span class=\"post-view\"><i class=\"fa fa-eye\"><\/i>527<\/span>                                <\/div><!-- .post-meta --> \r\n                                                               \r\n                                <h3 class=\"large-font\">\r\n                                    <a href=\"http:\/\/elobservatorio.com.mx\/?p=33607\">\r\n                                        Al 31 de marzo de 2026, en Colima no han sido renovadas 8,940 credenciales para Votar con vigencia al 2025                                    <\/a>\r\n                                <\/h3>\r\n                                \r\n                                \r\n                            <\/div><!-- .post-content-wrapper -->\r\n                        <\/div><!-- .single-post  -->\r\n                                                <div class=\"single-post  clearfix wow fadeInUp\" data-wow-duration=\"0.7s\">\r\n                            <div class=\"post-thumb\">\r\n                                <a class=\"thumb-zoom\" href=\"http:\/\/elobservatorio.com.mx\/?p=33604\" title=\"INE fortalece la integraci\u00f3n de autoridades electorales locales con procesos abiertos, imparciales y de alta exigencia t\u00e9cnica\">\r\n                                            <img class=\"lazy\" data-src=\"http:\/\/elobservatorio.com.mx\/wp-content\/uploads\/2026\/04\/el-ine-ha-incorporado-criterios-de-paridad-e-igualdad-sustantiva.jpg\" alt=\"INE fortalece la integraci\u00f3n de autoridades electorales locales con procesos abiertos, imparciales y de alta exigencia t\u00e9cnica\" title=\"INE fortalece la integraci\u00f3n de autoridades electorales locales con procesos abiertos, imparciales y de alta exigencia t\u00e9cnica\" \/>\r\n                                            <div class=\"image-overlay\"><\/div>\r\n                                <\/a>\r\n                                                            <\/div><!-- .post-thumb -->\r\n                            <div class=\"post-content-wrapper clearfix\">\r\n                                                                <div class=\"post-meta clearfix\">\r\n                                   <span class=\"posted-on\"><i class=\"fa fa-clock-o\"><\/i>14 abril, 2026<\/span><span class=\"comments\"><i class=\"fa fa-comments\"><\/i>0<\/span><span class=\"post-view\"><i class=\"fa fa-eye\"><\/i>468<\/span>                                <\/div><!-- .post-meta --> \r\n                                                               \r\n                                <h3 class=\"large-font\">\r\n                                    <a href=\"http:\/\/elobservatorio.com.mx\/?p=33604\">\r\n                                        INE fortalece la integraci\u00f3n de autoridades electorales locales con procesos abiertos, imparciales y de alta exigencia t\u00e9cnica                                    <\/a>\r\n                                <\/h3>\r\n                                \r\n                                \r\n                            <\/div><!-- .post-content-wrapper -->\r\n                        <\/div><!-- .single-post  -->\r\n                                                <div class=\"single-post  clearfix wow fadeInUp\" data-wow-duration=\"0.7s\">\r\n                            <div class=\"post-thumb\">\r\n                                <a class=\"thumb-zoom\" href=\"http:\/\/elobservatorio.com.mx\/?p=33487\" title=\"Este s\u00e1bado, IEE Colima aplicar\u00e1 examen a aspirantes a las Consejer\u00edas Municipales Electorales; ser\u00e1 elaborado por la UdeC\">\r\n                                            <img class=\"lazy\" data-src=\"http:\/\/elobservatorio.com.mx\/wp-content\/uploads\/2026\/03\/os3.jpg\" alt=\"Este s\u00e1bado, IEE Colima aplicar\u00e1 examen a aspirantes a las Consejer\u00edas Municipales Electorales; ser\u00e1 elaborado por la UdeC\" title=\"Este s\u00e1bado, IEE Colima aplicar\u00e1 examen a aspirantes a las Consejer\u00edas Municipales Electorales; ser\u00e1 elaborado por la UdeC\" \/>\r\n                                            <div class=\"image-overlay\"><\/div>\r\n                                <\/a>\r\n                                                            <\/div><!-- .post-thumb -->\r\n                            <div class=\"post-content-wrapper clearfix\">\r\n                                                                <div class=\"post-meta clearfix\">\r\n                                   <span class=\"posted-on\"><i class=\"fa fa-clock-o\"><\/i>3 marzo, 2026<\/span><span class=\"comments\"><i class=\"fa fa-comments\"><\/i>0<\/span><span class=\"post-view\"><i class=\"fa fa-eye\"><\/i>494<\/span>                                <\/div><!-- .post-meta --> \r\n                                                               \r\n                                <h3 class=\"large-font\">\r\n                                    <a href=\"http:\/\/elobservatorio.com.mx\/?p=33487\">\r\n                                        Este s\u00e1bado, IEE Colima aplicar\u00e1 examen a aspirantes a las Consejer\u00edas Municipales Electorales; ser\u00e1 elaborado por la UdeC                                    <\/a>\r\n                                <\/h3>\r\n                                \r\n                                \r\n                            <\/div><!-- .post-content-wrapper -->\r\n                        <\/div><!-- .single-post  -->\r\n                                                <div class=\"single-post  clearfix wow fadeInUp\" data-wow-duration=\"0.7s\">\r\n                            <div class=\"post-thumb\">\r\n                                <a class=\"thumb-zoom\" href=\"http:\/\/elobservatorio.com.mx\/?p=32898\" title=\"Resguardar\u00e1n en el Consejo Municipal Electoral de Colima boletas que no se usaron en elecciones del PJ\">\r\n                                            <img class=\"lazy\" data-src=\"http:\/\/elobservatorio.com.mx\/wp-content\/uploads\/2025\/08\/iee.png\" alt=\"Resguardar\u00e1n en el Consejo Municipal Electoral de Colima boletas que no se usaron en elecciones del PJ\" title=\"Resguardar\u00e1n en el Consejo Municipal Electoral de Colima boletas que no se usaron en elecciones del PJ\" \/>\r\n                                            <div class=\"image-overlay\"><\/div>\r\n                                <\/a>\r\n                                                            <\/div><!-- .post-thumb -->\r\n                            <div class=\"post-content-wrapper clearfix\">\r\n                                                                <div class=\"post-meta clearfix\">\r\n                                   <span class=\"posted-on\"><i class=\"fa fa-clock-o\"><\/i>18 agosto, 2025<\/span><span class=\"comments\"><i class=\"fa fa-comments\"><\/i>0<\/span><span class=\"post-view\"><i class=\"fa fa-eye\"><\/i>2110<\/span>                                <\/div><!-- .post-meta --> \r\n                                                               \r\n                                <h3 class=\"large-font\">\r\n                                    <a href=\"http:\/\/elobservatorio.com.mx\/?p=32898\">\r\n                                        Resguardar\u00e1n en el Consejo Municipal Electoral de Colima boletas que no se usaron en elecciones del PJ                                    <\/a>\r\n                                <\/h3>\r\n                                \r\n                                \r\n                            <\/div><!-- .post-content-wrapper -->\r\n                        <\/div><!-- .single-post  -->\r\n                                    <\/div>\r\n                  <span class=\"view-all\"><a href=\"http:\/\/elobservatorio.com.mx\/?cat=12\">VER TODOS<\/a><\/span>\r\n                \r\n            \r\n        <\/div><!-- .block-post-wrapper -->\r\n    <\/div>\r\n    <\/div><\/div><div id=\"pgc-134-9-1\"  class=\"panel-grid-cell\" ><div id=\"panel-134-9-1-0\" class=\"so-panel widget widget_vmagazine_block_grid_list vmagazine_block_grid_list panel-first-child panel-last-child\" data-index=\"22\">    <div class=\"vmagazine-grid-list-wrapp grid no-desc\">\r\n        <div class=\"block-header clearfix\">\r\n            <h4 class=\"block-title\"><span class=\"title-bg\">\r\nESPECT\u00c1CULO    <\/span><\/h4>\r\n    <\/div><!-- .block-header-->\r\n            <div class=\"vmagazine-grid-list block-post-wrapper grid\">\r\n            \r\n            <div class=\"posts-wrap\">\r\n                                        <div class=\"single-post first-post clearfix wow fadeInUp\" data-wow-duration=\"0.7s\">\r\n                            <div class=\"post-thumb\">\r\n                                <a class=\"thumb-zoom\" href=\"http:\/\/elobservatorio.com.mx\/?p=32745\" title=\"Corte falla a favor de Sasha Sokol contra Luis de Llano\">\r\n                                            <img class=\"lazy\" data-src=\"http:\/\/elobservatorio.com.mx\/wp-content\/uploads\/2025\/06\/sasha.jpg\" alt=\"Corte falla a favor de Sasha Sokol contra Luis de Llano\" title=\"Corte falla a favor de Sasha Sokol contra Luis de Llano\" \/>\r\n                                            <div class=\"image-overlay\"><\/div>\r\n                                <\/a>\r\n                                                            <\/div><!-- .post-thumb -->\r\n                            <div class=\"post-content-wrapper clearfix\">\r\n                                                                <div class=\"post-meta clearfix\">\r\n                                   <span class=\"posted-on\"><i class=\"fa fa-clock-o\"><\/i>25 junio, 2025<\/span><span class=\"comments\"><i class=\"fa fa-comments\"><\/i>0<\/span><span class=\"post-view\"><i class=\"fa fa-eye\"><\/i>2202<\/span>                                <\/div><!-- .post-meta --> \r\n                                                               \r\n                                <h3 class=\"large-font\">\r\n                                    <a href=\"http:\/\/elobservatorio.com.mx\/?p=32745\">\r\n                                        Corte falla a favor de Sasha Sokol contra Luis de Llano                                    <\/a>\r\n                                <\/h3>\r\n                                \r\n                                \r\n                            <\/div><!-- .post-content-wrapper -->\r\n                        <\/div><!-- .single-post  -->\r\n                                                <div class=\"single-post  clearfix wow fadeInUp\" data-wow-duration=\"0.7s\">\r\n                            <div class=\"post-thumb\">\r\n                                <a class=\"thumb-zoom\" href=\"http:\/\/elobservatorio.com.mx\/?p=32455\" title=\"Sonora Dinamita, MP5 Norte\u00f1o y Gazconcillo, estar\u00e1n  en Caleras en \u00abbaile con causa\u00bb\">\r\n                                            <img class=\"lazy\" data-src=\"http:\/\/elobservatorio.com.mx\/wp-content\/uploads\/2025\/04\/baile.jpg\" alt=\"Sonora Dinamita, MP5 Norte\u00f1o y Gazconcillo, estar\u00e1n  en Caleras en \u00abbaile con causa\u00bb\" title=\"Sonora Dinamita, MP5 Norte\u00f1o y Gazconcillo, estar\u00e1n  en Caleras en \u00abbaile con causa\u00bb\" \/>\r\n                                            <div class=\"image-overlay\"><\/div>\r\n                                <\/a>\r\n                                                            <\/div><!-- .post-thumb -->\r\n                            <div class=\"post-content-wrapper clearfix\">\r\n                                                                <div class=\"post-meta clearfix\">\r\n                                   <span class=\"posted-on\"><i class=\"fa fa-clock-o\"><\/i>10 abril, 2025<\/span><span class=\"comments\"><i class=\"fa fa-comments\"><\/i>0<\/span><span class=\"post-view\"><i class=\"fa fa-eye\"><\/i>3051<\/span>                                <\/div><!-- .post-meta --> \r\n                                                               \r\n                                <h3 class=\"large-font\">\r\n                                    <a href=\"http:\/\/elobservatorio.com.mx\/?p=32455\">\r\n                                        Sonora Dinamita, MP5 Norte\u00f1o y Gazconcillo, estar\u00e1n  en Caleras en \u00abbaile con causa\u00bb                                    <\/a>\r\n                                <\/h3>\r\n                                \r\n                                \r\n                            <\/div><!-- .post-content-wrapper -->\r\n                        <\/div><!-- .single-post  -->\r\n                                                <div class=\"single-post  clearfix wow fadeInUp\" data-wow-duration=\"0.7s\">\r\n                            <div class=\"post-thumb\">\r\n                                <a class=\"thumb-zoom\" href=\"http:\/\/elobservatorio.com.mx\/?p=32378\" title=\"\u00abPateando un bote\u00bb, nuevo lanzamiento del Grupo MP5 Norte\u00f1o\">\r\n                                            <img class=\"lazy\" data-src=\"http:\/\/elobservatorio.com.mx\/wp-content\/uploads\/2025\/04\/horacion-mp5.jpg\" alt=\"\u00abPateando un bote\u00bb, nuevo lanzamiento del Grupo MP5 Norte\u00f1o\" title=\"\u00abPateando un bote\u00bb, nuevo lanzamiento del Grupo MP5 Norte\u00f1o\" \/>\r\n                                            <div class=\"image-overlay\"><\/div>\r\n                                <\/a>\r\n                                                            <\/div><!-- .post-thumb -->\r\n                            <div class=\"post-content-wrapper clearfix\">\r\n                                                                <div class=\"post-meta clearfix\">\r\n                                   <span class=\"posted-on\"><i class=\"fa fa-clock-o\"><\/i>1 abril, 2025<\/span><span class=\"comments\"><i class=\"fa fa-comments\"><\/i>0<\/span><span class=\"post-view\"><i class=\"fa fa-eye\"><\/i>3013<\/span>                                <\/div><!-- .post-meta --> \r\n                                                               \r\n                                <h3 class=\"large-font\">\r\n                                    <a href=\"http:\/\/elobservatorio.com.mx\/?p=32378\">\r\n                                        \u00abPateando un bote\u00bb, nuevo lanzamiento del Grupo MP5 Norte\u00f1o                                    <\/a>\r\n                                <\/h3>\r\n                                \r\n                                \r\n                            <\/div><!-- .post-content-wrapper -->\r\n                        <\/div><!-- .single-post  -->\r\n                                                <div class=\"single-post  clearfix wow fadeInUp\" data-wow-duration=\"0.7s\">\r\n                            <div class=\"post-thumb\">\r\n                                <a class=\"thumb-zoom\" href=\"http:\/\/elobservatorio.com.mx\/?p=30688\" title=\"\u00bfPara evitar m\u00e1s pol\u00e9mica?: Nodal y \u00c1ngela se casan en privado\">\r\n                                            <img class=\"lazy\" data-src=\"http:\/\/elobservatorio.com.mx\/wp-content\/uploads\/2024\/07\/boda-1-320x224.png\" alt=\"\u00bfPara evitar m\u00e1s pol\u00e9mica?: Nodal y \u00c1ngela se casan en privado\" title=\"\u00bfPara evitar m\u00e1s pol\u00e9mica?: Nodal y \u00c1ngela se casan en privado\" \/>\r\n                                            <div class=\"image-overlay\"><\/div>\r\n                                <\/a>\r\n                                                            <\/div><!-- .post-thumb -->\r\n                            <div class=\"post-content-wrapper clearfix\">\r\n                                                                <div class=\"post-meta clearfix\">\r\n                                   <span class=\"posted-on\"><i class=\"fa fa-clock-o\"><\/i>24 julio, 2024<\/span><span class=\"comments\"><i class=\"fa fa-comments\"><\/i>0<\/span><span class=\"post-view\"><i class=\"fa fa-eye\"><\/i>2338<\/span>                                <\/div><!-- .post-meta --> \r\n                                                               \r\n                                <h3 class=\"large-font\">\r\n                                    <a href=\"http:\/\/elobservatorio.com.mx\/?p=30688\">\r\n                                        \u00bfPara evitar m\u00e1s pol\u00e9mica?: Nodal y \u00c1ngela se casan en privado                                    <\/a>\r\n                                <\/h3>\r\n                                \r\n                                \r\n                            <\/div><!-- .post-content-wrapper -->\r\n                        <\/div><!-- .single-post  -->\r\n                                    <\/div>\r\n                  <span class=\"view-all\"><a href=\"http:\/\/elobservatorio.com.mx\/?cat=32\">VER TODOS<\/a><\/span>\r\n                \r\n            \r\n        <\/div><!-- .block-post-wrapper -->\r\n    <\/div>\r\n    <\/div><\/div><div id=\"pgc-134-9-2\"  class=\"panel-grid-cell\" ><div id=\"panel-134-9-2-0\" class=\"so-panel widget widget_vmagazine_block_grid_list vmagazine_block_grid_list panel-first-child panel-last-child\" data-index=\"23\">    <div class=\"vmagazine-grid-list-wrapp grid no-desc\">\r\n        <div class=\"block-header clearfix\">\r\n            <h4 class=\"block-title\"><span class=\"title-bg\">\r\nPOL\u00cdTICA    <\/span><\/h4>\r\n    <\/div><!-- .block-header-->\r\n            <div class=\"vmagazine-grid-list block-post-wrapper grid\">\r\n            \r\n            <div class=\"posts-wrap\">\r\n                                        <div class=\"single-post first-post clearfix wow fadeInUp\" data-wow-duration=\"0.7s\">\r\n                            <div class=\"post-thumb\">\r\n                                <a class=\"thumb-zoom\" href=\"http:\/\/elobservatorio.com.mx\/?p=33525\" title=\"El CDM del PAN realizar\u00e1 conferencia por el D\u00eda Internacional de la Mujer, en Tecom\u00e1n\">\r\n                                            <img class=\"lazy\" data-src=\"http:\/\/elobservatorio.com.mx\/wp-content\/uploads\/2026\/03\/conferencia.jpg\" alt=\"El CDM del PAN realizar\u00e1 conferencia por el D\u00eda Internacional de la Mujer, en Tecom\u00e1n\" title=\"El CDM del PAN realizar\u00e1 conferencia por el D\u00eda Internacional de la Mujer, en Tecom\u00e1n\" \/>\r\n                                            <div class=\"image-overlay\"><\/div>\r\n                                <\/a>\r\n                                                            <\/div><!-- .post-thumb -->\r\n                            <div class=\"post-content-wrapper clearfix\">\r\n                                                                <div class=\"post-meta clearfix\">\r\n                                   <span class=\"posted-on\"><i class=\"fa fa-clock-o\"><\/i>5 marzo, 2026<\/span><span class=\"comments\"><i class=\"fa fa-comments\"><\/i>0<\/span><span class=\"post-view\"><i class=\"fa fa-eye\"><\/i>911<\/span>                                <\/div><!-- .post-meta --> \r\n                                                               \r\n                                <h3 class=\"large-font\">\r\n                                    <a href=\"http:\/\/elobservatorio.com.mx\/?p=33525\">\r\n                                        El CDM del PAN realizar\u00e1 conferencia por el D\u00eda Internacional de la Mujer, en Tecom\u00e1n                                    <\/a>\r\n                                <\/h3>\r\n                                \r\n                                \r\n                            <\/div><!-- .post-content-wrapper -->\r\n                        <\/div><!-- .single-post  -->\r\n                                                <div class=\"single-post  clearfix wow fadeInUp\" data-wow-duration=\"0.7s\">\r\n                            <div class=\"post-thumb\">\r\n                                <a class=\"thumb-zoom\" href=\"http:\/\/elobservatorio.com.mx\/?p=33466\" title=\"Para construir la paz en Colima, partidos y sociedad debemos jalar para el mismo lado: Chuy Due\u00f1as\">\r\n                                            <img class=\"lazy\" data-src=\"http:\/\/elobservatorio.com.mx\/wp-content\/uploads\/2026\/02\/chuy-duenas.jpg\" alt=\"Para construir la paz en Colima, partidos y sociedad debemos jalar para el mismo lado: Chuy Due\u00f1as\" title=\"Para construir la paz en Colima, partidos y sociedad debemos jalar para el mismo lado: Chuy Due\u00f1as\" \/>\r\n                                            <div class=\"image-overlay\"><\/div>\r\n                                <\/a>\r\n                                                            <\/div><!-- .post-thumb -->\r\n                            <div class=\"post-content-wrapper clearfix\">\r\n                                                                <div class=\"post-meta clearfix\">\r\n                                   <span class=\"posted-on\"><i class=\"fa fa-clock-o\"><\/i>20 febrero, 2026<\/span><span class=\"comments\"><i class=\"fa fa-comments\"><\/i>0<\/span><span class=\"post-view\"><i class=\"fa fa-eye\"><\/i>307<\/span>                                <\/div><!-- .post-meta --> \r\n                                                               \r\n                                <h3 class=\"large-font\">\r\n                                    <a href=\"http:\/\/elobservatorio.com.mx\/?p=33466\">\r\n                                        Para construir la paz en Colima, partidos y sociedad debemos jalar para el mismo lado: Chuy Due\u00f1as                                    <\/a>\r\n                                <\/h3>\r\n                                \r\n                                \r\n                            <\/div><!-- .post-content-wrapper -->\r\n                        <\/div><!-- .single-post  -->\r\n                                                <div class=\"single-post  clearfix wow fadeInUp\" data-wow-duration=\"0.7s\">\r\n                            <div class=\"post-thumb\">\r\n                                <a class=\"thumb-zoom\" href=\"http:\/\/elobservatorio.com.mx\/?p=33428\" title=\"Ratifican su compromiso con M\u00e9xico las y los legisladores federales del PRI al iniciar su IV reuni\u00f3n plenaria\">\r\n                                            <img class=\"lazy\" data-src=\"http:\/\/elobservatorio.com.mx\/wp-content\/uploads\/2026\/01\/priismo.jpg\" alt=\"Ratifican su compromiso con M\u00e9xico las y los legisladores federales del PRI al iniciar su IV reuni\u00f3n plenaria\" title=\"Ratifican su compromiso con M\u00e9xico las y los legisladores federales del PRI al iniciar su IV reuni\u00f3n plenaria\" \/>\r\n                                            <div class=\"image-overlay\"><\/div>\r\n                                <\/a>\r\n                                                            <\/div><!-- .post-thumb -->\r\n                            <div class=\"post-content-wrapper clearfix\">\r\n                                                                <div class=\"post-meta clearfix\">\r\n                                   <span class=\"posted-on\"><i class=\"fa fa-clock-o\"><\/i>30 enero, 2026<\/span><span class=\"comments\"><i class=\"fa fa-comments\"><\/i>0<\/span><span class=\"post-view\"><i class=\"fa fa-eye\"><\/i>199<\/span>                                <\/div><!-- .post-meta --> \r\n                                                               \r\n                                <h3 class=\"large-font\">\r\n                                    <a href=\"http:\/\/elobservatorio.com.mx\/?p=33428\">\r\n                                        Ratifican su compromiso con M\u00e9xico las y los legisladores federales del PRI al iniciar su IV reuni\u00f3n plenaria                                    <\/a>\r\n                                <\/h3>\r\n                                \r\n                                \r\n                            <\/div><!-- .post-content-wrapper -->\r\n                        <\/div><!-- .single-post  -->\r\n                                                <div class=\"single-post  clearfix wow fadeInUp\" data-wow-duration=\"0.7s\">\r\n                            <div class=\"post-thumb\">\r\n                                <a class=\"thumb-zoom\" href=\"http:\/\/elobservatorio.com.mx\/?p=33388\" title=\"Nombran a No\u00e9 Pinto nuevo Delegado del Movimiento Territorial en Tecom\u00e1n\">\r\n                                            <img class=\"lazy\" data-src=\"http:\/\/elobservatorio.com.mx\/wp-content\/uploads\/2026\/01\/noe-pinto.jpg\" alt=\"Nombran a No\u00e9 Pinto nuevo Delegado del Movimiento Territorial en Tecom\u00e1n\" title=\"Nombran a No\u00e9 Pinto nuevo Delegado del Movimiento Territorial en Tecom\u00e1n\" \/>\r\n                                            <div class=\"image-overlay\"><\/div>\r\n                                <\/a>\r\n                                                            <\/div><!-- .post-thumb -->\r\n                            <div class=\"post-content-wrapper clearfix\">\r\n                                                                <div class=\"post-meta clearfix\">\r\n                                   <span class=\"posted-on\"><i class=\"fa fa-clock-o\"><\/i>28 enero, 2026<\/span><span class=\"comments\"><i class=\"fa fa-comments\"><\/i>0<\/span><span class=\"post-view\"><i class=\"fa fa-eye\"><\/i>850<\/span>                                <\/div><!-- .post-meta --> \r\n                                                               \r\n                                <h3 class=\"large-font\">\r\n                                    <a href=\"http:\/\/elobservatorio.com.mx\/?p=33388\">\r\n                                        Nombran a No\u00e9 Pinto nuevo Delegado del Movimiento Territorial en Tecom\u00e1n                                    <\/a>\r\n                                <\/h3>\r\n                                \r\n                                \r\n                            <\/div><!-- .post-content-wrapper -->\r\n                        <\/div><!-- .single-post  -->\r\n                                    <\/div>\r\n                  <span class=\"view-all\"><a href=\"http:\/\/elobservatorio.com.mx\/?cat=10\">VER TODOS<\/a><\/span>\r\n                \r\n            \r\n        <\/div><!-- .block-post-wrapper -->\r\n    <\/div>\r\n    <\/div><\/div><\/div><\/div>","protected":false},"excerpt":{"rendered":"","protected":false},"author":1,"featured_media":0,"parent":0,"menu_order":0,"comment_status":"closed","ping_status":"closed","template":"tpl-blank.php","meta":{"footnotes":""},"class_list":["post-134","page","type-page","status-publish","hentry"],"rankMath":{"parentDomain":"elobservatorio.com.mx","noFollowDomains":[],"noFollowExcludeDomains":[],"noFollowExternalLinks":false,"featuredImageNotice":"The featured image should be at least 200 by 200 pixels to be picked up by Facebook and other social media sites.","pluginReviewed":false,"postSettings":{"linkSuggestions":true,"useFocusKeyword":false},"frontEndScore":false,"postName":"nombran-a-noe-pinto-nuevo-delegado-del-movimiento-territorial-en-tecoman","permalinkFormat":"http:\/\/elobservatorio.com.mx\/?p=33388","showLockModifiedDate":true,"assessor":{"focusKeywordLink":"http:\/\/elobservatorio.com.mx\/wp-admin\/edit.php?focus_keyword=%focus_keyword%&post_type=%post_type%","hasTOCPlugin":false,"primaryTaxonomy":{"title":"Categor\u00eda","name":"category","singularLabel":"Categor\u00eda","restBase":"categories"},"serpData":{"title":"","description":"","focusKeywords":"","pillarContent":false,"canonicalUrl":"","breadcrumbTitle":"","advancedRobots":[],"facebookTitle":"","facebookDescription":"","facebookImage":"","facebookImageID":"","facebookHasOverlay":false,"facebookImageOverlay":"","facebookAuthor":"","twitterCardType":"","twitterUseFacebook":true,"twitterTitle":"","twitterDescription":"","twitterImage":"","twitterImageID":"","twitterHasOverlay":false,"twitterImageOverlay":"","twitterPlayerUrl":"","twitterPlayerSize":"","twitterPlayerStream":"","twitterPlayerStreamCtype":"","twitterAppDescription":"","twitterAppIphoneName":"","twitterAppIphoneID":"","twitterAppIphoneUrl":"","twitterAppIpadName":"","twitterAppIpadID":"","twitterAppIpadUrl":"","twitterAppGoogleplayName":"","twitterAppGoogleplayID":"","twitterAppGoogleplayUrl":"","twitterAppCountry":"","robots":{"index":true},"twitterAuthor":"username","primaryTerm":10,"authorName":"Belisario","titleTemplate":"%title% %sep% %sitename%","descriptionTemplate":"%excerpt%","showScoreFrontend":true,"lockModifiedDate":false},"powerWords":["incre\u00edble","asombroso","maravilloso","\u00fanico","hermoso","felicidad","brillante","cautivador","carism\u00e1tico","impactante","claro","completamente","confidencial","confianza","significativo","creativo","definitivamente","delicioso","demostrar","apres\u00farate","decidido","digno","din\u00e1mico","impresionante","esencial","inspirador","innovador","intenso","eficaz","m\u00e1gico","magn\u00edfico","hist\u00f3rico","importante","incre\u00edble","indispensable","inolvidable","irresistible","legendario","luminoso","lujo","m\u00e1gico","magn\u00edfico","majestuoso","memorable","maravilloso","milagroso","motivador","necesario","nuevo","oficial","perfecto","apasionado","persuasivo","fenomenal","placer","popular","poder","prestigioso","prodigioso","profundo","pr\u00f3spero","poderoso","calidad","radiante","r\u00e1pido","exitoso","revolucionario","satisfecho","seguridad","sensacional","sereno","suntuoso","espl\u00e9ndido","sublime","sorprendente","talentoso","terror\u00edfico","\u00fanico","valor","vibrante","victorioso","vivo","verdaderamente","celoso","aut\u00e9ntico","aventurero","espectacular","exclusivo","garantizado","extraordinario","fabuloso","fascinante","formidable","genial","grandioso","gratuito","h\u00e1bil","ilimitado","impecable","infalible","infinitamente","influyente","ingenioso","inolvidable","irremplazable","l\u00edder","maestro","notable","novedoso","pionero","poderoso","reconocido","revolucionario","sorprendente","superior","triunfante","ultra","valiente","valioso","vanguardista","vigoroso","visionario","voluntad","vital","triunfo","glorioso","imparable","inigualable","inteligente","invencible","libertad","orgullo","paz","progreso","renovado","sabidur\u00eda","satisfacci\u00f3n","seguro","serenidad","superaci\u00f3n","talento","transcendente","transformador","valent\u00eda","victoria"],"diacritics":{"A":"[\\u0041\\u24B6\\uFF21\\u00C0\\u00C1\\u00C2\\u1EA6\\u1EA4\\u1EAA\\u1EA8\\u00C3\\u0100\\u0102\\u1EB0\\u1EAE\\u1EB4\\u1EB2\\u0226\\u01E0\\u00C4\\u01DE\\u1EA2\\u00C5\\u01FA\\u01CD\\u0200\\u0202\\u1EA0\\u1EAC\\u1EB6\\u1E00\\u0104\\u023A\\u2C6F]","AA":"[\\uA732]","AE":"[\\u00C6\\u01FC\\u01E2]","AO":"[\\uA734]","AU":"[\\uA736]","AV":"[\\uA738\\uA73A]","AY":"[\\uA73C]","B":"[\\u0042\\u24B7\\uFF22\\u1E02\\u1E04\\u1E06\\u0243\\u0182\\u0181]","C":"[\\u0043\\u24B8\\uFF23\\u0106\\u0108\\u010A\\u010C\\u00C7\\u1E08\\u0187\\u023B\\uA73E]","D":"[\\u0044\\u24B9\\uFF24\\u1E0A\\u010E\\u1E0C\\u1E10\\u1E12\\u1E0E\\u0110\\u018B\\u018A\\u0189\\uA779]","DZ":"[\\u01F1\\u01C4]","Dz":"[\\u01F2\\u01C5]","E":"[\\u0045\\u24BA\\uFF25\\u00C8\\u00C9\\u00CA\\u1EC0\\u1EBE\\u1EC4\\u1EC2\\u1EBC\\u0112\\u1E14\\u1E16\\u0114\\u0116\\u00CB\\u1EBA\\u011A\\u0204\\u0206\\u1EB8\\u1EC6\\u0228\\u1E1C\\u0118\\u1E18\\u1E1A\\u0190\\u018E]","F":"[\\u0046\\u24BB\\uFF26\\u1E1E\\u0191\\uA77B]","G":"[\\u0047\\u24BC\\uFF27\\u01F4\\u011C\\u1E20\\u011E\\u0120\\u01E6\\u0122\\u01E4\\u0193\\uA7A0\\uA77D\\uA77E]","H":"[\\u0048\\u24BD\\uFF28\\u0124\\u1E22\\u1E26\\u021E\\u1E24\\u1E28\\u1E2A\\u0126\\u2C67\\u2C75\\uA78D]","I":"[\\u0049\\u24BE\\uFF29\\u00CC\\u00CD\\u00CE\\u0128\\u012A\\u012C\\u0130\\u00CF\\u1E2E\\u1EC8\\u01CF\\u0208\\u020A\\u1ECA\\u012E\\u1E2C\\u0197]","J":"[\\u004A\\u24BF\\uFF2A\\u0134\\u0248]","K":"[\\u004B\\u24C0\\uFF2B\\u1E30\\u01E8\\u1E32\\u0136\\u1E34\\u0198\\u2C69\\uA740\\uA742\\uA744\\uA7A2]","L":"[\\u004C\\u24C1\\uFF2C\\u013F\\u0139\\u013D\\u1E36\\u1E38\\u013B\\u1E3C\\u1E3A\\u0141\\u023D\\u2C62\\u2C60\\uA748\\uA746\\uA780]","LJ":"[\\u01C7]","Lj":"[\\u01C8]","M":"[\\u004D\\u24C2\\uFF2D\\u1E3E\\u1E40\\u1E42\\u2C6E\\u019C]","N":"[\\u004E\\u24C3\\uFF2E\\u01F8\\u0143\\u00D1\\u1E44\\u0147\\u1E46\\u0145\\u1E4A\\u1E48\\u0220\\u019D\\uA790\\uA7A4]","NJ":"[\\u01CA]","Nj":"[\\u01CB]","O":"[\\u004F\\u24C4\\uFF2F\\u00D2\\u00D3\\u00D4\\u1ED2\\u1ED0\\u1ED6\\u1ED4\\u00D5\\u1E4C\\u022C\\u1E4E\\u014C\\u1E50\\u1E52\\u014E\\u022E\\u0230\\u00D6\\u022A\\u1ECE\\u0150\\u01D1\\u020C\\u020E\\u01A0\\u1EDC\\u1EDA\\u1EE0\\u1EDE\\u1EE2\\u1ECC\\u1ED8\\u01EA\\u01EC\\u00D8\\u01FE\\u0186\\u019F\\uA74A\\uA74C]","OI":"[\\u01A2]","OO":"[\\uA74E]","OU":"[\\u0222]","P":"[\\u0050\\u24C5\\uFF30\\u1E54\\u1E56\\u01A4\\u2C63\\uA750\\uA752\\uA754]","Q":"[\\u0051\\u24C6\\uFF31\\uA756\\uA758\\u024A]","R":"[\\u0052\\u24C7\\uFF32\\u0154\\u1E58\\u0158\\u0210\\u0212\\u1E5A\\u1E5C\\u0156\\u1E5E\\u024C\\u2C64\\uA75A\\uA7A6\\uA782]","S":"[\\u0053\\u24C8\\uFF33\\u1E9E\\u015A\\u1E64\\u015C\\u1E60\\u0160\\u1E66\\u1E62\\u1E68\\u0218\\u015E\\u2C7E\\uA7A8\\uA784]","T":"[\\u0054\\u24C9\\uFF34\\u1E6A\\u0164\\u1E6C\\u021A\\u0162\\u1E70\\u1E6E\\u0166\\u01AC\\u01AE\\u023E\\uA786]","TZ":"[\\uA728]","U":"[\\u0055\\u24CA\\uFF35\\u00D9\\u00DA\\u00DB\\u0168\\u1E78\\u016A\\u1E7A\\u016C\\u00DC\\u01DB\\u01D7\\u01D5\\u01D9\\u1EE6\\u016E\\u0170\\u01D3\\u0214\\u0216\\u01AF\\u1EEA\\u1EE8\\u1EEE\\u1EEC\\u1EF0\\u1EE4\\u1E72\\u0172\\u1E76\\u1E74\\u0244]","V":"[\\u0056\\u24CB\\uFF36\\u1E7C\\u1E7E\\u01B2\\uA75E\\u0245]","VY":"[\\uA760]","W":"[\\u0057\\u24CC\\uFF37\\u1E80\\u1E82\\u0174\\u1E86\\u1E84\\u1E88\\u2C72]","X":"[\\u0058\\u24CD\\uFF38\\u1E8A\\u1E8C]","Y":"[\\u0059\\u24CE\\uFF39\\u1EF2\\u00DD\\u0176\\u1EF8\\u0232\\u1E8E\\u0178\\u1EF6\\u1EF4\\u01B3\\u024E\\u1EFE]","Z":"[\\u005A\\u24CF\\uFF3A\\u0179\\u1E90\\u017B\\u017D\\u1E92\\u1E94\\u01B5\\u0224\\u2C7F\\u2C6B\\uA762]","a":"[\\u0061\\u24D0\\uFF41\\u1E9A\\u00E0\\u00E1\\u00E2\\u1EA7\\u1EA5\\u1EAB\\u1EA9\\u00E3\\u0101\\u0103\\u1EB1\\u1EAF\\u1EB5\\u1EB3\\u0227\\u01E1\\u00E4\\u01DF\\u1EA3\\u00E5\\u01FB\\u01CE\\u0201\\u0203\\u1EA1\\u1EAD\\u1EB7\\u1E01\\u0105\\u2C65\\u0250]","aa":"[\\uA733]","ae":"[\\u00E6\\u01FD\\u01E3]","ao":"[\\uA735]","au":"[\\uA737]","av":"[\\uA739\\uA73B]","ay":"[\\uA73D]","b":"[\\u0062\\u24D1\\uFF42\\u1E03\\u1E05\\u1E07\\u0180\\u0183\\u0253]","c":"[\\u0063\\u24D2\\uFF43\\u0107\\u0109\\u010B\\u010D\\u00E7\\u1E09\\u0188\\u023C\\uA73F\\u2184]","d":"[\\u0064\\u24D3\\uFF44\\u1E0B\\u010F\\u1E0D\\u1E11\\u1E13\\u1E0F\\u0111\\u018C\\u0256\\u0257\\uA77A]","dz":"[\\u01F3\\u01C6]","e":"[\\u0065\\u24D4\\uFF45\\u00E8\\u00E9\\u00EA\\u1EC1\\u1EBF\\u1EC5\\u1EC3\\u1EBD\\u0113\\u1E15\\u1E17\\u0115\\u0117\\u00EB\\u1EBB\\u011B\\u0205\\u0207\\u1EB9\\u1EC7\\u0229\\u1E1D\\u0119\\u1E19\\u1E1B\\u0247\\u025B\\u01DD]","f":"[\\u0066\\u24D5\\uFF46\\u1E1F\\u0192\\uA77C]","g":"[\\u0067\\u24D6\\uFF47\\u01F5\\u011D\\u1E21\\u011F\\u0121\\u01E7\\u0123\\u01E5\\u0260\\uA7A1\\u1D79\\uA77F]","h":"[\\u0068\\u24D7\\uFF48\\u0125\\u1E23\\u1E27\\u021F\\u1E25\\u1E29\\u1E2B\\u1E96\\u0127\\u2C68\\u2C76\\u0265]","hv":"[\\u0195]","i":"[\\u0069\\u24D8\\uFF49\\u00EC\\u00ED\\u00EE\\u0129\\u012B\\u012D\\u00EF\\u1E2F\\u1EC9\\u01D0\\u0209\\u020B\\u1ECB\\u012F\\u1E2D\\u0268\\u0131]","j":"[\\u006A\\u24D9\\uFF4A\\u0135\\u01F0\\u0249]","k":"[\\u006B\\u24DA\\uFF4B\\u1E31\\u01E9\\u1E33\\u0137\\u1E35\\u0199\\u2C6A\\uA741\\uA743\\uA745\\uA7A3]","l":"[\\u006C\\u24DB\\uFF4C\\u0140\\u013A\\u013E\\u1E37\\u1E39\\u013C\\u1E3D\\u1E3B\\u017F\\u0142\\u019A\\u026B\\u2C61\\uA749\\uA781\\uA747]","lj":"[\\u01C9]","m":"[\\u006D\\u24DC\\uFF4D\\u1E3F\\u1E41\\u1E43\\u0271\\u026F]","n":"[\\u006E\\u24DD\\uFF4E\\u01F9\\u0144\\u00F1\\u1E45\\u0148\\u1E47\\u0146\\u1E4B\\u1E49\\u019E\\u0272\\u0149\\uA791\\uA7A5]","nj":"[\\u01CC]","o":"[\\u006F\\u24DE\\uFF4F\\u00F2\\u00F3\\u00F4\\u1ED3\\u1ED1\\u1ED7\\u1ED5\\u00F5\\u1E4D\\u022D\\u1E4F\\u014D\\u1E51\\u1E53\\u014F\\u022F\\u0231\\u00F6\\u022B\\u1ECF\\u0151\\u01D2\\u020D\\u020F\\u01A1\\u1EDD\\u1EDB\\u1EE1\\u1EDF\\u1EE3\\u1ECD\\u1ED9\\u01EB\\u01ED\\u00F8\\u01FF\\u0254\\uA74B\\uA74D\\u0275]","oi":"[\\u01A3]","ou":"[\\u0223]","oo":"[\\uA74F]","p":"[\\u0070\\u24DF\\uFF50\\u1E55\\u1E57\\u01A5\\u1D7D\\uA751\\uA753\\uA755]","q":"[\\u0071\\u24E0\\uFF51\\u024B\\uA757\\uA759]","r":"[\\u0072\\u24E1\\uFF52\\u0155\\u1E59\\u0159\\u0211\\u0213\\u1E5B\\u1E5D\\u0157\\u1E5F\\u024D\\u027D\\uA75B\\uA7A7\\uA783]","s":"[\\u0073\\u24E2\\uFF53\\u015B\\u1E65\\u015D\\u1E61\\u0161\\u1E67\\u1E63\\u1E69\\u0219\\u015F\\u023F\\uA7A9\\uA785\\u1E9B]","ss":"[\\u00DF]","t":"[\\u0074\\u24E3\\uFF54\\u1E6B\\u1E97\\u0165\\u1E6D\\u021B\\u0163\\u1E71\\u1E6F\\u0167\\u01AD\\u0288\\u2C66\\uA787]","tz":"[\\uA729]","u":"[\\u0075\\u24E4\\uFF55\\u00F9\\u00FA\\u00FB\\u0169\\u1E79\\u016B\\u1E7B\\u016D\\u00FC\\u01DC\\u01D8\\u01D6\\u01DA\\u1EE7\\u016F\\u0171\\u01D4\\u0215\\u0217\\u01B0\\u1EEB\\u1EE9\\u1EEF\\u1EED\\u1EF1\\u1EE5\\u1E73\\u0173\\u1E77\\u1E75\\u0289]","v":"[\\u0076\\u24E5\\uFF56\\u1E7D\\u1E7F\\u028B\\uA75F\\u028C]","vy":"[\\uA761]","w":"[\\u0077\\u24E6\\uFF57\\u1E81\\u1E83\\u0175\\u1E87\\u1E85\\u1E98\\u1E89\\u2C73]","x":"[\\u0078\\u24E7\\uFF58\\u1E8B\\u1E8D]","y":"[\\u0079\\u24E8\\uFF59\\u1EF3\\u00FD\\u0177\\u1EF9\\u0233\\u1E8F\\u00FF\\u1EF7\\u1E99\\u1EF5\\u01B4\\u024F\\u1EFF]","z":"[\\u007A\\u24E9\\uFF5A\\u017A\\u1E91\\u017C\\u017E\\u1E93\\u1E95\\u01B6\\u0225\\u0240\\u2C6C\\uA763]"},"researchesTests":["contentHasTOC","contentHasShortParagraphs","contentHasAssets","keywordInTitle","keywordInMetaDescription","keywordInPermalink","keywordIn10Percent","keywordInContent","keywordInSubheadings","keywordInImageAlt","keywordDensity","keywordNotUsed","lengthContent","lengthPermalink","linksHasInternal","linksHasExternals","linksNotAllExternals","titleStartWithKeyword","titleSentiment","titleHasPowerWords","titleHasNumber","hasContentAI"],"hasRedirection":false,"hasBreadcrumb":false},"homeUrl":"http:\/\/elobservatorio.com.mx","objectID":33388,"objectType":"post","locale":"es","localeFull":"es_ES","overlayImages":{"play":{"name":"Play icon","url":"http:\/\/elobservatorio.com.mx\/wp-content\/plugins\/seo-by-rank-math\/assets\/admin\/img\/icon-play.png","path":"\/var\/www\/html\/noticiastecoman\/wp-content\/plugins\/seo-by-rank-math\/assets\/admin\/img\/icon-play.png","position":"middle_center"},"gif":{"name":"GIF icon","url":"http:\/\/elobservatorio.com.mx\/wp-content\/plugins\/seo-by-rank-math\/assets\/admin\/img\/icon-gif.png","path":"\/var\/www\/html\/noticiastecoman\/wp-content\/plugins\/seo-by-rank-math\/assets\/admin\/img\/icon-gif.png","position":"middle_center"}},"defautOgImage":"http:\/\/elobservatorio.com.mx\/wp-content\/plugins\/seo-by-rank-math\/assets\/admin\/img\/social-placeholder.jpg","customPermalinks":false,"isUserRegistered":false,"autoSuggestKeywords":false,"connectSiteUrl":"https:\/\/rankmath.com\/auth?site=http%3A%2F%2Felobservatorio.com.mx&r=http%3A%2F%2Felobservatorio.com.mx%2Findex.php%3Frest_route%3D%252Fwp%252Fv2%252Fpages%252F134%26nonce%3Dd6d4bbe867","maxTags":5,"trendsIcon":"<svg viewBox=\"0 0 610 610\"><path d=\"M18.85,446,174.32,290.48l58.08,58.08L76.93,504a14.54,14.54,0,0,1-20.55,0L18.83,466.48a14.54,14.54,0,0,1,0-20.55Z\" style=\"fill:#4285f4\"\/><path d=\"M242.65,242.66,377.59,377.6l-47.75,47.75a14.54,14.54,0,0,1-20.55,0L174.37,290.43l47.75-47.75A14.52,14.52,0,0,1,242.65,242.66Z\" style=\"fill:#ea4335\"\/><polygon points=\"319.53 319.53 479.26 159.8 537.34 217.88 377.61 377.62 319.53 319.53\" style=\"fill:#fabb05\"\/><path d=\"M594.26,262.73V118.61h0a16.94,16.94,0,0,0-16.94-16.94H433.2a16.94,16.94,0,0,0-12,28.92L565.34,274.71h0a16.94,16.94,0,0,0,28.92-12Z\" style=\"fill:#34a853\"\/><rect width=\"610\" height=\"610\" style=\"fill:none\"\/><\/svg>","showScore":true,"siteFavIcon":"data:image\/png;base64,iVBORw0KGgoAAAANSUhEUgAAABAAAAAQCAYAAAAf8\/9hAAABs0lEQVR4AWL4\/\/8\/RRjO8Iucx+noO0MWUDo16FYABMGP6ZfUcRnWtm27jVPbtm3bttuH2t3eFPcY9pLz7NxiLjCyVd87pKnHyqXyxtCs8APd0rnyxiu4qSeA3QEDrAwBDrT1s1Rc\/OrjLZwqVmOSu6+Lamcpp2KKMA9PH1BYXMe1mUP5qotvXTywsOEEYHXxrY+3cqk6TMkYpNr2FeoY3KIr0RPtn9wQ2unlA+GMkRw6+9TFw4YTwDUzx\/JVvARj9KaedXRO8P5B1Du2S32smzqUrcKGEyA+uAgQjKX7zf0boWHGfn71jIKj2689gxp7OAGShNcBUmLMPVjZuiKcA2vuWHHDCQxMCz629kXAIU4ApY15QwggAFbfOP9DhgBJ+nWVJ1AZAfICAj1pAlY6hCADZnveQf7bQIwzVONGJonhLIlS9gr5mFg44Xd+4S3XHoGNPdJl1INIwKyEgHckEhgTe1bGiFY9GSFBYUwLh1IkiJUbY407E7syBSFxKTszEoiE\/YdrgCEayDmtaJwCI9uu8TKMuZSVfSa4BpGgzvomBR\/INhLGzrqDotp01ZR8pn\/1L0JN9d9XNyx0AAAAAElFTkSuQmCC","canUser":{"general":false,"advanced":false,"snippet":false,"social":false,"analysis":false,"analytics":false,"content_ai":false},"showKeywordIntent":true,"isPro":false,"is_front_page":false,"trendsUpgradeLink":"https:\/\/rankmath.com\/pricing\/?utm_source=Plugin&utm_medium=CE%20General%20Tab%20Trends&utm_campaign=WP","trendsUpgradeLabel":"Upgrade","trendsPreviewImage":"http:\/\/elobservatorio.com.mx\/wp-content\/plugins\/seo-by-rank-math\/assets\/admin\/img\/trends-preview.jpg","currentEditor":false,"homepageData":{"assessor":{"powerWords":["incre\u00edble","asombroso","maravilloso","\u00fanico","hermoso","felicidad","brillante","cautivador","carism\u00e1tico","impactante","claro","completamente","confidencial","confianza","significativo","creativo","definitivamente","delicioso","demostrar","apres\u00farate","decidido","digno","din\u00e1mico","impresionante","esencial","inspirador","innovador","intenso","eficaz","m\u00e1gico","magn\u00edfico","hist\u00f3rico","importante","incre\u00edble","indispensable","inolvidable","irresistible","legendario","luminoso","lujo","m\u00e1gico","magn\u00edfico","majestuoso","memorable","maravilloso","milagroso","motivador","necesario","nuevo","oficial","perfecto","apasionado","persuasivo","fenomenal","placer","popular","poder","prestigioso","prodigioso","profundo","pr\u00f3spero","poderoso","calidad","radiante","r\u00e1pido","exitoso","revolucionario","satisfecho","seguridad","sensacional","sereno","suntuoso","espl\u00e9ndido","sublime","sorprendente","talentoso","terror\u00edfico","\u00fanico","valor","vibrante","victorioso","vivo","verdaderamente","celoso","aut\u00e9ntico","aventurero","espectacular","exclusivo","garantizado","extraordinario","fabuloso","fascinante","formidable","genial","grandioso","gratuito","h\u00e1bil","ilimitado","impecable","infalible","infinitamente","influyente","ingenioso","inolvidable","irremplazable","l\u00edder","maestro","notable","novedoso","pionero","poderoso","reconocido","revolucionario","sorprendente","superior","triunfante","ultra","valiente","valioso","vanguardista","vigoroso","visionario","voluntad","vital","triunfo","glorioso","imparable","inigualable","inteligente","invencible","libertad","orgullo","paz","progreso","renovado","sabidur\u00eda","satisfacci\u00f3n","seguro","serenidad","superaci\u00f3n","talento","transcendente","transformador","valent\u00eda","victoria"],"diacritics":true,"researchesTests":["contentHasTOC","contentHasShortParagraphs","contentHasAssets","keywordInTitle","keywordInMetaDescription","keywordInPermalink","keywordIn10Percent","keywordInContent","keywordInSubheadings","keywordInImageAlt","keywordDensity","keywordNotUsed","lengthContent","lengthPermalink","linksHasInternal","linksHasExternals","linksNotAllExternals","titleStartWithKeyword","titleSentiment","titleHasPowerWords","titleHasNumber","hasContentAI"],"hasBreadcrumb":false,"serpData":{"title":"%sitename% %page% %sep% %sitedesc%","description":"","titleTemplate":"%sitename% %page% %sep% %sitedesc%","descriptionTemplate":"","focusKeywords":"","breadcrumbTitle":"Home","robots":{"index":true},"advancedRobots":[],"facebookTitle":"","facebookDescription":"","facebookImage":"","facebookImageID":""}}},"tocTitle":"Table of Contents","tocExcludeHeadings":[],"listStyle":"ul"},"_links":{"self":[{"href":"http:\/\/elobservatorio.com.mx\/index.php?rest_route=\/wp\/v2\/pages\/134"}],"collection":[{"href":"http:\/\/elobservatorio.com.mx\/index.php?rest_route=\/wp\/v2\/pages"}],"about":[{"href":"http:\/\/elobservatorio.com.mx\/index.php?rest_route=\/wp\/v2\/types\/page"}],"author":[{"embeddable":true,"href":"http:\/\/elobservatorio.com.mx\/index.php?rest_route=\/wp\/v2\/users\/1"}],"replies":[{"embeddable":true,"href":"http:\/\/elobservatorio.com.mx\/index.php?rest_route=%2Fwp%2Fv2%2Fcomments&post=134"}],"version-history":[{"count":35,"href":"http:\/\/elobservatorio.com.mx\/index.php?rest_route=\/wp\/v2\/pages\/134\/revisions"}],"predecessor-version":[{"id":33603,"href":"http:\/\/elobservatorio.com.mx\/index.php?rest_route=\/wp\/v2\/pages\/134\/revisions\/33603"}],"wp:attachment":[{"href":"http:\/\/elobservatorio.com.mx\/index.php?rest_route=%2Fwp%2Fv2%2Fmedia&parent=134"}],"curies":[{"name":"wp","href":"https:\/\/api.w.org\/{rel}","templated":true}]}}